{"id":17264,"date":"2021-07-16T17:49:34","date_gmt":"2021-07-16T15:49:34","guid":{"rendered":"https:\/\/cfbenaim.com\/the-company\/background\/"},"modified":"2021-09-30T16:24:22","modified_gmt":"2021-09-30T14:24:22","slug":"background","status":"publish","type":"page","link":"https:\/\/cfbenaim.com\/en\/the-company\/background\/","title":{"rendered":"Background"},"content":{"rendered":"<div class=\"wpb-content-wrapper\"><p>[vc_row columns_gap=&#8221;30&#8243;][vc_column width=&#8221;2\/3&#8243; tablet_sm_width=&#8221;1&#8243;]<div class=\"grve-element grve-image grve-align-center\" style=\"margin-bottom: 40px;\">\r\n\t<div class=\"grve-image-item\">\r\n\t\t\r\n\r\n<div class=\"grve-image-wrapper grve-no-effect\">\r\n\t\t<div class=\"grve-thumbnail-wrapper\"  style=\"width: 1280px;\"><div class=\"grve-thumbnail\"  style=\"padding-top: 83.281%;\"><img loading=\"lazy\" decoding=\"async\" width=\"1280\" height=\"1066\" src=\"https:\/\/cfbenaim.com\/wp-content\/uploads\/2021\/09\/page-parcours-BNCI-christian-francois-ben-aim-Patrick-Berger.jpg\" class=\"attachment-full size-full\" alt=\"page-parcours-BNCI-christian-francois-ben-aim-Patrick-Berger.jpg\" data-column-space=\"auto\" data-lazyload=\"\" data-grve-filter=\"yes\" srcset=\"https:\/\/cfbenaim.com\/wp-content\/uploads\/2021\/09\/page-parcours-BNCI-christian-francois-ben-aim-Patrick-Berger.jpg 1280w, https:\/\/cfbenaim.com\/wp-content\/uploads\/2021\/09\/page-parcours-BNCI-christian-francois-ben-aim-Patrick-Berger-300x250.jpg 300w, https:\/\/cfbenaim.com\/wp-content\/uploads\/2021\/09\/page-parcours-BNCI-christian-francois-ben-aim-Patrick-Berger-1024x853.jpg 1024w, https:\/\/cfbenaim.com\/wp-content\/uploads\/2021\/09\/page-parcours-BNCI-christian-francois-ben-aim-Patrick-Berger-768x640.jpg 768w\" sizes=\"auto, (max-width: 1280px) 100vw, 1280px\" \/><\/div><\/div>\t<\/div>\r\n\t<\/div>\r\n<\/div>\r\n<h5 class=\"grve-element grve-title grve-align-inherit grve-h5\" style=\"margin-bottom: 32px;\"><span>The company : brotherly tandem<\/span><\/h5>[vc_column_text css=&#8221;.vc_custom_1633011806560{padding-bottom: 32px !important;}&#8221;]For more than twenty years, the Ben A\u00efm brothers, Christian and Fran\u00e7ois, have developed a rich body of work abounding in poetry and high standards, interlaced with a brotherly bond and singularity.<\/p>\n<p>In the wake of their cross-disciplinary training in dance, physical theatre and circus arts, each one followed their own career as performers. In 1997, the brothers joined forces to create <em>\u00c0 l\u2019abri du regard des hommes, avant d\u2019aller mourir ailleurs<\/em>, a hybrid performance in dance and theatre, thus embarking on a partnership that would lead to some twenty original pieces, deeply rooted in their grassroots work while also being produced abroad.<\/p>\n<p>These productions draw their inspiration from various sources such as literature, music and pictorial arts, intimately blending artistic disciplines on the set.[\/vc_column_text]<div class=\"grve-element grve-image grve-align-center\" style=\"margin-bottom: 40px;\">\r\n\t<div class=\"grve-image-item\">\r\n\t\t\r\n\r\n<div class=\"grve-image-wrapper grve-no-effect\">\r\n\t\t<div class=\"grve-thumbnail-wrapper\"  style=\"width: 1280px;\"><div class=\"grve-thumbnail\"  style=\"padding-top: 71.406%;\"><img loading=\"lazy\" decoding=\"async\" width=\"1280\" height=\"914\" src=\"https:\/\/cfbenaim.com\/wp-content\/uploads\/2021\/08\/FACETIES_Christian-Francois-BEN-AIM_c-Patrick-BERGER-20.jpg\" class=\"attachment-full size-full\" alt=\"FAC\u00c9TIES_Christian &amp; Fran\u00e7ois BEN A\u00cfM\" data-column-space=\"auto\" data-lazyload=\"\" data-grve-filter=\"yes\" srcset=\"https:\/\/cfbenaim.com\/wp-content\/uploads\/2021\/08\/FACETIES_Christian-Francois-BEN-AIM_c-Patrick-BERGER-20.jpg 1280w, https:\/\/cfbenaim.com\/wp-content\/uploads\/2021\/08\/FACETIES_Christian-Francois-BEN-AIM_c-Patrick-BERGER-20-300x214.jpg 300w, https:\/\/cfbenaim.com\/wp-content\/uploads\/2021\/08\/FACETIES_Christian-Francois-BEN-AIM_c-Patrick-BERGER-20-1024x731.jpg 1024w, https:\/\/cfbenaim.com\/wp-content\/uploads\/2021\/08\/FACETIES_Christian-Francois-BEN-AIM_c-Patrick-BERGER-20-768x548.jpg 768w\" sizes=\"auto, (max-width: 1280px) 100vw, 1280px\" \/><\/div><\/div>\t<\/div>\r\n\t<\/div>\r\n<\/div>\r\n<h5 class=\"grve-element grve-title grve-align-inherit grve-h5\" style=\"margin-bottom: 32px;\"><span>Some pieces in a career path<\/span><\/h5>[vc_column_text css=&#8221;.vc_custom_1633011865303{padding-bottom: 32px !important;}&#8221;]Following in the same vein as <em>\u00c0 l\u2019abri du regard des hommes, avant d\u2019aller mourir ailleurs<\/em> came <em>La Frontera<\/em> and <em>Ne vous fiez pas au titre, il peut encore changer<\/em>, with a style of dance that is not without a sense of humour and containing elements full of surprise. Other signature pieces include the diptych inspired by the work of Bernard-Marie Kolt\u00e8s, <em>Carcasses, un \u0153il pour deux<\/em> and <em>En plein c\u0153ur<\/em> whose dancing bodies sublimate the text through the original scenography coupled with a bespoke musical creation.<\/p>\n<p><em>The Ogress of the Archives and her dog<\/em> (2011) plays fully on the intersection of different disciplines by blending dance, film, circus arts and live music.<em> Waltz in three-quarter time<\/em>, for its part, rendered as a solo, duo and trio piece, flirts with minimalism while rubbing shoulders with the three very distinct musical worlds of jazz, classic and off-the-wall rock.<\/p>\n<p>Christian and Fran\u00e7ois have also focused on the younger audience through the prism of nature, by creating <em>The Dense Forest <\/em><em>\u00a0<\/em>(2013), which gracefully and gently paints the world of childhood, and <em>Mirages <\/em>\u2014<em> Boreal Souls<\/em> (2018), an immersive fable of anticipation set in the icy expanses of the Far North. In these pieces, video, a source of shadow and light, creates movement and illusion through transparency, images thus finding themselves transfigured as though a poetic extension of the choreography itself.<\/p>\n<p>The new pieces confirm the essential role live music plays in their work, bringing together dancers and musicians on stage to perform original compositions. Live music is especially showcased in <em>The Lightness of Storms<\/em> (2014), an invitation to observe this boundless energy that is desire, with three cellists and a singer. <em>Inhabited, Uninhabited <\/em>(2016) displays an almost bestial dance with a backdrop of spectacular scenography, in a throbbing craze infused by a guitar\/bass-drum duo. Lastly, <em>Burn, Rebellious Hearts<\/em> (2017), which vigorously questions brotherhood and insubordination in a society ridden with determined violence, is borne by the musical score of Ibrahim Maalouf, forcefully underpinning the narrative.<\/p>\n<p>With the performances <em>Snapshots<\/em>, a series of female solos (2018-) that display a dialogue between the intimate, the relationship with the self, and taunted external forces, and <em>Arise<\/em> (2019), devised in collaboration with the singer-songwriter-composer Piers Faccini in the Sainte-Chapelle of Paris, music forms a bond between dance, prestigious heritage sites or unconventional venues and in-situ itineraries. These pieces reveal a suspended and bewitching dimension of the brothers\u2019 work.<\/p>\n<p>Lastly, <em>JESTS <\/em>(2021, <em>FAC\u00c9TIES<\/em> in French), plays with the codes of normality and questions the role of humour in choreographic writing. Exploration of what is human continues through a new filter: that of the comic.[\/vc_column_text][\/vc_column][vc_column width=&#8221;1\/3&#8243; rc_bg_type=&#8221;color&#8221; column_sticky=&#8221;yes&#8221; tablet_sm_width=&#8221;1&#8243; column_sticky_offset=&#8221;80&#8243; rc_bg_color=&#8221;#f9f9f9&#8243; grve_css=&#8221;{&#8220;desktop&#8220;:{&#8220;padding-top&#8220;:&#8220;24&#8220;,&#8220;padding-right&#8220;:&#8220;24&#8220;,&#8220;padding-bottom&#8220;:&#8220;24&#8220;,&#8220;padding-left&#8220;:&#8220;24&#8220;,&#8220;class&#8220;:&#8220;grve-wpb-1631960559220&#8220;}}&#8221;]<h4 class=\"grve-element grve-title grve-align-left grve-link-text\" style=\"margin-bottom: 24px;\"><span>Creation calendar<\/span><\/h4>[vc_column_text text_style=&#8221;leader-text&#8221; css=&#8221;.vc_custom_1631438577869{margin-bottom: 24px !important;}&#8221;]\n<table id=\"tablepress-2\" class=\"tablepress tablepress-id-2\">\n<tbody class=\"row-hover\">\n<tr class=\"row-1\">\n\t<td class=\"column-1\">2022<\/td><td class=\"column-2\"><a href=\"https:\/\/cfbenaim.com\/en\/portfolio-spectacles\/snapshots-a-series-of-female-solos\/\">Snapshots #3<\/a><\/td>\n<\/tr>\n<tr class=\"row-2\">\n\t<td class=\"column-1\">2021<\/td><td class=\"column-2\"><a href=\"https:\/\/cfbenaim.com\/en\/portfolio-spectacles\/jests\/\">Jests<\/a><br \/>\n<a href=\"https:\/\/cfbenaim.com\/en\/portfolio-spectacles\/the-senseless-community\/\">The senseless community<\/a><\/td>\n<\/tr>\n<tr class=\"row-3\">\n\t<td class=\"column-1\">2019<\/td><td class=\"column-2\"><a href=\"https:\/\/cfbenaim.com\/en\/portfolio-spectacles\/arise\/\">Arise<\/a><br \/>\n<a href=\"https:\/\/cfbenaim.com\/en\/portfolio-spectacles\/snapshots-a-series-of-female-solos\/\">Snapshots #2<\/a><br \/>\n<a href=\"https:\/\/cfbenaim.com\/en\/portfolio-spectacles\/vibrations\/\">Vibrations<\/a><\/td>\n<\/tr>\n<tr class=\"row-4\">\n\t<td class=\"column-1\">2018<\/td><td class=\"column-2\"><a href=\"https:\/\/cfbenaim.com\/en\/portfolio-spectacles\/mirages-boreal-souls\/\">Mirages \u2013 boreal souls<\/a><br \/>\n<a href=\"https:\/\/cfbenaim.com\/en\/portfolio-spectacles\/snapshots-a-series-of-female-solos\/\">Snapshots #1<\/a><\/td>\n<\/tr>\n<tr class=\"row-5\">\n\t<td class=\"column-1\">2017<\/td><td class=\"column-2\"><a href=\"https:\/\/cfbenaim.com\/en\/portfolio-spectacles\/burn-rebellious-hearts\/\">Burn, rebellious hearts<\/a><\/td>\n<\/tr>\n<tr class=\"row-6\">\n\t<td class=\"column-1\">2016<\/td><td class=\"column-2\"><a href=\"https:\/\/cfbenaim.com\/en\/portfolio-spectacles\/inhabited-uninhabited\/\">Inhabited, uninhabited<\/a><\/td>\n<\/tr>\n<tr class=\"row-7\">\n\t<td class=\"column-1\">2014<\/td><td class=\"column-2\"><a href=\"https:\/\/cfbenaim.com\/en\/portfolio-spectacles\/la-legerete-des-tempetes\/\">The Lightness of Storms<\/a><\/td>\n<\/tr>\n<tr class=\"row-8\">\n\t<td class=\"column-1\">2013<\/td><td class=\"column-2\"><a href=\"https:\/\/cfbenaim.com\/en\/portfolio-spectacles\/the-dense-forest\/\">The dense forest<\/a><br \/>\n<a href=\"https:\/\/cfbenaim.com\/en\/portfolio-spectacles\/loree-des-visages\/\">L\u2019or\u00e9e des visages<\/a><br \/>\n<a href=\"https:\/\/cfbenaim.com\/en\/portfolio-spectacles\/karma\/\">Karma<\/a><\/td>\n<\/tr>\n<tr class=\"row-9\">\n\t<td class=\"column-1\">2011<\/td><td class=\"column-2\"><a href=\"https:\/\/cfbenaim.com\/en\/portfolio-spectacles\/logresse-des-archives-et-son-chien\/\">The Ogress of the Archives and her dog<\/a><\/td>\n<\/tr>\n<tr class=\"row-10\">\n\t<td class=\"column-1\">2010<\/td><td class=\"column-2\"><a href=\"https:\/\/cfbenaim.com\/en\/portfolio-spectacles\/valse-en-trois-temps\/\">Waltz in three-quarter time<\/a><br \/>\n<a href=\"https:\/\/cfbenaim.com\/en\/portfolio-spectacles\/resistance-au-droit\/\">R\u00e9sistance au droit<\/a><\/td>\n<\/tr>\n<tr class=\"row-11\">\n\t<td class=\"column-1\">2008<\/td><td class=\"column-2\"><a href=\"https:\/\/cfbenaim.com\/en\/portfolio-spectacles\/louves\/\">Louves<\/a><br \/>\n<a href=\"https:\/\/cfbenaim.com\/en\/portfolio-spectacles\/amor-fati-fati-amor\/\">Amor fati fati amor<\/a><\/td>\n<\/tr>\n<tr class=\"row-12\">\n\t<td class=\"column-1\">2007<\/td><td class=\"column-2\"><a href=\"https:\/\/cfbenaim.com\/en\/portfolio-spectacles\/bird-youre-a-bird-now\/\">Bird \/ You\u2019re a bird, now!<\/a><\/td>\n<\/tr>\n<tr class=\"row-13\">\n\t<td class=\"column-1\">2006<\/td><td class=\"column-2\"><a href=\"https:\/\/cfbenaim.com\/en\/portfolio-spectacles\/en-plein-coeur\/\">En plein coeur<\/a><\/td>\n<\/tr>\n<tr class=\"row-14\">\n\t<td class=\"column-1\">2004<\/td><td class=\"column-2\"><a href=\"https:\/\/cfbenaim.com\/en\/portfolio-spectacles\/carcasses-un-oeil-pour-deux\/\">Carcasses, un oeil pour deux<\/a><\/td>\n<\/tr>\n<tr class=\"row-15\">\n\t<td class=\"column-1\">2003<\/td><td class=\"column-2\">Ne vous fiez pas au titre, il peut changer<\/td>\n<\/tr>\n<tr class=\"row-16\">\n\t<td class=\"column-1\">2001<\/td><td class=\"column-2\"><a href=\"https:\/\/cfbenaim.com\/en\/portfolio-spectacles\/o-my-brother\/\">\u00d4 my brother!<\/a><br \/>\nLa Frontera<\/td>\n<\/tr>\n<tr class=\"row-17\">\n\t<td class=\"column-1\">1999<\/td><td class=\"column-2\"><a href=\"https:\/\/cfbenaim.com\/en\/portfolio-spectacles\/un-homme-en-marche\/\">Un homme en marche<\/a><br \/>\nL\u2019enfant du miroir<\/td>\n<\/tr>\n<tr class=\"row-18\">\n\t<td class=\"column-1\">1998<\/td><td class=\"column-2\">L\u2019homme rapaill\u00e9<\/td>\n<\/tr>\n<tr class=\"row-19\">\n\t<td class=\"column-1\">1997<\/td><td class=\"column-2\">A l\u2019abri du regard des hommes, avant d\u2019aller mourir ailleurs<\/td>\n<\/tr>\n<\/tbody>\n<\/table>\n<!-- #tablepress-2 from cache -->[\/vc_column_text]<div class=\"grve-element grve-align-left\"><a href=\"https:\/\/cfbenaim.com\/en\/spectacles-categorie\/on-tour\/\" class=\"grve-btn grve-round grve-bg-black grve-border-black grve-bg-hover-black grve-border-hover-black grve-text-white grve-text-hover-white grve-btn-small grve-with-svg-icon-arrow-2\">\r\n\t\t<div class=\"grve-btn-inner\">\r\n\t\t<span>Pieces on tour<\/span>\r\n\t\t\t\t\t\t\t<div class=\"grve-btn-svg-icon\">\r\n\t\t\t\t\t\t\t<svg width=\"40px\" height=\"16px\" viewBox=\"0 0 40 16\">\r\n\t\t\t\t\t<polygon class=\"grve-arrow-line\" points=\"0 7 38 7 38 9 0 9\"><\/polygon>\r\n\t\t\t\t\t<polygon class=\"grve-arrow-point\" points=\"31.3481912 0 40 8 31.3481912 16 30 14.5816219 37.1 8 30 1.41837809\"><\/polygon>\r\n\t\t\t\t<\/svg>\r\n\t\t\t\t\t\t\t\t<\/div>\r\n\t\t\t\t\t<\/div>\r\n\t<\/a><\/div>[\/vc_column][\/vc_row]<\/p>\n<\/div>","protected":false},"excerpt":{"rendered":"<p>[vc_row columns_gap=&#8221;30&#8243;][vc_column width=&#8221;2\/3&#8243; tablet_sm_width=&#8221;1&#8243;][vc_column_text css=&#8221;.vc_custom_1633011806560{padding-bottom: 32px !important;}&#8221;]For more than twenty years, the Ben A\u00efm brothers, Christian and Fran\u00e7ois, have developed a rich body of work abounding in poetry and high standards, interlaced with a brotherly bond and singularity. In the wake of their cross-disciplinary training in dance, physical theatre and circus arts, each one followed [&hellip;]<\/p>\n","protected":false},"author":1,"featured_media":16934,"parent":17258,"menu_order":0,"comment_status":"closed","ping_status":"closed","template":"","meta":{"footnotes":""},"class_list":["post-17264","page","type-page","status-publish","has-post-thumbnail","hentry","grve-entry-item"],"yoast_head":"<!-- This site is optimized with the Yoast SEO plugin v26.9 - https:\/\/yoast.com\/product\/yoast-seo-wordpress\/ -->\n<title>Background - Compagnie Christian et Fran\u00e7ois Ben A\u00efm<\/title>\n<meta name=\"robots\" content=\"index, follow, max-snippet:-1, max-image-preview:large, max-video-preview:-1\" \/>\n<link rel=\"canonical\" href=\"https:\/\/cfbenaim.com\/en\/the-company\/background\/\" \/>\n<meta property=\"og:locale\" content=\"en_US\" \/>\n<meta property=\"og:type\" content=\"article\" \/>\n<meta property=\"og:title\" content=\"Background - Compagnie Christian et Fran\u00e7ois Ben A\u00efm\" \/>\n<meta property=\"og:description\" content=\"[vc_row columns_gap=&#8221;30&#8243;][vc_column width=&#8221;2\/3&#8243; tablet_sm_width=&#8221;1&#8243;][vc_column_text css=&#8221;.vc_custom_1633011806560{padding-bottom: 32px !important;}&#8221;]For more than twenty years, the Ben A\u00efm brothers, Christian and Fran\u00e7ois, have developed a rich body of work abounding in poetry and high standards, interlaced with a brotherly bond and singularity. In the wake of their cross-disciplinary training in dance, physical theatre and circus arts, each one followed [&hellip;]\" \/>\n<meta property=\"og:url\" content=\"https:\/\/cfbenaim.com\/en\/the-company\/background\/\" \/>\n<meta property=\"og:site_name\" content=\"Compagnie Christian et Fran\u00e7ois Ben A\u00efm\" \/>\n<meta property=\"article:publisher\" content=\"https:\/\/www.facebook.com\/christianetfrancoisbenaim\" \/>\n<meta property=\"article:modified_time\" content=\"2021-09-30T14:24:22+00:00\" \/>\n<meta property=\"og:image\" content=\"https:\/\/cfbenaim.com\/wp-content\/uploads\/2021\/09\/Portrait-page-parcours-Patrick-Berger-1.jpg\" \/>\n\t<meta property=\"og:image:width\" content=\"1920\" \/>\n\t<meta property=\"og:image:height\" content=\"899\" \/>\n\t<meta property=\"og:image:type\" content=\"image\/jpeg\" \/>\n<meta name=\"twitter:card\" content=\"summary_large_image\" \/>\n<meta name=\"twitter:label1\" content=\"Est. reading time\" \/>\n\t<meta name=\"twitter:data1\" content=\"4 minutes\" \/>\n<script type=\"application\/ld+json\" class=\"yoast-schema-graph\">{\"@context\":\"https:\/\/schema.org\",\"@graph\":[{\"@type\":\"WebPage\",\"@id\":\"https:\/\/cfbenaim.com\/en\/the-company\/background\/\",\"url\":\"https:\/\/cfbenaim.com\/en\/the-company\/background\/\",\"name\":\"Background - Compagnie Christian et Fran\u00e7ois Ben A\u00efm\",\"isPartOf\":{\"@id\":\"https:\/\/cfbenaim.com\/#website\"},\"primaryImageOfPage\":{\"@id\":\"https:\/\/cfbenaim.com\/en\/the-company\/background\/#primaryimage\"},\"image\":{\"@id\":\"https:\/\/cfbenaim.com\/en\/the-company\/background\/#primaryimage\"},\"thumbnailUrl\":\"https:\/\/cfbenaim.com\/wp-content\/uploads\/2021\/09\/Portrait-page-parcours-Patrick-Berger-1.jpg\",\"datePublished\":\"2021-07-16T15:49:34+00:00\",\"dateModified\":\"2021-09-30T14:24:22+00:00\",\"breadcrumb\":{\"@id\":\"https:\/\/cfbenaim.com\/en\/the-company\/background\/#breadcrumb\"},\"inLanguage\":\"en-US\",\"potentialAction\":[{\"@type\":\"ReadAction\",\"target\":[\"https:\/\/cfbenaim.com\/en\/the-company\/background\/\"]}]},{\"@type\":\"ImageObject\",\"inLanguage\":\"en-US\",\"@id\":\"https:\/\/cfbenaim.com\/en\/the-company\/background\/#primaryimage\",\"url\":\"https:\/\/cfbenaim.com\/wp-content\/uploads\/2021\/09\/Portrait-page-parcours-Patrick-Berger-1.jpg\",\"contentUrl\":\"https:\/\/cfbenaim.com\/wp-content\/uploads\/2021\/09\/Portrait-page-parcours-Patrick-Berger-1.jpg\",\"width\":1920,\"height\":899,\"caption\":\"CHRISTIAN ET FRANCOIS BEN AIM, seance de portraitsau Centre des Bords de Marne le 26 juillet 2016Avec : Christian et Francois Ben Aim(photo by Patrick Berger)\"},{\"@type\":\"BreadcrumbList\",\"@id\":\"https:\/\/cfbenaim.com\/en\/the-company\/background\/#breadcrumb\",\"itemListElement\":[{\"@type\":\"ListItem\",\"position\":1,\"name\":\"Accueil\",\"item\":\"https:\/\/cfbenaim.com\/en\/\"},{\"@type\":\"ListItem\",\"position\":2,\"name\":\"The company\",\"item\":\"https:\/\/cfbenaim.com\/en\/the-company\/\"},{\"@type\":\"ListItem\",\"position\":3,\"name\":\"Background\"}]},{\"@type\":\"WebSite\",\"@id\":\"https:\/\/cfbenaim.com\/#website\",\"url\":\"https:\/\/cfbenaim.com\/\",\"name\":\"Compagnie Christian et Fran\u00e7ois Ben A\u00efm\",\"description\":\"Chor\u00e9graphes\",\"publisher\":{\"@id\":\"https:\/\/cfbenaim.com\/#organization\"},\"potentialAction\":[{\"@type\":\"SearchAction\",\"target\":{\"@type\":\"EntryPoint\",\"urlTemplate\":\"https:\/\/cfbenaim.com\/?s={search_term_string}\"},\"query-input\":{\"@type\":\"PropertyValueSpecification\",\"valueRequired\":true,\"valueName\":\"search_term_string\"}}],\"inLanguage\":\"en-US\"},{\"@type\":\"Organization\",\"@id\":\"https:\/\/cfbenaim.com\/#organization\",\"name\":\"Compagnie Christian et Fran\u00e7ois Ben A\u00efm\",\"url\":\"https:\/\/cfbenaim.com\/\",\"logo\":{\"@type\":\"ImageObject\",\"inLanguage\":\"en-US\",\"@id\":\"https:\/\/cfbenaim.com\/#\/schema\/logo\/image\/\",\"url\":\"https:\/\/cfbenaim.com\/wp-content\/uploads\/2021\/07\/benaim_logo_noir.png\",\"contentUrl\":\"https:\/\/cfbenaim.com\/wp-content\/uploads\/2021\/07\/benaim_logo_noir.png\",\"width\":500,\"height\":413,\"caption\":\"Compagnie Christian et Fran\u00e7ois Ben A\u00efm\"},\"image\":{\"@id\":\"https:\/\/cfbenaim.com\/#\/schema\/logo\/image\/\"},\"sameAs\":[\"https:\/\/www.facebook.com\/christianetfrancoisbenaim\",\"https:\/\/www.instagram.com\/cfbenaim\/\",\"https:\/\/www.linkedin.com\/company\/christian-et-fran\u00e7ois-ben-a\u00efm\/\",\"https:\/\/www.youtube.com\/channel\/UCuWIHFD_xxAfpkyxSC25E6g\"]}]}<\/script>\n<!-- \/ Yoast SEO plugin. -->","yoast_head_json":{"title":"Background - Compagnie Christian et Fran\u00e7ois Ben A\u00efm","robots":{"index":"index","follow":"follow","max-snippet":"max-snippet:-1","max-image-preview":"max-image-preview:large","max-video-preview":"max-video-preview:-1"},"canonical":"https:\/\/cfbenaim.com\/en\/the-company\/background\/","og_locale":"en_US","og_type":"article","og_title":"Background - Compagnie Christian et Fran\u00e7ois Ben A\u00efm","og_description":"[vc_row columns_gap=&#8221;30&#8243;][vc_column width=&#8221;2\/3&#8243; tablet_sm_width=&#8221;1&#8243;][vc_column_text css=&#8221;.vc_custom_1633011806560{padding-bottom: 32px !important;}&#8221;]For more than twenty years, the Ben A\u00efm brothers, Christian and Fran\u00e7ois, have developed a rich body of work abounding in poetry and high standards, interlaced with a brotherly bond and singularity. In the wake of their cross-disciplinary training in dance, physical theatre and circus arts, each one followed [&hellip;]","og_url":"https:\/\/cfbenaim.com\/en\/the-company\/background\/","og_site_name":"Compagnie Christian et Fran\u00e7ois Ben A\u00efm","article_publisher":"https:\/\/www.facebook.com\/christianetfrancoisbenaim","article_modified_time":"2021-09-30T14:24:22+00:00","og_image":[{"width":1920,"height":899,"url":"https:\/\/cfbenaim.com\/wp-content\/uploads\/2021\/09\/Portrait-page-parcours-Patrick-Berger-1.jpg","type":"image\/jpeg"}],"twitter_card":"summary_large_image","twitter_misc":{"Est. reading time":"4 minutes"},"schema":{"@context":"https:\/\/schema.org","@graph":[{"@type":"WebPage","@id":"https:\/\/cfbenaim.com\/en\/the-company\/background\/","url":"https:\/\/cfbenaim.com\/en\/the-company\/background\/","name":"Background - Compagnie Christian et Fran\u00e7ois Ben A\u00efm","isPartOf":{"@id":"https:\/\/cfbenaim.com\/#website"},"primaryImageOfPage":{"@id":"https:\/\/cfbenaim.com\/en\/the-company\/background\/#primaryimage"},"image":{"@id":"https:\/\/cfbenaim.com\/en\/the-company\/background\/#primaryimage"},"thumbnailUrl":"https:\/\/cfbenaim.com\/wp-content\/uploads\/2021\/09\/Portrait-page-parcours-Patrick-Berger-1.jpg","datePublished":"2021-07-16T15:49:34+00:00","dateModified":"2021-09-30T14:24:22+00:00","breadcrumb":{"@id":"https:\/\/cfbenaim.com\/en\/the-company\/background\/#breadcrumb"},"inLanguage":"en-US","potentialAction":[{"@type":"ReadAction","target":["https:\/\/cfbenaim.com\/en\/the-company\/background\/"]}]},{"@type":"ImageObject","inLanguage":"en-US","@id":"https:\/\/cfbenaim.com\/en\/the-company\/background\/#primaryimage","url":"https:\/\/cfbenaim.com\/wp-content\/uploads\/2021\/09\/Portrait-page-parcours-Patrick-Berger-1.jpg","contentUrl":"https:\/\/cfbenaim.com\/wp-content\/uploads\/2021\/09\/Portrait-page-parcours-Patrick-Berger-1.jpg","width":1920,"height":899,"caption":"CHRISTIAN ET FRANCOIS BEN AIM, seance de portraitsau Centre des Bords de Marne le 26 juillet 2016Avec : Christian et Francois Ben Aim(photo by Patrick Berger)"},{"@type":"BreadcrumbList","@id":"https:\/\/cfbenaim.com\/en\/the-company\/background\/#breadcrumb","itemListElement":[{"@type":"ListItem","position":1,"name":"Accueil","item":"https:\/\/cfbenaim.com\/en\/"},{"@type":"ListItem","position":2,"name":"The company","item":"https:\/\/cfbenaim.com\/en\/the-company\/"},{"@type":"ListItem","position":3,"name":"Background"}]},{"@type":"WebSite","@id":"https:\/\/cfbenaim.com\/#website","url":"https:\/\/cfbenaim.com\/","name":"Compagnie Christian et Fran\u00e7ois Ben A\u00efm","description":"Chor\u00e9graphes","publisher":{"@id":"https:\/\/cfbenaim.com\/#organization"},"potentialAction":[{"@type":"SearchAction","target":{"@type":"EntryPoint","urlTemplate":"https:\/\/cfbenaim.com\/?s={search_term_string}"},"query-input":{"@type":"PropertyValueSpecification","valueRequired":true,"valueName":"search_term_string"}}],"inLanguage":"en-US"},{"@type":"Organization","@id":"https:\/\/cfbenaim.com\/#organization","name":"Compagnie Christian et Fran\u00e7ois Ben A\u00efm","url":"https:\/\/cfbenaim.com\/","logo":{"@type":"ImageObject","inLanguage":"en-US","@id":"https:\/\/cfbenaim.com\/#\/schema\/logo\/image\/","url":"https:\/\/cfbenaim.com\/wp-content\/uploads\/2021\/07\/benaim_logo_noir.png","contentUrl":"https:\/\/cfbenaim.com\/wp-content\/uploads\/2021\/07\/benaim_logo_noir.png","width":500,"height":413,"caption":"Compagnie Christian et Fran\u00e7ois Ben A\u00efm"},"image":{"@id":"https:\/\/cfbenaim.com\/#\/schema\/logo\/image\/"},"sameAs":["https:\/\/www.facebook.com\/christianetfrancoisbenaim","https:\/\/www.instagram.com\/cfbenaim\/","https:\/\/www.linkedin.com\/company\/christian-et-fran\u00e7ois-ben-a\u00efm\/","https:\/\/www.youtube.com\/channel\/UCuWIHFD_xxAfpkyxSC25E6g"]}]}},"_links":{"self":[{"href":"https:\/\/cfbenaim.com\/en\/wp-json\/wp\/v2\/pages\/17264","targetHints":{"allow":["GET"]}}],"collection":[{"href":"https:\/\/cfbenaim.com\/en\/wp-json\/wp\/v2\/pages"}],"about":[{"href":"https:\/\/cfbenaim.com\/en\/wp-json\/wp\/v2\/types\/page"}],"author":[{"embeddable":true,"href":"https:\/\/cfbenaim.com\/en\/wp-json\/wp\/v2\/users\/1"}],"replies":[{"embeddable":true,"href":"https:\/\/cfbenaim.com\/en\/wp-json\/wp\/v2\/comments?post=17264"}],"version-history":[{"count":8,"href":"https:\/\/cfbenaim.com\/en\/wp-json\/wp\/v2\/pages\/17264\/revisions"}],"predecessor-version":[{"id":17817,"href":"https:\/\/cfbenaim.com\/en\/wp-json\/wp\/v2\/pages\/17264\/revisions\/17817"}],"up":[{"embeddable":true,"href":"https:\/\/cfbenaim.com\/en\/wp-json\/wp\/v2\/pages\/17258"}],"wp:featuredmedia":[{"embeddable":true,"href":"https:\/\/cfbenaim.com\/en\/wp-json\/wp\/v2\/media\/16934"}],"wp:attachment":[{"href":"https:\/\/cfbenaim.com\/en\/wp-json\/wp\/v2\/media?parent=17264"}],"curies":[{"name":"wp","href":"https:\/\/api.w.org\/{rel}","templated":true}]}}