{"id":17282,"date":"2021-09-01T15:55:35","date_gmt":"2021-09-01T13:55:35","guid":{"rendered":"https:\/\/cfbenaim.com\/the-company\/team-and-board\/"},"modified":"2025-06-05T16:17:37","modified_gmt":"2025-06-05T14:17:37","slug":"team-and-board","status":"publish","type":"page","link":"https:\/\/cfbenaim.com\/en\/the-company\/team-and-board\/","title":{"rendered":"Team and board"},"content":{"rendered":"<div class=\"wpb-content-wrapper\"><p>[vc_row padding_top_multiplier=&#8221;2x&#8221; section_id=&#8221;artistes&#8221; scroll_section_title=&#8221;Artistes chor\u00e9graphiques&#8221;][vc_column]<h3 class=\"grve-element grve-title grve-align-inherit grve-h6 grve-with-line grve-bottom-line\"><span>Choreographic artists<\/span><span class=\"grve-title-line grve-bg-black\" style=\"width: 100%;height: 1px;\"><\/span><\/h3>[\/vc_column][\/vc_row][vc_row columns_gap=&#8221;60&#8243;][vc_column width=&#8221;1\/4&#8243; mobile_width=&#8221;1-2&#8243;]<div class=\"grve-element grve-team grve-layout-3 grve-mouse-move\">\r\n\t<div class=\"grve-team-person\">\r\n\t\t<img loading=\"lazy\" decoding=\"async\" width=\"150\" height=\"150\" src=\"https:\/\/cfbenaim.com\/wp-content\/uploads\/2021\/09\/Fabien-Almakiewicz-150x150.jpg\" class=\"attachment-thumbnail size-thumbnail\" alt=\"Fabien Almakiewicz\" data-column-space=\"auto\" data-lazyload=\"\" \/>\t\t\t<\/div>\r\n\t<div class=\"grve-team-description\">\r\n\t\t\t\t<div class=\"grve-team-identity grve-small-text grve-text-primary-1\">Dancer<\/div>\r\n\t\t\t\t<h6 class=\"grve-team-name grve-h6\">Fabien Almakiewicz<\/h6>\r\n\t<\/div>\r\n<\/div>\r\n[vc_tta_accordion c_align=&#8221;center&#8221; c_icon=&#8221;&#8221; active_section=&#8221;99&#8243; heading_tag=&#8221;h6&#8243; heading=&#8221;subtitle-text&#8221;][vc_tta_section title=&#8221;+ bio&#8221; tab_id=&#8221;1630937539496-706b7907-d7e3&#8243;][vc_column_text text_style=&#8221;leader-text&#8221;]<br \/>\nFabien Almakiewicz studied at the Beaux Arts in Cherbourg and Marseille, from 1997 to 2002, after a training in stained glass in Cahors, then in Nancy at the Centre Europ\u00e9en de Recherches et de Formation aux Arts Verriers (CERFAV).\u00a0In 1998, he discovered somatic movement techniques and contemporary dance and in 1999 joined the European Dance Development Centre (EDDC) in Arnhem (Netherlands).\u00a0Since then, he has participated in creations and performances as a dancer and performer with Christophe Haleb&#8217;s company La Zouze (1999-2003), the Collectif Skalen (2004-2008), the choreographer Rosalind Crisp (2004), Serge Ricci&#8217;s company Mi-octobre (2000-2012), the company Gr\u00e9goire &amp; Co of Sylvie Le Qu\u00e9r\u00e9 (2009-2010), the company Hatmen of Fran\u00e7oise Tartinville (2012), the company Point Z\u00e9ro Delphine Caron (2014), the company Mouvoire Stephan Thiersch (Germany) (2013-2016) and Christian Rizzo (2013-2016).\u00a0In 2016, he joined the company Christian and Fran\u00e7ois Ben A\u00efm on the creation Br\u00fblent nos c\u0153urs insoumis.<br \/>\n[\/vc_column_text][\/vc_tta_section][\/vc_tta_accordion][\/vc_column][vc_column width=&#8221;1\/4&#8243; mobile_width=&#8221;1-2&#8243;]<div class=\"grve-element grve-team grve-layout-3 grve-mouse-move\">\r\n\t<div class=\"grve-team-person\">\r\n\t\t<img loading=\"lazy\" decoding=\"async\" width=\"150\" height=\"150\" src=\"https:\/\/cfbenaim.com\/wp-content\/uploads\/2024\/02\/Eva-Assayas-150x150.jpg\" class=\"attachment-thumbnail size-thumbnail\" alt=\"\" data-column-space=\"auto\" data-lazyload=\"\" srcset=\"https:\/\/cfbenaim.com\/wp-content\/uploads\/2024\/02\/Eva-Assayas-150x150.jpg 150w, https:\/\/cfbenaim.com\/wp-content\/uploads\/2024\/02\/Eva-Assayas-560x560.jpg 560w, https:\/\/cfbenaim.com\/wp-content\/uploads\/2024\/02\/Eva-Assayas-900x900.jpg 900w\" sizes=\"auto, (max-width: 150px) 100vw, 150px\" \/>\t\t\t<\/div>\r\n\t<div class=\"grve-team-description\">\r\n\t\t\t\t<div class=\"grve-team-identity grve-small-text grve-text-primary-1\">Dancer<\/div>\r\n\t\t\t\t<h6 class=\"grve-team-name grve-h6\">Eva Assayas<\/h6>\r\n\t<\/div>\r\n<\/div>\r\n[vc_tta_accordion c_align=&#8221;center&#8221; c_icon=&#8221;&#8221; active_section=&#8221;99&#8243; heading_tag=&#8221;h6&#8243; heading=&#8221;subtitle-text&#8221;][vc_tta_section title=&#8221;+ bio&#8221; tab_id=&#8221;1707302755808-d5f83c47-10a8&#8243;][vc_column_text text_style=&#8221;leader-text&#8221;]After training at the RIDC, Eva Assayas studied contemporary dance at the CRR de Paris and then at the CNSMDP, from which she graduated in 2012.<\/p>\n<p>As a performer, she has worked with Akram Khan (<em>Abide With Me<\/em>), Arthur Perole (<em>Stimmlos<\/em>), Daniel Dobbels (<em>Entre les \u00e9crans du temps<\/em>, <em>Sur le silence du temps<\/em>, <em>L&#8217;Eau Vide I &amp; II<\/em>), and more recently with Emmanuel Eggermont (<em>All Over Nymph\u00e9as<\/em>).<\/p>\n<p>In 2016, she co-founded Compagnie Hekla and, with Ariane Derain, created the duo <em>Obscur \u00e0 soi-m\u00eame<\/em>. Her research continues with the solo <em>Le vrai lieu<\/em> (2019), in which she questions the relationship between interior and exterior spaces in the construction of gesture. These two choreographic writing experiments set her on the path to a PhD in dance research-creation, starting in October 2019 at the University of Lille. The trio <em>Dans le creux de l&#8217;absence<\/em> (2022) is the result of this research.[\/vc_column_text][\/vc_tta_section][\/vc_tta_accordion][\/vc_column][vc_column width=&#8221;1\/4&#8243; mobile_width=&#8221;1-2&#8243;]<div class=\"grve-element grve-team grve-layout-3 grve-mouse-move\">\r\n\t<div class=\"grve-team-person\">\r\n\t\t<img loading=\"lazy\" decoding=\"async\" width=\"150\" height=\"150\" src=\"https:\/\/cfbenaim.com\/wp-content\/uploads\/2023\/07\/Jamil-Attar-150x150.jpg\" class=\"attachment-thumbnail size-thumbnail\" alt=\"\" data-column-space=\"auto\" data-lazyload=\"\" srcset=\"https:\/\/cfbenaim.com\/wp-content\/uploads\/2023\/07\/Jamil-Attar-150x150.jpg 150w, https:\/\/cfbenaim.com\/wp-content\/uploads\/2023\/07\/Jamil-Attar-300x300.jpg 300w, https:\/\/cfbenaim.com\/wp-content\/uploads\/2023\/07\/Jamil-Attar-560x560.jpg 560w, https:\/\/cfbenaim.com\/wp-content\/uploads\/2023\/07\/Jamil-Attar.jpg 681w\" sizes=\"auto, (max-width: 150px) 100vw, 150px\" \/>\t\t\t<\/div>\r\n\t<div class=\"grve-team-description\">\r\n\t\t\t\t<div class=\"grve-team-identity grve-small-text grve-text-primary-1\">Dancer<\/div>\r\n\t\t\t\t<h6 class=\"grve-team-name grve-h6\">Jamil Attar<\/h6>\r\n\t<\/div>\r\n<\/div>\r\n[vc_tta_accordion c_align=&#8221;center&#8221; c_icon=&#8221;&#8221; active_section=&#8221;99&#8243; heading_tag=&#8221;h6&#8243; heading=&#8221;subtitle-text&#8221;][vc_tta_section title=&#8221;+ bio&#8221; tab_id=&#8221;1630937757219-8a85a15b-e5f5&#8243;][vc_column_text text_style=&#8221;leader-text&#8221;]Born in 1993 in Lyon (France), Jamil Attar simultaneously studied dance and music at the Conservatoire R\u00e9gional and then at the Conservatoire Sup\u00e9rieur de Lyon.<br \/>\nTrained as a jazz drummer, in 2013 he was awarded the Gold Medal (which comprises several credits, the main ones being arrangement, jazz harmony, solfeggio and instrument mastery), and in 2015 obtained his Dipl\u00f4me National Sup\u00e9rieur Professionnel du Danseur (DNSPD) in the classical dance section.<br \/>\nWith each new artistic collaboration, he tries to combine these two different but complementary forms of expression within the same grammar.<br \/>\nIn 2015, when he joined Wim Vandekeybus&#8217;s Ultima Vez company in Brussels, he danced and played percussion in the following productions : Speak Low If You Speak Love and Spiritual Unity. In 2017, selected by the Lucerne Festival for a double concert at the Philharmonie de Paris and then at the KKL Lucerne, he studied for over a year with the original performers from 1973 (Kathinka Pasveer and Alain Louafi) the landmark piece INORI by German composer Karlheinz Stockhausen.<\/p>\n<p>That same year, he took part as musician-dancer in Plateaux, a quintet choreographed by Harris Gkekas (Strates company). He is also called upon by the Balcon ensemble to reprise a solo part in the opera Donnerstag Aus Licht (1981, K.Stockhausen) presented successively at the Comique de Paris and the Southbank Center in London. In 2019-2020, he joins the Plan-K team led by Filipe Lourenco to launch Goual, a hybrid project inspired by the traditional music and dance of the Maghreb, in particular that of the Allaoui movement in eastern Morocco.<br \/>\nHe then worked with Christian Rizzo (CCN de Montpellier) on Une maison, and took part in the creation of Racconti, a piece conceived by the Affari Esteri company (Edmond Russo and Shlomi Tuizer).<br \/>\nSince 2021, in parallel with his career as a performer, he has devoted himself to his own experiments in the musicality of gesture.<br \/>\nthree projects: Socle (for the Fondation Royaumont as part of Opus), Impromptus and Txrbulences.[\/vc_column_text][\/vc_tta_section][\/vc_tta_accordion][\/vc_column][vc_column width=&#8221;1\/4&#8243; mobile_width=&#8221;1-2&#8243;]<div class=\"grve-element grve-team grve-layout-3 grve-mouse-move\">\r\n\t<div class=\"grve-team-person\">\r\n\t\t<img loading=\"lazy\" decoding=\"async\" width=\"150\" height=\"150\" src=\"https:\/\/cfbenaim.com\/wp-content\/uploads\/2021\/09\/Aurelie-Berland-150x150.jpg\" class=\"attachment-thumbnail size-thumbnail\" alt=\"Aur\u00e9lie Berland\" data-column-space=\"auto\" data-lazyload=\"\" \/>\t\t\t<\/div>\r\n\t<div class=\"grve-team-description\">\r\n\t\t\t\t<div class=\"grve-team-identity grve-small-text grve-text-primary-1\">Dancer<\/div>\r\n\t\t\t\t<h6 class=\"grve-team-name grve-h6\">Aur\u00e9lie Berland<\/h6>\r\n\t<\/div>\r\n<\/div>\r\n[vc_tta_accordion c_align=&#8221;center&#8221; c_icon=&#8221;&#8221; active_section=&#8221;99&#8243; heading_tag=&#8221;h6&#8243; heading=&#8221;subtitle-text&#8221;][vc_tta_section title=&#8221;+ bio&#8221; tab_id=&#8221;1630937763367-56566e78-7372&#8243;][vc_column_text text_style=&#8221;leader-text&#8221;]Aur\u00e9lie Berland studied contemporary dance at the CNSMDP, graduating in 2006. She then worked mainly with Daniel Dobbels in several group and solo pieces and with Christian and Fran\u00e7ois Ben A\u00efm in the pieces Amor Fati Fati Amor (2008), R\u00e9sistance au droit (2010) and Valse en trois temps (2010). Since 2011, she has been training in dance movement notation, LABAN system at the CNSMDP. In 2013, she danced for Christine G\u00e9rard as part of In Vivo danse 2013 at the Centre Georges Pompidou. In 2014, she is a performer in the piece La Travers\u00e9e by Nacera Belaza and in La l\u00e9g\u00e8ret\u00e9 des temp\u00eates, a 2014 creation by Christian and Fran\u00e7ois Ben A\u00efm.[\/vc_column_text][\/vc_tta_section][\/vc_tta_accordion][\/vc_column][\/vc_row][vc_row columns_gap=&#8221;60&#8243;][vc_column width=&#8221;1\/4&#8243; mobile_width=&#8221;1-2&#8243;]<div class=\"grve-element grve-team grve-layout-3 grve-mouse-move\">\r\n\t<div class=\"grve-team-person\">\r\n\t\t<img loading=\"lazy\" decoding=\"async\" width=\"150\" height=\"150\" src=\"https:\/\/cfbenaim.com\/wp-content\/uploads\/2021\/09\/Johan-Bichot-150x150.jpg\" class=\"attachment-thumbnail size-thumbnail\" alt=\"Johan Bichot\" data-column-space=\"auto\" data-lazyload=\"\" \/>\t\t\t<\/div>\r\n\t<div class=\"grve-team-description\">\r\n\t\t\t\t<div class=\"grve-team-identity grve-small-text grve-text-primary-1\">Dancer, circus artist<\/div>\r\n\t\t\t\t<h6 class=\"grve-team-name grve-h6\">Johan Bichot<\/h6>\r\n\t<\/div>\r\n<\/div>\r\n[vc_tta_accordion c_align=&#8221;center&#8221; c_icon=&#8221;&#8221; active_section=&#8221;99&#8243; heading_tag=&#8221;h6&#8243; heading=&#8221;subtitle-text&#8221;][vc_tta_section title=&#8221;+ bio&#8221; tab_id=&#8221;1637664248994-98734a7f-ff33&#8243;][vc_column_text text_style=&#8221;leader-text&#8221;]Johan Bichot trained at the Ecole Nationale Sup\u00e9rieure des Arts du Cirque in Rosny-sous-Bois and then at the Ecole Fratellini where he wrote two dance pieces, Wackyland in 2007 and Arena in 2008. He then worked for a year as an acrobat in Italy in Arturo Brachetti&#8217;s music hall Gran Varieta. In 2011 he dances alongside choreographer Josef Nadj in the piece Cherry brandy. After a first collaboration in 2012 with Netty Radvanyi on the circus piece Striptyque written around the painter Francis Bacon, they create Brut for his own company at the CCN d&#8217;Orl\u00e9ans in 2014 &#8211; winning show of the European competition &#8220;Circus Next&#8221;. In 2016, he danced in the film La claque directed by Loren Denis as part of the &#8220;3rd scene&#8221; digital space created by Benjamin Millepied for the Paris Opera, then danced alongside Nasser Martin-Gousset in ROMAN adapted from the book Women in love by D.H.Lawrence. In 2018\/2019 he works as a performer alongside Christian Rizzo in his latest piece Une Maison. After a first collaboration in 2011 with the company where he is an interpreter for L&#8217;ogresse des archives et son chien, a second fruitful collaboration is announced for FAC\u00c9TIES.[\/vc_column_text][\/vc_tta_section][\/vc_tta_accordion][\/vc_column][vc_column width=&#8221;1\/4&#8243; mobile_width=&#8221;1-2&#8243;]<div class=\"grve-element grve-team grve-layout-3 grve-mouse-move\">\r\n\t<div class=\"grve-team-person\">\r\n\t\t<img loading=\"lazy\" decoding=\"async\" width=\"150\" height=\"150\" src=\"https:\/\/cfbenaim.com\/wp-content\/uploads\/2021\/11\/Instantanes-3-Alex-Blondeau-\u00a9Tony-Noel-3-150x150.jpg\" class=\"attachment-thumbnail size-thumbnail\" alt=\"Instantanes-3-Alex-Blondeau-\u00a9Tony-Noel-3\" data-column-space=\"auto\" data-lazyload=\"\" \/>\t\t\t<\/div>\r\n\t<div class=\"grve-team-description\">\r\n\t\t\t\t<div class=\"grve-team-identity grve-small-text grve-text-primary-1\">Dancer, circus artist<\/div>\r\n\t\t\t\t<h6 class=\"grve-team-name grve-h6\">Alex Blondeau<\/h6>\r\n\t<\/div>\r\n<\/div>\r\n[vc_tta_accordion c_align=&#8221;center&#8221; c_icon=&#8221;&#8221; active_section=&#8221;99&#8243; heading_tag=&#8221;h6&#8243; heading=&#8221;subtitle-text&#8221;][vc_tta_section title=&#8221;+ bio&#8221; tab_id=&#8221;1689692850130-9952a112-2d8e&#8221;][vc_column_text text_style=&#8221;leader-text&#8221;]Alex Blondeau trained in dance at the Conservatoire de Paris, then at the Conservatoire National Sup\u00e9rieur de Lyon. After graduating in 2017, she joined the company of the Stadttheater Bielefeld in Germany, where she collaborated with Lali Ayguade and Simone Sandroni.<\/p>\n<p>Back in France, she works with Maguy Marin for the piece <em>May B,<\/em> as well as with Luc Petton for a production mixing nocturnal birds and orchestra on stage.<\/p>\n<p>In 2020, she joined the Cullberg company in Stockholm, and became familiar with the work of Scandinavian artists. She then joined Rosas in Brussels to participate in the revival of Anne Teresa de Keersmaeker&#8217;s landmark piece <em>Drumming<\/em>.<\/p>\n<p>At this time, Alex Blondeau starts to follow a Master in journalism at the ESJ in Paris, in parallel to her freelance activities.<\/p>\n<p>In September 2021, she joined the Sk\u00e5nes Dansteater company based in Malm\u00f6 in the south of Sweden. She dances in the production of the Dutch choreographer Anouk Van Dijk.<\/p>\n<p>It is also in 2021 that she meets Christian and Fran\u00e7ois Ben A\u00efm for the creation of the solo<a href=\"https:\/\/cfbenaim.com\/en\/portfolio-spectacles\/snapshots-a-series-of-female-solos\/\"><em> Snapshots #3<\/em><\/a>.[\/vc_column_text][\/vc_tta_section][\/vc_tta_accordion][\/vc_column][vc_column width=&#8221;1\/4&#8243; mobile_width=&#8221;1-2&#8243;]<div class=\"grve-element grve-team grve-layout-3 grve-mouse-move\">\r\n\t<div class=\"grve-team-person\">\r\n\t\t<img loading=\"lazy\" decoding=\"async\" width=\"150\" height=\"150\" src=\"https:\/\/cfbenaim.com\/wp-content\/uploads\/2023\/09\/image0-1-150x150.jpg\" class=\"attachment-thumbnail size-thumbnail\" alt=\"\" data-column-space=\"auto\" data-lazyload=\"\" srcset=\"https:\/\/cfbenaim.com\/wp-content\/uploads\/2023\/09\/image0-1-150x150.jpg 150w, https:\/\/cfbenaim.com\/wp-content\/uploads\/2023\/09\/image0-1-560x560.jpg 560w, https:\/\/cfbenaim.com\/wp-content\/uploads\/2023\/09\/image0-1-900x900.jpg 900w\" sizes=\"auto, (max-width: 150px) 100vw, 150px\" \/>\t\t\t<\/div>\r\n\t<div class=\"grve-team-description\">\r\n\t\t\t\t<div class=\"grve-team-identity grve-small-text grve-text-primary-1\">Dancer<\/div>\r\n\t\t\t\t<h6 class=\"grve-team-name grve-h6\">Rosanne Briens<\/h6>\r\n\t<\/div>\r\n<\/div>\r\n[vc_tta_accordion c_align=&#8221;center&#8221; c_icon=&#8221;&#8221; active_section=&#8221;99&#8243; heading_tag=&#8221;h6&#8243; heading=&#8221;subtitle-text&#8221;][vc_tta_section title=&#8221;+ bio&#8221; tab_id=&#8221;1689692851224-4757375a-5822&#8243;][vc_column_text text_style=&#8221;leader-text&#8221;]Rosanne trained in contemporary, classical and jazz dance at the Conservatoire de Rouen between 2009 and 2012. After obtaining her Dipl\u00f4me d&#8217;Etudes Chor\u00e9graphiques, she joined the Ballet Junior de Gen\u00e8ve, where for 3 years she had the opportunity to familiarize herself with a wide range of styles, performing pieces by choreographers such as Marina Mascarell, Barack Marshall, Roy Assaf, Cindy Van Acker and Hofesh-Shechter, among others.<\/p>\n<p>On completing her studies, she founded the JunebugCompany collective in Geneva with her colleagues Sophie Ammann and Erin O&#8217;Reilly. Together, they co-signed and presented their creations in Switzerland and abroad between 2015 and 2018.<\/p>\n<p>Since completing her training, Rosanne has been a dancer-performer for various projects and companies in Europe. Since 2017 she has joined the Geneva-based Cie 7273 for tours of the piece &#8220;Tarab &#8220;followed by the creation of &#8220;Nuit&#8221; in 2019. She has worked in Holland with choreographer Antonin Rioche on several projects &#8211; &#8220;The Others&#8221; in 2018, &#8220;Finally a Sign of Life&#8221; in 2021 &#8211; as well as for Cie Meyer Chaffaud for their creation #Soul4 in 2020, in England with the collective Body intelligence Collective on the Digital Umbilical project in 2019.<br \/>\nIn 2023, she is a dancer-interpreter for the creation of &#8220;Florescence in Decay&#8221; by \u00c9lisabeth Shilling and &#8220;Seasons&#8221; by Jean Guillaume Weis at the Th\u00e9\u00e2tre de la Ville du Luxembourg.<\/p>\n<p>[\/vc_column_text][\/vc_tta_section][\/vc_tta_accordion][\/vc_column][vc_column width=&#8221;1\/4&#8243; mobile_width=&#8221;1-2&#8243;]<div class=\"grve-element grve-team grve-layout-3 grve-mouse-move\">\r\n\t<div class=\"grve-team-person\">\r\n\t\t<img loading=\"lazy\" decoding=\"async\" width=\"150\" height=\"150\" src=\"https:\/\/cfbenaim.com\/wp-content\/uploads\/2021\/09\/Florence-Casanave-portrait-150x150.jpg\" class=\"attachment-thumbnail size-thumbnail\" alt=\"Florence Casanave portrait\" data-column-space=\"auto\" data-lazyload=\"\" \/>\t\t\t<\/div>\r\n\t<div class=\"grve-team-description\">\r\n\t\t\t\t<div class=\"grve-team-identity grve-small-text grve-text-primary-1\">Dancer<\/div>\r\n\t\t\t\t<h6 class=\"grve-team-name grve-h6\">Florence Casanave<\/h6>\r\n\t<\/div>\r\n<\/div>\r\n[vc_tta_accordion c_align=&#8221;center&#8221; c_icon=&#8221;&#8221; active_section=&#8221;99&#8243; heading_tag=&#8221;h6&#8243; heading=&#8221;subtitle-text&#8221;][vc_tta_section title=&#8221;+ bio&#8221; tab_id=&#8221;1689692852302-c4facf5a-89e4&#8243;][vc_column_text text_style=&#8221;leader-text&#8221;]After two years of training (2001-2003) at Epse Danse with Fran\u00e7oise Texier in Montpellier, Florence Casanave is a performer in the company Gr\u00e9goire&amp;co\/Sylvie Le Qu\u00e9r\u00e9 in the creations Pens\u00e9es Secr\u00e8tes and Taka, and continues various collaborations with the company since then, notably for Elisabeth Shwartz&#8217;s dance conference on Isadora Duncan in 2012. She deepened her training at P.A.R.T.S. (2004-2006) where she studied releases techniques and experimented with her own creative processes. She will later collaborate with Lance Gries, her teacher, on improvisation projects.\u00a0In addition, she is a performer for Salia n\u00ef Seydou in the revival of Le Si\u00e8cle des Fous, and El\u00e9onore Didier in the solo LaiSsERvenIR. Between 2012 and 2014, she is a performer for the company Ubi\/Alessandra Piccoli and Sarosi Nay in the pieces Chronica and Geminus.<br \/>\nIn parallel to her career as a performer, she created with Elisabeth Fernandes the company Body Works in Rennes where she wrote three short pieces D.O.R. (solo), Les Mouvantes (duo) and Faire des ponts et Voler (trio) in which she is also a performer.\u00a0Faithful to the company 29X27, she collaborates with it for its young audience project Le Ring des Anges in 2009, and its in situ improvisation project Perspective(s), then she teaches regularly at the sept-cent-quatre-vingt-trois in Nantes.\u00a0In 2014, she met Christian and Fran\u00e7ois Ben A\u00efm and took part in the creation La L\u00e9g\u00e8ret\u00e9 des temp\u00eates.[\/vc_column_text][\/vc_tta_section][\/vc_tta_accordion][\/vc_column][\/vc_row][vc_row columns_gap=&#8221;60&#8243;][vc_column width=&#8221;1\/4&#8243; mobile_width=&#8221;1-2&#8243;]<div class=\"grve-element grve-team grve-layout-3 grve-mouse-move\">\r\n\t<div class=\"grve-team-person\">\r\n\t\t<img loading=\"lazy\" decoding=\"async\" width=\"150\" height=\"150\" src=\"https:\/\/cfbenaim.com\/wp-content\/uploads\/2021\/09\/Leonor-Clary-150x150.jpeg\" class=\"attachment-thumbnail size-thumbnail\" alt=\"L\u00e9onor Clary\" data-column-space=\"auto\" data-lazyload=\"\" \/>\t\t\t<\/div>\r\n\t<div class=\"grve-team-description\">\r\n\t\t\t\t<div class=\"grve-team-identity grve-small-text grve-text-primary-1\">Dancer<\/div>\r\n\t\t\t\t<h6 class=\"grve-team-name grve-h6\">L\u00e9onor Clary<\/h6>\r\n\t<\/div>\r\n<\/div>\r\n[vc_tta_accordion c_align=&#8221;center&#8221; c_icon=&#8221;&#8221; active_section=&#8221;99&#8243; heading_tag=&#8221;h6&#8243; heading=&#8221;subtitle-text&#8221;][vc_tta_section title=&#8221;+ bio&#8221; tab_id=&#8221;1689692853415-bfd13ba2-7753&#8243;][vc_column_text text_style=&#8221;leader-text&#8221;]Born in 1992, L\u00e9onor Clary explores different forms of artistic and physical practice, from musical violin studies to rhythmic gymnastics, from circus practice to individual sports, before starting dance at 16.\u00a0She continued her dance theater training at the Folkwang Universit\u00e4t Der K\u00fcnste, Pina Bausch, where she took over the repertoire (The Rite of Spring, Tannha\u00fcser) as well as that of Jos\u00e9 Limon (Concerto Grosso).\u00a0She also collaborates with choreographers such as Susanne Linke, Malou Airaudo, Henrietta Horn, as well as with dancers from Tanztheater Wuppertal.\u00a0She also works with the company Theater Der Kl\u00e4nge in D\u00fcsseldorf and the Tanztheater Erfurt (Germany), and also follows a theater training with Maria Machado Dubillard in Paris.\u00a0In 2015, she met Christian and Fran\u00e7ois Ben A\u00efm, and was chosen for the reprise of the role for the piece La L\u00e9g\u00e8ret\u00e9 des temp\u00eates.[\/vc_column_text][\/vc_tta_section][\/vc_tta_accordion][\/vc_column][vc_column width=&#8221;1\/4&#8243; mobile_width=&#8221;1-2&#8243;]<div class=\"grve-element grve-team grve-layout-3 grve-mouse-move\">\r\n\t<div class=\"grve-team-person\">\r\n\t\t<img loading=\"lazy\" decoding=\"async\" width=\"150\" height=\"150\" src=\"https:\/\/cfbenaim.com\/wp-content\/uploads\/2021\/09\/Chiara-Corbetta-danseuse-150x150.jpg\" class=\"attachment-thumbnail size-thumbnail\" alt=\"Chiara Corbetta - danseuse\" data-column-space=\"auto\" data-lazyload=\"\" \/>\t\t\t<\/div>\r\n\t<div class=\"grve-team-description\">\r\n\t\t\t\t<div class=\"grve-team-identity grve-small-text grve-text-primary-1\">Dancer<\/div>\r\n\t\t\t\t<h6 class=\"grve-team-name grve-h6\">Chiara Corbetta<\/h6>\r\n\t<\/div>\r\n<\/div>\r\n[vc_tta_accordion c_align=&#8221;center&#8221; c_icon=&#8221;&#8221; active_section=&#8221;99&#8243; heading_tag=&#8221;h6&#8243; heading=&#8221;subtitle-text&#8221;][vc_tta_section title=&#8221;+ bio&#8221; tab_id=&#8221;1630937759894-5ea5e971-fa32&#8243;][vc_column_text text_style=&#8221;leader-text&#8221;]Chiara Corbetta joined the National Ballet Academy of Rome in 2010 and completed her studies in London in 2016 with a BA Honors in Dance at Kingston University. After working as a freelance dancer and performer for Rosie Kay Dance Company, Levantes Dance Theatre, David Massingham, Joumana Mourad and Jason Piper, Chiara moved to Kaunas, Lithuania to join Aura Dance Theatre Company for two years. Under the direction of Birute Letukaite, she performed internationally and collaborated with several guest choreographers such as Gil Kerer, Yoshiko Waki (Bodytalk), Bea Debrabant and Vangelis Legakis. She successively moved to Vienna, London and Paris, participating in several projects of the TanzCompany Gervasi directed by Elio Gervasi and the NuaDance Company founded by Neus Gil Cortes.<br \/>\nShe is currently based in Paris and works with the Companies Christian and Fran\u00e7ois Ben Aim, Entity directed by Thibaut Eiferman, ACNO project of Mourad Buayad and Paul Lamy. She joined Sarah Baltzinger&#8217;s Company and the Bok o Bok Company for their new creations and recently played the lead role in an Orange commercial directed by Sebastian Edwards and choreographed by Lenka Vagnerova and in the music video Troll by the band SKALD directed by Sylvie Bessou. Chiara is a teacher of Body Expression at the Laboratoire de l&#8217;Acteur (professional acting school) where she also takes a theater course and a certified Yin and Vyniasa yoga teacher at THE NEXT DOOR studio.<br \/>\nShe collaborates with Christian and Fran\u00e7ois Ben A\u00efm for the play Fac\u00e9ties created in 2021.[\/vc_column_text][\/vc_tta_section][\/vc_tta_accordion][\/vc_column][vc_column width=&#8221;1\/4&#8243; mobile_width=&#8221;1-2&#8243;]<div class=\"grve-element grve-team grve-layout-3 grve-mouse-move\">\r\n\t<div class=\"grve-team-person\">\r\n\t\t<img loading=\"lazy\" decoding=\"async\" width=\"150\" height=\"150\" src=\"https:\/\/cfbenaim.com\/wp-content\/uploads\/2021\/09\/Lee-Davern-portrait-150x150.jpg\" class=\"attachment-thumbnail size-thumbnail\" alt=\"Lee Davern portrait\" data-column-space=\"auto\" data-lazyload=\"\" srcset=\"https:\/\/cfbenaim.com\/wp-content\/uploads\/2021\/09\/Lee-Davern-portrait-150x150.jpg 150w, https:\/\/cfbenaim.com\/wp-content\/uploads\/2021\/09\/Lee-Davern-portrait.jpg 210w\" sizes=\"auto, (max-width: 150px) 100vw, 150px\" \/>\t\t\t<\/div>\r\n\t<div class=\"grve-team-description\">\r\n\t\t\t\t<div class=\"grve-team-identity grve-small-text grve-text-primary-1\">Dancer<\/div>\r\n\t\t\t\t<h6 class=\"grve-team-name grve-h6\">Lee Davern<\/h6>\r\n\t<\/div>\r\n<\/div>\r\n[vc_tta_accordion c_align=&#8221;center&#8221; c_icon=&#8221;&#8221; active_section=&#8221;99&#8243; heading_tag=&#8221;h6&#8243; heading=&#8221;subtitle-text&#8221;][vc_tta_section title=&#8221;+ bio&#8221; tab_id=&#8221;1631173041838-2f9be56b-79ac&#8221;][vc_column_text text_style=&#8221;leader-text&#8221;]Lee was born in Oxford England 1982,gaining a Bachelor of Performing Arts,in 2005 from The Northern School of Contemporary Dance. Since then has danced internationally, notably with Catherine Diverres, DV8, Ambra Senatore, Philippe Saire, Dance Theatre of Ireland and Christian Rizzo.<br \/>\nLee\u2019s somatic research is informed through a deep yoga practise notably in Dynamic Yoga Teaching Method with Godfrey Devereux. Several years of meditation (autodidact) and Rolfing <em>(Fascia Therapy.)<\/em> He is an experienced climber, surfer, high-liner. His exploration includes profound plant Medicines, and is training in restorative massage.<br \/>\nOver the years harnessing his global sensory enquiry into developing and regularly teaching: Organic Structural Movement.<br \/>\nHis desire as a performer is to question the real potential of performance on a human level. Continually searching deeper than performance as entertainment, and rather discovering what can truly be transmitted through experience to a spectator.<\/p>\n<p>In 2013, he joined Christian and Fran\u00e7ois Ben A\u00efm&#8217;s company for a new role in the piece La For\u00eat \u00e9bouriff\u00e9e (2013).[\/vc_column_text][\/vc_tta_section][\/vc_tta_accordion][\/vc_column][vc_column width=&#8221;1\/4&#8243; mobile_width=&#8221;1-2&#8243;]<div class=\"grve-element grve-team grve-layout-3 grve-mouse-move\">\r\n\t<div class=\"grve-team-person\">\r\n\t\t<img loading=\"lazy\" decoding=\"async\" width=\"150\" height=\"150\" src=\"https:\/\/cfbenaim.com\/wp-content\/uploads\/2021\/09\/Vincent-Deletang-portrait-150x150.jpg\" class=\"attachment-thumbnail size-thumbnail\" alt=\"Vincent Del\u00e9tang portrait\" data-column-space=\"auto\" data-lazyload=\"\" srcset=\"https:\/\/cfbenaim.com\/wp-content\/uploads\/2021\/09\/Vincent-Deletang-portrait-150x150.jpg 150w, https:\/\/cfbenaim.com\/wp-content\/uploads\/2021\/09\/Vincent-Deletang-portrait.jpg 209w\" sizes=\"auto, (max-width: 150px) 100vw, 150px\" \/>\t\t\t<\/div>\r\n\t<div class=\"grve-team-description\">\r\n\t\t\t\t<div class=\"grve-team-identity grve-small-text grve-text-primary-1\">Dancer<\/div>\r\n\t\t\t\t<h6 class=\"grve-team-name grve-h6\">Vincent Del\u00e9tang<\/h6>\r\n\t<\/div>\r\n<\/div>\r\n[vc_tta_accordion c_align=&#8221;center&#8221; c_icon=&#8221;&#8221; active_section=&#8221;99&#8243; heading_tag=&#8221;h6&#8243; heading=&#8221;subtitle-text&#8221;][vc_tta_section title=&#8221;+ bio&#8221; tab_id=&#8221;1631174259910-ea399c83-abe8&#8243;][vc_column_text text_style=&#8221;leader-text&#8221;]After obtaining a degree in English and the school teacher&#8217;s exam, Vincent Del\u00e9tang trained in dance at the Conservatoire National de R\u00e9gion de Paris before joining the CNDC in Angers under the direction of Emmanuelle Huynh. In 2008, he was a performer in Paco D\u00e8cina&#8217;s company, and since 2010 he has been collaborating with Carolyn Carlson, for whom he is a choreographic assistant and performer in two editions of the Dansewindows project. He joins Camille Ollagnier on his project Les Gar\u00e7ons Sauvages where he performs the solo Elseneur. He developed his own choreographic writing within the DesiDel\u00e0 collective, notably in \u00c0 deux dans une manche with Virginie Quigneaux. Holder of a state diploma and a Master&#8217;s degree in Culture and Communication, he has developed several educational and creative projects with different amateur audiences (schools, hospitals, associations). In 2013, he joined Christian and Fran\u00e7ois Ben A\u00efm for a new role in the play La For\u00eat \u00e9bouriff\u00e9e.[\/vc_column_text][\/vc_tta_section][\/vc_tta_accordion][\/vc_column][\/vc_row][vc_row columns_gap=&#8221;60&#8243;][vc_column width=&#8221;1\/4&#8243; mobile_width=&#8221;1-2&#8243;]<div class=\"grve-element grve-team grve-layout-3 grve-mouse-move\">\r\n\t<div class=\"grve-team-person\">\r\n\t\t<img loading=\"lazy\" decoding=\"async\" width=\"150\" height=\"150\" src=\"https:\/\/cfbenaim.com\/wp-content\/uploads\/2021\/09\/Thibaut-Eiferman-150x150.jpg\" class=\"attachment-thumbnail size-thumbnail\" alt=\"Thibaut Eiferman\" data-column-space=\"auto\" data-lazyload=\"\" srcset=\"https:\/\/cfbenaim.com\/wp-content\/uploads\/2021\/09\/Thibaut-Eiferman-150x150.jpg 150w, https:\/\/cfbenaim.com\/wp-content\/uploads\/2021\/09\/Thibaut-Eiferman.jpg 209w\" sizes=\"auto, (max-width: 150px) 100vw, 150px\" \/>\t\t\t<\/div>\r\n\t<div class=\"grve-team-description\">\r\n\t\t\t\t<div class=\"grve-team-identity grve-small-text grve-text-primary-1\">Dancer<\/div>\r\n\t\t\t\t<h6 class=\"grve-team-name grve-h6\">Thibaut Eiferman<\/h6>\r\n\t<\/div>\r\n<\/div>\r\n[vc_tta_accordion c_align=&#8221;center&#8221; c_icon=&#8221;&#8221; active_section=&#8221;99&#8243; heading_tag=&#8221;h6&#8243; heading=&#8221;subtitle-text&#8221;][vc_tta_section title=&#8221;+ bio&#8221; tab_id=&#8221;1631174431123-016e1a2e-dd4d&#8221;][vc_column_text text_style=&#8221;leader-text&#8221;]Thibaut Eiferman was born in Paris and raised in New York. He did his classical training at the American Ballet Theater school before joining Ballet British Columbia in Vancouver for two years. He discovered Gaga, the movement research created by Ohad Naharin, with Danielle Agami in Los Angeles, where he danced with Ate9 Dance Company for three years. He then left to dance in Tel Aviv with Batsheva Ensemble for the 2017-2018 season, where he began his H H H project as a choreographer and performer. Thibaut Eiferman continues his choreographic adventure in Paris, where he is a certified Gaga teacher. He teaches at Micadanses and at the Paris Opera.[\/vc_column_text][\/vc_tta_section][\/vc_tta_accordion][\/vc_column][vc_column width=&#8221;1\/4&#8243; mobile_width=&#8221;1-2&#8243;]<div class=\"grve-element grve-team grve-layout-3 grve-mouse-move\">\r\n\t<div class=\"grve-team-person\">\r\n\t\t<img loading=\"lazy\" decoding=\"async\" width=\"150\" height=\"150\" src=\"https:\/\/cfbenaim.com\/wp-content\/uploads\/2021\/09\/Eric-Fessenmeyer-portrait-150x150.jpeg\" class=\"attachment-thumbnail size-thumbnail\" alt=\"Eric Fessenmeyer portrait\" data-column-space=\"auto\" data-lazyload=\"\" \/>\t\t\t<\/div>\r\n\t<div class=\"grve-team-description\">\r\n\t\t\t\t<div class=\"grve-team-identity grve-small-text grve-text-primary-1\">Dancer<\/div>\r\n\t\t\t\t<h6 class=\"grve-team-name grve-h6\">Eric Fessenmeyer<\/h6>\r\n\t<\/div>\r\n<\/div>\r\n[vc_tta_accordion c_align=&#8221;center&#8221; c_icon=&#8221;&#8221; active_section=&#8221;99&#8243; heading_tag=&#8221;h6&#8243; heading=&#8221;subtitle-text&#8221;][vc_tta_section title=&#8221;+ bio&#8221; tab_id=&#8221;1631173042274-991d236e-43ab&#8221;][vc_column_text text_style=&#8221;leader-text&#8221;]After training at the CNR in Poitiers, Eric Fessenmeyer began his career as a performer in 1998 with Odile Azagury and Claude Magne, and continued his encounters for numerous creations and performances with Herv\u00e9 Diasnas, Christie Lehu\u00e9d\u00e9 and Laurent Falgui\u00e8ras. He participated in the adaptation of La bouche pleine de terre by Branimir Scepanovic, directed by Richard Sammut. In 2001, he joined the company of Christian and Fran\u00e7ois Ben A\u00efm for the plays O mon fr\u00e8re ! (2001), La frontera (2001), Ne vous fiez pas au titre, il peut encore changer (2003), En plein Coeur (2006) and Amor fati fati amor (2008). Since 2010, he collaborates with Joseph Nadj, as a performer in Cherry Brandy (2010), La longueur des cent aiguilles (2010), Les philosophes (2011) and Ozoon (2013). In 2007, he founded the company La Cavale with Julie Coutant, allowing him to develop his own artistic universe. A collaboration with choreographer C\u00e9cile Loyer began in 2014.[\/vc_column_text][\/vc_tta_section][\/vc_tta_accordion][\/vc_column][vc_column width=&#8221;1\/4&#8243; mobile_width=&#8221;1-2&#8243;]<div class=\"grve-element grve-team grve-layout-3 grve-mouse-move\">\r\n\t<div class=\"grve-team-person\">\r\n\t\t<img loading=\"lazy\" decoding=\"async\" width=\"150\" height=\"150\" src=\"https:\/\/cfbenaim.com\/wp-content\/uploads\/2021\/09\/Anne-Foucher-150x150.jpg\" class=\"attachment-thumbnail size-thumbnail\" alt=\"Anne Foucher\" data-column-space=\"auto\" data-lazyload=\"\" \/>\t\t\t<\/div>\r\n\t<div class=\"grve-team-description\">\r\n\t\t\t\t<div class=\"grve-team-identity grve-small-text grve-text-primary-1\">Dancer<\/div>\r\n\t\t\t\t<h6 class=\"grve-team-name grve-h6\">Anne Foucher<\/h6>\r\n\t<\/div>\r\n<\/div>\r\n[vc_tta_accordion c_align=&#8221;center&#8221; c_icon=&#8221;&#8221; active_section=&#8221;99&#8243; heading_tag=&#8221;h6&#8243; heading=&#8221;subtitle-text&#8221;][vc_tta_section title=&#8221;+ bio&#8221; tab_id=&#8221;1631173042722-4c210068-c8c3&#8243;][vc_column_text text_style=&#8221;leader-text&#8221;]After training as a physiotherapist, Anne Foucher trained as a dancer with Carole Hacker and during workshops with various choreographers. Since 1994, she has worked with Richard Mouradian, Fran\u00e7ois Laroche Vali\u00e8re, Pal Frenak, Annie Vigier and Frank Apertet, Dominique Verpraet, Jean-Antoine Bigot and Radhouane El Meddeb. From 1998 to 2005, she joined the Compagnie Fattoumi-Lamoureux as a performer and participated in eight of their creations. She created her first solo Excroissance and assisted Sophie Lamarche Damoure as an external viewer for the creation i. Holder of the DE, she teaches, gives workshops and participates in various events related to the work of the different companies she collaborates with.\u00a0In 2005, she joined Christian and Fran\u00e7ois Ben A\u00efm&#8217;s company and participated in their creations En Plein C\u0153ur (2006), Amor fati fati amor (2008) and Valse en trois temps (2010).[\/vc_column_text][\/vc_tta_section][\/vc_tta_accordion][\/vc_column][vc_column width=&#8221;1\/4&#8243; mobile_width=&#8221;1-2&#8243;]<div class=\"grve-element grve-team grve-layout-3 grve-mouse-move\">\r\n\t<div class=\"grve-team-person\">\r\n\t\t<img loading=\"lazy\" decoding=\"async\" width=\"150\" height=\"150\" src=\"https:\/\/cfbenaim.com\/wp-content\/uploads\/2023\/07\/Andrea_couleur-150x150.png\" class=\"attachment-thumbnail size-thumbnail\" alt=\"\" data-column-space=\"auto\" data-lazyload=\"\" \/>\t\t\t<\/div>\r\n\t<div class=\"grve-team-description\">\r\n\t\t\t\t<div class=\"grve-team-identity grve-small-text grve-text-primary-1\">Dancer<\/div>\r\n\t\t\t\t<h6 class=\"grve-team-name grve-h6\">Andrea Givanovitch<\/h6>\r\n\t<\/div>\r\n<\/div>\r\n[vc_tta_accordion c_align=&#8221;center&#8221; c_icon=&#8221;&#8221; active_section=&#8221;99&#8243; heading_tag=&#8221;h6&#8243; heading=&#8221;subtitle-text&#8221;][vc_tta_section title=&#8221;+ bio&#8221; tab_id=&#8221;1694184081395-1e190fd7-49a7&#8243;][vc_column_text text_style=&#8221;leader-text&#8221;]Born in 1997, Andrea Givanovitch began his dance training at the Conservatoire R\u00e9gional de Musique et de Danse de Toulouse, then at the Companyia Juvenil del Ballet Classic de Catalu\u00f1a and the Salzburg Experimental Academy of Dance.<\/p>\n<p>He has performed in Ohad Naharin&#8217;s Deca Dance for the Gaga Project Festspielhaus St P\u00f6llen in Austria and for the Bodhi Project in Reut Shemesh&#8217;s Tonky Lonky, Adrienne Hod&#8217;s Chorus Line and Patricia Apergi&#8217;s Newtopia, among others. After this last collaboration with Apergi in 2022, he joined her Aerites Dance Company in 2023.<\/p>\n<p>He has choreographed three solos in which he is a performer:<br \/>\nLost, in 2016, Leather Better, in 2022 and Untitled (Some Faggy Gestures), selected by the Atlas Program Impulstanz, in 2023.<\/p>\n<p>Alongside his work as a performer and choreographer, Andrea is a Hatha Yoga teacher.[\/vc_column_text][\/vc_tta_section][\/vc_tta_accordion][\/vc_column][\/vc_row][vc_row columns_gap=&#8221;60&#8243;][vc_column width=&#8221;1\/4&#8243; mobile_width=&#8221;1-2&#8243;]<div class=\"grve-element grve-team grve-layout-3 grve-mouse-move\">\r\n\t<div class=\"grve-team-person\">\r\n\t\t<img loading=\"lazy\" decoding=\"async\" width=\"150\" height=\"150\" src=\"https:\/\/cfbenaim.com\/wp-content\/uploads\/2023\/09\/NIkita-Goile-Copie-150x150.jpeg\" class=\"attachment-thumbnail size-thumbnail\" alt=\"\" data-column-space=\"auto\" data-lazyload=\"\" srcset=\"https:\/\/cfbenaim.com\/wp-content\/uploads\/2023\/09\/NIkita-Goile-Copie-150x150.jpeg 150w, https:\/\/cfbenaim.com\/wp-content\/uploads\/2023\/09\/NIkita-Goile-Copie-560x560.jpeg 560w, https:\/\/cfbenaim.com\/wp-content\/uploads\/2023\/09\/NIkita-Goile-Copie-900x900.jpeg 900w\" sizes=\"auto, (max-width: 150px) 100vw, 150px\" \/>\t\t\t<\/div>\r\n\t<div class=\"grve-team-description\">\r\n\t\t\t\t<div class=\"grve-team-identity grve-small-text grve-text-primary-1\">Dancer<\/div>\r\n\t\t\t\t<h6 class=\"grve-team-name grve-h6\">Nikita Goile<\/h6>\r\n\t<\/div>\r\n<\/div>\r\n[vc_tta_accordion c_align=&#8221;center&#8221; c_icon=&#8221;&#8221; active_section=&#8221;99&#8243; heading_tag=&#8221;h6&#8243; heading=&#8221;subtitle-text&#8221;][vc_tta_section title=&#8221;+ bio&#8221; tab_id=&#8221;1631173043180-90c74ee4-3b3e&#8221;][vc_column_text text_style=&#8221;leader-text&#8221;]Originally from Reunion Island, Nikita is a dancer and choreographer. Her interest in art in all its forms has led her to broaden her horizons, experimenting with visual artists, DJs, architects&#8230;<\/p>\n<p>After a stay in Israel, she joined the National Companies of Malta and Wales for several years, where she performed works by over a dozen choreographers from all over the world. After being commissioned by the National Dance Company of Wales to choreograph her first piece, it became clear that she wanted to deepen her own vision and create for herself.<br \/>\nShe left Wales to work freelance with Joy Alpuerto Ritter and Jose Agudo in London, and Eric Languet in R\u00e9union. At the same time, she created Compagnie Kah to produce her first solo.<\/p>\n<p>She then collaborated as a performer with architect Feda Wardak and choreographer Jean-Yves Phuong on their project Ci-dessous, la for\u00eat. She was then invited to choreograph for London&#8217;s English National Ballet. She joins Castafiore System as well as Hani Dance Company and Presque Compagnie in Rouen.<\/p>\n<p>She recently performed for Akram Khan and the Yasaman company.[\/vc_column_text][\/vc_tta_section][\/vc_tta_accordion][\/vc_column][vc_column width=&#8221;1\/4&#8243; mobile_width=&#8221;1-2&#8243;]<div class=\"grve-element grve-team grve-layout-3 grve-mouse-move\">\r\n\t<div class=\"grve-team-person\">\r\n\t\t<img loading=\"lazy\" decoding=\"async\" width=\"150\" height=\"150\" src=\"https:\/\/cfbenaim.com\/wp-content\/uploads\/2021\/09\/Melodie-Gonzales-150x150.jpg\" class=\"attachment-thumbnail size-thumbnail\" alt=\"M\u00e9lodie Gonzales\" data-column-space=\"auto\" data-lazyload=\"\" \/>\t\t\t<\/div>\r\n\t<div class=\"grve-team-description\">\r\n\t\t\t\t<div class=\"grve-team-identity grve-small-text grve-text-primary-1\">Dancer<\/div>\r\n\t\t\t\t<h6 class=\"grve-team-name grve-h6\">M\u00e9lodie Gonzales<\/h6>\r\n\t<\/div>\r\n<\/div>\r\n[vc_tta_accordion c_align=&#8221;center&#8221; c_icon=&#8221;&#8221; active_section=&#8221;99&#8243; heading_tag=&#8221;h6&#8243; heading=&#8221;subtitle-text&#8221;][vc_tta_section title=&#8221;+ bio&#8221; tab_id=&#8221;1749132941968-9ddf84b8-783f&#8221;][vc_column_text text_style=&#8221;leader-text&#8221;]M\u00e9lodie Gonzales, a Franco-American, began her stage experience in France with the Jeune Ballet du Languedoc and the Christiane Marciano Company. She then left to train at the New World School of the Arts in Miami, Fl., USA, where she obtained a Bachelors of Fine Arts in dance in 2004, then at the Laban Institute in London where she obtained a Master&#8217;s degree in Dance Performance. She then divides her time between Europe and the United States, collaborating with several international choreographers: Daniel Lewis (Jose Limon Co.), Michael Uthoff (MUDT), Peter London (Martha Graham Dance Co), Jennifer Muller (NYC), Aszure Barton (NYC)&#8230; In 2009, she won the ADAMI&#8217;s Rencontres Talents Danse competition for performers. In 2010, she created the artists&#8217; collective CERICA within which she developed her own choreographic research with the pieces Pi\u00e8ces Courtes and Poup\u00e9es Post-it.\u00a0In 2013, she co-directed her first feature film with Daniel Madoff (ex-dancer of Merce Cunningham).\u00a0As a teacher, M\u00e9lodie taught in Miami in 2004 and in London between 2007 and 2009 at the Trinity Laban Institute and Lewisham College in London. Since 2008, she has been developing a movement exploration technique for dancers and non-dancers that she shares through classes and workshops.\u00a0In 2014, she became a member of the KD Danse company directed by Kirsten Debrock and joined Christian and Fran\u00e7ois Ben A\u00efm for their new project, La l\u00e9g\u00e8ret\u00e9 des temp\u00eates.[\/vc_column_text][\/vc_tta_section][\/vc_tta_accordion][\/vc_column][vc_column width=&#8221;1\/4&#8243; mobile_width=&#8221;1-2&#8243;]<div class=\"grve-element grve-team grve-layout-3 grve-mouse-move\">\r\n\t<div class=\"grve-team-person\">\r\n\t\t<img loading=\"lazy\" decoding=\"async\" width=\"150\" height=\"150\" src=\"https:\/\/cfbenaim.com\/wp-content\/uploads\/2025\/04\/1-150x150.png\" class=\"attachment-thumbnail size-thumbnail\" alt=\"\" data-column-space=\"auto\" data-lazyload=\"\" \/>\t\t\t<\/div>\r\n\t<div class=\"grve-team-description\">\r\n\t\t\t\t<div class=\"grve-team-identity grve-small-text grve-text-primary-1\">Dancer, acrobat<\/div>\r\n\t\t\t\t<h6 class=\"grve-team-name grve-h6\">Louise Hardouin<\/h6>\r\n\t<\/div>\r\n<\/div>\r\n[vc_tta_accordion c_align=&#8221;center&#8221; c_icon=&#8221;&#8221; active_section=&#8221;99&#8243; heading_tag=&#8221;h6&#8243; heading=&#8221;subtitle-text&#8221;][vc_tta_section title=&#8221;+ bio&#8221; tab_id=&#8221;1631175380290-543f5f6f-3725&#8243;][vc_column_text css=&#8221;&#8221; text_style=&#8221;leader-text&#8221;]<\/p>\n<p data-start=\"106\" data-end=\"504\">A graduate of the Acad\u00e9mie Fratellini in 2024, she developed, throughout her training, an acrobatic approach centered on the uniqueness of the body and the movement it generates. Her work brings together the raw, sincere impulses inherent to acrobatics with the poetic softness of the surrounding movement. She seeks a physical language that allows her to open new doors into acrobatic exploration.<\/p>\n<p data-start=\"506\" data-end=\"1021\">During her time at the Acad\u00e9mie Fratellini, she worked notably with Rapha\u00eblle Boitel on the shows <em data-start=\"604\" data-end=\"624\">La Chute des Anges<\/em> and <em data-start=\"629\" data-end=\"652\">Le Cycle de l\u2019Absurde<\/em>, as well as with Guillaume Clayssen on the creation <em data-start=\"705\" data-end=\"715\">Friendly<\/em>, their first collaboration. This partnership continues with the piece <em data-start=\"786\" data-end=\"800\">Suis-je b\u00eate<\/em> (premiering in 2025). She is currently touring with Lucas Struna in <em data-start=\"869\" data-end=\"881\">Axis Mundi<\/em>, a circus creation designed for museum spaces, and also collaborates with Julie Tavert on <em data-start=\"972\" data-end=\"981\">Automne<\/em>, a piece set to premiere in March 2025.<\/p>\n<p data-start=\"1023\" data-end=\"1327\">In 2024, she founded the company SBAH to produce her first solo show <em data-start=\"1092\" data-end=\"1098\">Yaca<\/em>, an immersive project developed with the support of Fanny Soriano and No\u00e9 Chapsal. Planned for spring 2026, <em data-start=\"1207\" data-end=\"1213\">Yaca<\/em> is designed for public space, with the ambition to offer audiences an immersive, simple and heartfelt experience.<\/p>\n<p data-start=\"1329\" data-end=\"1555\">Her first encounter with Christian and Fran\u00e7ois Ben A\u00efm took place in spring 2023, during the creation of <em data-start=\"1435\" data-end=\"1471\">Suspens ! Un hymne \u00e0 la suspension<\/em> \u2013 a site-specific work created with eight apprentices from the Acad\u00e9mie Fratellini.<\/p>\n<p>\u00a0[\/vc_column_text][\/vc_tta_section][\/vc_tta_accordion][\/vc_column][vc_column width=&#8221;1\/4&#8243; mobile_width=&#8221;1-2&#8243;]<div class=\"grve-element grve-team grve-layout-3 grve-mouse-move\">\r\n\t<div class=\"grve-team-person\">\r\n\t\t<img loading=\"lazy\" decoding=\"async\" width=\"150\" height=\"150\" src=\"https:\/\/cfbenaim.com\/wp-content\/uploads\/2021\/09\/Felix-Heaulme-150x150.jpg\" class=\"attachment-thumbnail size-thumbnail\" alt=\"F\u00e9lix H\u00e9aulme\" data-column-space=\"auto\" data-lazyload=\"\" \/>\t\t\t<\/div>\r\n\t<div class=\"grve-team-description\">\r\n\t\t\t\t<div class=\"grve-team-identity grve-small-text grve-text-primary-1\">Dancer<\/div>\r\n\t\t\t\t<h6 class=\"grve-team-name grve-h6\">F\u00e9lix H\u00e9aulme<\/h6>\r\n\t<\/div>\r\n<\/div>\r\n[vc_tta_accordion c_align=&#8221;center&#8221; c_icon=&#8221;&#8221; active_section=&#8221;99&#8243; heading_tag=&#8221;h6&#8243; heading=&#8221;subtitle-text&#8221;][vc_tta_section title=&#8221;+ bio&#8221; tab_id=&#8221;1630937936035-90a53974-5e61&#8243;][vc_column_text text_style=&#8221;leader-text&#8221;]Felix H\u00e9aulme started dancing at a very young age with the Groupe Grenade directed by Josette Ba\u00efz, in which he trained in different techniques and participated in numerous creations.\u00a0He then joined the professional company of Josette Ba\u00efz from 2006 to 2014 as a dancer and teacher, and he also created some choreographic modules for the young people of the group.\u00a0In 2014 he met Michel Kelemenis, and joined his company for two creations.\u00a0As the meetings go by, he participates in various projects, with the company Elephante\/Sandra Fran\u00e7ais, the company Beaver Dam\/Edouard Hue, the collective Fr\u00e9quence Moteur\/Valentine Paley, or the G.U.I.D\/Angelin Preljocaj.\u00a0In 2016, he joined the company Christian and Fran\u00e7ois Ben A\u00efm on the creation Br\u00fblent nos c\u0153urs insoumis, then on the creation Mirages &#8211; Les \u00e2mes bor\u00e9ales in 2018.[\/vc_column_text][\/vc_tta_section][\/vc_tta_accordion][\/vc_column][\/vc_row][vc_row columns_gap=&#8221;60&#8243;][vc_column width=&#8221;1\/4&#8243; mobile_width=&#8221;1-2&#8243;]<div class=\"grve-element grve-team grve-layout-3 grve-mouse-move\">\r\n\t<div class=\"grve-team-person\">\r\n\t\t<img loading=\"lazy\" decoding=\"async\" width=\"150\" height=\"150\" src=\"https:\/\/cfbenaim.com\/wp-content\/uploads\/2023\/07\/images-Copie1-150x150.jpg\" class=\"attachment-thumbnail size-thumbnail\" alt=\"\" data-column-space=\"auto\" data-lazyload=\"\" \/>\t\t\t<\/div>\r\n\t<div class=\"grve-team-description\">\r\n\t\t\t\t<div class=\"grve-team-identity grve-small-text grve-text-primary-1\">Dancer<\/div>\r\n\t\t\t\t<h6 class=\"grve-team-name grve-h6\">Jeremy Kouyoumdjian<\/h6>\r\n\t<\/div>\r\n<\/div>\r\n[vc_tta_accordion c_align=&#8221;center&#8221; c_icon=&#8221;&#8221; active_section=&#8221;99&#8243; heading_tag=&#8221;h6&#8243; heading=&#8221;subtitle-text&#8221;][vc_tta_section title=&#8221;+ bio&#8221; tab_id=&#8221;1631174743108-45dfbc7a-207e&#8221;][vc_column_text text_style=&#8221;leader-text&#8221;]Jeremy Kouyoumdjian trained at the CNSMD in Lyon for 4 years, finishing in 2008.<\/p>\n<p>As soon as he graduated, he worked as an interpreter for Ballet Preljocaj and Sylvain Groud&#8217;s company.<\/p>\n<p>Over the past 10 years, he has continued to develop his career as an interpreter, multiplying his artistic collaborations with Jann Gallois, Russel Maliphant, Fran\u00e7ois Veyrunes and the Eric Fessenmeyer-Julie Coutant duo.<\/p>\n<p>In 2014, he founded Compagnie Lamento as an assistant with choreographer Sylvere Lamotte.[\/vc_column_text][\/vc_tta_section][\/vc_tta_accordion][\/vc_column][vc_column width=&#8221;1\/4&#8243; mobile_width=&#8221;1-2&#8243;]<div class=\"grve-element grve-team grve-layout-3 grve-mouse-move\">\r\n\t<div class=\"grve-team-person\">\r\n\t\t<img loading=\"lazy\" decoding=\"async\" width=\"150\" height=\"150\" src=\"https:\/\/cfbenaim.com\/wp-content\/uploads\/2021\/09\/Mylene-Lamugniere-150x150.jpg\" class=\"attachment-thumbnail size-thumbnail\" alt=\"Myl\u00e8ne Lamugni\u00e8re\" data-column-space=\"auto\" data-lazyload=\"\" \/>\t\t\t<\/div>\r\n\t<div class=\"grve-team-description\">\r\n\t\t\t\t<div class=\"grve-team-identity grve-small-text grve-text-primary-1\">Dancer<\/div>\r\n\t\t\t\t<h6 class=\"grve-team-name grve-h6\">Myl\u00e8ne Lamugni\u00e8re<\/h6>\r\n\t<\/div>\r\n<\/div>\r\n[vc_tta_accordion c_align=&#8221;center&#8221; c_icon=&#8221;&#8221; active_section=&#8221;99&#8243; heading_tag=&#8221;h6&#8243; heading=&#8221;subtitle-text&#8221;][vc_tta_section title=&#8221;+ bio&#8221; tab_id=&#8221;1631174744051-191662e0-446b&#8221;][vc_column_text text_style=&#8221;leader-text&#8221;]After studying Foreign Languages Applied to Commerce and Communication, Myl\u00e8ne obtained a Master 2 in Management of Cultural Organizations and Events in 2007.\u00a0She then joined Josette Ba\u00efz&#8217;s company Grenade from 2008 to 2014 where she collaborated with various choreographers such as Jean-Claude Gallotta, Abou Laagra, J\u00e9r\u00f4me Bel, Dominique Hervieu, Eun-me Ahn and Germaine Acogny.\u00a0In 2014, she joined Gilles Veri\u00e8pe for his creation She-M\u00e2le and participated in the revival of the role of his piece Kube. This same year marks the beginning of her collaboration with Michel Kelemenis with whom she participates in two creations including Rock&amp;Goal in 2016.\u00a0Myl\u00e8ne also collaborates on more occasional projects with Jean-Antoine Bigot and Anne Le Batard&#8217;s company Ex-Nihilo, the German-Swiss choreographer L\u00e9a Moro and Herv\u00e9 Koubi.\u00a0Holder of the DE, she teaches and participates in various events related to the work of the different companies with which she collaborates: teaching, creation, assisting.\u00a0In 2016, she joined the company Christian and Fran\u00e7ois Ben A\u00efm on the creation Mirages &#8211; Les \u00e2mes bor\u00e9ales.[\/vc_column_text][\/vc_tta_section][\/vc_tta_accordion][\/vc_column][vc_column width=&#8221;1\/4&#8243; mobile_width=&#8221;1-2&#8243;]<div class=\"grve-element grve-team grve-layout-3 grve-mouse-move\">\r\n\t<div class=\"grve-team-person\">\r\n\t\t<img loading=\"lazy\" decoding=\"async\" width=\"150\" height=\"150\" src=\"https:\/\/cfbenaim.com\/wp-content\/uploads\/2023\/03\/IMG_6762-filtre-150x150.jpg\" class=\"attachment-thumbnail size-thumbnail\" alt=\"\" data-column-space=\"auto\" data-lazyload=\"\" srcset=\"https:\/\/cfbenaim.com\/wp-content\/uploads\/2023\/03\/IMG_6762-filtre-150x150.jpg 150w, https:\/\/cfbenaim.com\/wp-content\/uploads\/2023\/03\/IMG_6762-filtre-560x560.jpg 560w, https:\/\/cfbenaim.com\/wp-content\/uploads\/2023\/03\/IMG_6762-filtre-900x900.jpg 900w\" sizes=\"auto, (max-width: 150px) 100vw, 150px\" \/>\t\t\t<\/div>\r\n\t<div class=\"grve-team-description\">\r\n\t\t\t\t<div class=\"grve-team-identity grve-small-text grve-text-primary-1\">Dancer<\/div>\r\n\t\t\t\t<h6 class=\"grve-team-name grve-h6\">L\u00e9a Lansade<\/h6>\r\n\t<\/div>\r\n<\/div>\r\n[vc_tta_accordion c_align=&#8221;center&#8221; c_icon=&#8221;&#8221; active_section=&#8221;99&#8243; heading_tag=&#8221;h6&#8243; heading=&#8221;subtitle-text&#8221;][vc_tta_section title=&#8221;+ bio&#8221; tab_id=&#8221;1632409357014-790ea6c9-570a&#8221;][vc_column_text text_style=&#8221;leader-text&#8221;]After studying at the CNSMD in Paris, from which she graduated in 2006, L\u00e9a Lansade joined the GUID of the Ballet Preljocaj, National Choreographic Center of Aix-en-Provence and continued her career as a performer with choreographers Jean-Christophe Bocl\u00e9, Emilio Calcagno and director Pierre Longuenesse.<br \/>\nAs a contemporary dance teacher, she also teaches young dancers in conservatories, leads workshops for amateur audiences and has been a guest artist in schools since 2010, leading various Danse a l&#8217;Ecole projects for kindergarten to high school classes.<br \/>\nFollowing the meeting with choreographer Didier Th\u00e9ron, she becomes a performer of the company in 2011. In 2012, she created Exploit, by Pauline Simon, presented in September 2013 at the Th\u00e9\u00e2tre des Abbesses.<br \/>\nAt the same time, she joined the company De l&#8217;Entre-Deux and began a collaboration with the choreographer and writer Daniel Dobbels for the creation of Entre les \u00e9crans du temps (May 2014, Th\u00e9\u00e2tre National de Chaillot) until 2017 with Sur le silence du temps.<br \/>\nShe is also a performer for the choreographers Mi\u00e9 Coquempot, company K622 (1080 &#8211; art de la Fugue, Offrande), S\u00e9bastien Ly, company Kerman ( Au-del\u00e0 de l&#8217;Absence, Aux portes de l&#8217;oubli), Daniel Larrieu, Astrakan company (Litt\u00e9ral, creation, Play 612, Chiquenaudes &amp; Romance en Stuc, reactivation), Pauline Simon (Lo-Fi Dance), S\u00e9bastien Laurent, Moi Peau company ( D\u00e9senchanter &#8211; r\u00e9 enchanter, Corps Inou\u00efs).<br \/>\nThe solo Instantan\u00e9#2 is born in January 2019, the result of a collaboration with the choreographer Fran\u00e7ois Ben A\u00efm and the quartet Voce. She performs the D\u00e9clinaisons de la Navarre by the company PJPP &#8211; Claire Laureau and Nicolas Chaigneau during the year 2020 and begins the creation KNIT with the director Marine Mane (company In Vitro), the Impact quartet and the composer Karl Naegelen.<br \/>\nHer interest in research led her to experiment with the work of Nacera Belaza between 2020 and 2021.<br \/>\nIn 2022, she began working with B\u00e9atrice Massin in the Compagnie F\u00eates Galantes and performed in the piece Requiem &#8211; la mort joyeuse created in November 2022. She collaborates with Fran\u00e7ois Ben A\u00efm for the creation of the solo Instantan\u00e9s #2.[\/vc_column_text][\/vc_tta_section][\/vc_tta_accordion][\/vc_column][vc_column width=&#8221;1\/4&#8243; mobile_width=&#8221;1-2&#8243;]<div class=\"grve-element grve-team grve-layout-3 grve-mouse-move\">\r\n\t<div class=\"grve-team-person\">\r\n\t\t<img loading=\"lazy\" decoding=\"async\" width=\"150\" height=\"150\" src=\"https:\/\/cfbenaim.com\/wp-content\/uploads\/2021\/09\/Remi_thumb-150x150.jpg\" class=\"attachment-thumbnail size-thumbnail\" alt=\"remi-messger-leblanc-danseur\" data-column-space=\"auto\" data-lazyload=\"\" \/>\t\t\t<\/div>\r\n\t<div class=\"grve-team-description\">\r\n\t\t\t\t<div class=\"grve-team-identity grve-small-text grve-text-primary-1\">Dancer<\/div>\r\n\t\t\t\t<h6 class=\"grve-team-name grve-h6\">R\u00e9mi Leblanc-Messager<\/h6>\r\n\t<\/div>\r\n<\/div>\r\n[vc_tta_accordion c_align=&#8221;center&#8221; c_icon=&#8221;&#8221; active_section=&#8221;99&#8243; heading_tag=&#8221;h6&#8243; heading=&#8221;subtitle-text&#8221;][vc_tta_section title=&#8221;+ bio&#8221; tab_id=&#8221;1632409357906-ebc435ca-088b&#8221;][vc_column_text text_style=&#8221;leader-text&#8221;]Born in Rennes, R\u00e9mi Leblanc-Messager discovers contemporary dance in 2006 within the university choreographic group of his native city, in parallel with his studies of Art History and Archaeology. It was during this period that he met Fabrice Dasse, Catherine Diverr\u00e8s&#8217; dancer, who pushed him to go further in the practice of this art. After his dance studies in Montpellier, he works during these two years with, among others, Claude Brumachon, Sylvie Girond, Larrio Ekson within the training EpseDanse. In 2010 he joins the Jam Art Company of Constantinos Tsakirelis based in Athens for the creations L&#8217;Echo du Silence and 117 Eclisomata. That same year he participated in the creation Entre Chiens et Loups by Salia Sanou and Anne-Marie Porras for the opening of the Montpellier Danse 2010 festival. He is also a dancer for the company Astatic where he participates in the creations E-moi and Issue. In 2012, he became a dancer in the company Bissextille of St\u00e9phane Fratti on the creation Mur Mur and joined the company Etant Donn\u00e9 for the 2013 creation Les Noces. During this year he participated in the creation Au temps o\u00f9 les arabes dansaient by Radhouane El Meddeb as well as \u00d4 mon fr\u00e8re ! by Christian and Fran\u00e7ois Ben A\u00efm. In 2014 he participated in the creation Miravella for the company ACT2\/Catherine Dreyfus.[\/vc_column_text][\/vc_tta_section][\/vc_tta_accordion][\/vc_column][\/vc_row][vc_row columns_gap=&#8221;60&#8243;][vc_column width=&#8221;1\/4&#8243; mobile_width=&#8221;1-2&#8243;]<div class=\"grve-element grve-team grve-layout-3 grve-mouse-move\">\r\n\t<div class=\"grve-team-person\">\r\n\t\t<img loading=\"lazy\" decoding=\"async\" width=\"150\" height=\"150\" src=\"https:\/\/cfbenaim.com\/wp-content\/uploads\/2021\/09\/Marie-Levenez-150x150.jpg\" class=\"attachment-thumbnail size-thumbnail\" alt=\"Marie L\u00e9v\u00e9nez\" data-column-space=\"auto\" data-lazyload=\"\" \/>\t\t\t<\/div>\r\n\t<div class=\"grve-team-description\">\r\n\t\t\t\t<div class=\"grve-team-identity grve-small-text grve-text-primary-1\">Dancer<\/div>\r\n\t\t\t\t<h6 class=\"grve-team-name grve-h6\">Marie L\u00e9v\u00e9nez<\/h6>\r\n\t<\/div>\r\n<\/div>\r\n[vc_tta_accordion c_align=&#8221;center&#8221; c_icon=&#8221;&#8221; active_section=&#8221;99&#8243; heading_tag=&#8221;h6&#8243; heading=&#8221;subtitle-text&#8221;][vc_tta_section title=&#8221;+ bio&#8221; tab_id=&#8221;1631176150011-f50b2c79-1cb9&#8243;][vc_column_text text_style=&#8221;leader-text&#8221;]Marie L\u00e9v\u00e9nez trained in academic dance (neo-classical, contemporary) at the Conservatoire de Versailles where she obtained her diploma of choreographic studies (DEC). Her first year was marked by improvisation work based on the work of Pina Baush. This was the beginning of a great interest in dance theater. She joined the junior company le Marchepied in Lausanne. She has the opportunity to dance several pieces by Swiss choreographers and to perform abroad and regularly in public spaces. In 2018 she performed for the Quarts d&#8217;heures de S\u00e9velin, with the choreographer Judith Desse. She researches, develops and enriches her movement by participating in workshops abroad. For two years, she joined the Cobosmika training program, including a year with Peter Mika&#8217;s junior company. Following this course, she worked in the new piece Geisha by Diego Sinniger Sala. She discovered a passion for clubbing dances, including electro. She then started training alone or with dancers.[\/vc_column_text][\/vc_tta_section][\/vc_tta_accordion][\/vc_column][vc_column width=&#8221;1\/4&#8243; mobile_width=&#8221;1-2&#8243;]<div class=\"grve-element grve-team grve-layout-3 grve-mouse-move\">\r\n\t<div class=\"grve-team-person\">\r\n\t\t<img loading=\"lazy\" decoding=\"async\" width=\"150\" height=\"150\" src=\"https:\/\/cfbenaim.com\/wp-content\/uploads\/2021\/09\/Paolo-Locci-150x150.jpg\" class=\"attachment-thumbnail size-thumbnail\" alt=\"Paolo Locci\" data-column-space=\"auto\" data-lazyload=\"\" \/>\t\t\t<\/div>\r\n\t<div class=\"grve-team-description\">\r\n\t\t\t\t<div class=\"grve-team-identity grve-small-text grve-text-primary-1\">Circus artist<\/div>\r\n\t\t\t\t<h6 class=\"grve-team-name grve-h6\">Paolo Locci<\/h6>\r\n\t<\/div>\r\n<\/div>\r\n[vc_tta_accordion c_align=&#8221;center&#8221; c_icon=&#8221;&#8221; active_section=&#8221;99&#8243; heading_tag=&#8221;h6&#8243; heading=&#8221;subtitle-text&#8221;][vc_tta_section title=&#8221;+ bio&#8221; tab_id=&#8221;1719485436873-096c14a2-b991&#8243;][vc_column_text text_style=&#8221;leader-text&#8221;]After a circus training at the FLIC school in Turin, then in Brussels at the Ecole Sup\u00e9rieure des Arts du Cirque, Paolo Locci specializes in Chinese mast, and &#8220;hand to hand&#8221;. Back in Turin, he became a teacher of Chinese mast at the FLIC school, and offers workshops for professionals and amateurs. In 2009, he created his own company Ibonobi while continuing to work as a performer with several circus and street companies. He joined the Christian and Fran\u00e7ois Ben A\u00efm company in 2010 for the piece L&#8217;Ogresse des archives et son chien (2011).[\/vc_column_text][\/vc_tta_section][\/vc_tta_accordion][\/vc_column][vc_column width=&#8221;1\/4&#8243; mobile_width=&#8221;1-2&#8243;]<div class=\"grve-element grve-team grve-layout-3 grve-mouse-move\">\r\n\t<div class=\"grve-team-person\">\r\n\t\t<img loading=\"lazy\" decoding=\"async\" width=\"150\" height=\"150\" src=\"https:\/\/cfbenaim.com\/wp-content\/uploads\/2024\/06\/andrea-moufounda-c-Jorg-Koopmann-150x150.jpg\" class=\"attachment-thumbnail size-thumbnail\" alt=\"\" data-column-space=\"auto\" data-lazyload=\"\" srcset=\"https:\/\/cfbenaim.com\/wp-content\/uploads\/2024\/06\/andrea-moufounda-c-Jorg-Koopmann-150x150.jpg 150w, https:\/\/cfbenaim.com\/wp-content\/uploads\/2024\/06\/andrea-moufounda-c-Jorg-Koopmann-560x560.jpg 560w, https:\/\/cfbenaim.com\/wp-content\/uploads\/2024\/06\/andrea-moufounda-c-Jorg-Koopmann-900x900.jpg 900w\" sizes=\"auto, (max-width: 150px) 100vw, 150px\" \/>\t\t\t<\/div>\r\n\t<div class=\"grve-team-description\">\r\n\t\t\t\t<div class=\"grve-team-identity grve-small-text grve-text-primary-1\">dancer<\/div>\r\n\t\t\t\t<h6 class=\"grve-team-name grve-h6\">Andr\u00e9a Moufounda<\/h6>\r\n\t<\/div>\r\n<\/div>\r\n[vc_tta_accordion c_align=&#8221;center&#8221; c_icon=&#8221;&#8221; active_section=&#8221;99&#8243; heading_tag=&#8221;h6&#8243; heading=&#8221;subtitle-text&#8221;][vc_tta_section title=&#8221;+ bio&#8221; tab_id=&#8221;1631174743596-7a654c97-bdda&#8221;][vc_column_text css=&#8221;&#8221; text_style=&#8221;leader-text&#8221;]Andr\u00e9a Moufounda began contemporary dance at the age of 5 in Beaune, France.<\/p>\n<p>Then, in 2015, she entered the Conservatoire National Sup\u00e9rieur de Musique et de Danse de Paris, where she studied under various renowned teachers such as Cheryl Therrien and Edmond Russo.<\/p>\n<p>Since obtaining her DNSP in 2018, Andr\u00e9a has had the opportunity to work as a dancer-performer for a number of companies:<\/p>\n<ul>\n<li>Cie par Terre \/ Anne Nguyen &#8211; <em>\u00c0 mon bel amour<\/em><\/li>\n<li>Cie Kashyl \/ Ashley Chen &#8211; <em>Distances<\/em>, <em>Outside Flow<\/em> (short film)<\/li>\n<li>Maud Le Pladec &#8211; <em>Counting Stars With You<\/em> (song and dance)<\/li>\n<li>OD WORKS \/ Oona Doherty &#8211; <em>Navy Blue<\/em><\/li>\n<li>Affari Esteri &#8211; <em>SubRosa<\/em><\/li>\n<li>la Cie Zimar\u00e8l \/ L\u00e9o L\u00e9rus &#8211; <em>Gounouj<\/em><\/li>\n<\/ul>\n<p>[\/vc_column_text][\/vc_tta_section][\/vc_tta_accordion][\/vc_column][vc_column width=&#8221;1\/4&#8243; mobile_width=&#8221;1-2&#8243;]<div class=\"grve-element grve-team grve-layout-3 grve-mouse-move\">\r\n\t<div class=\"grve-team-person\">\r\n\t\t<img loading=\"lazy\" decoding=\"async\" width=\"150\" height=\"150\" src=\"https:\/\/cfbenaim.com\/wp-content\/uploads\/2021\/09\/Gregoire-Puren-150x150.jpg\" class=\"attachment-thumbnail size-thumbnail\" alt=\"Gr\u00e9goire Puren\" data-column-space=\"auto\" data-lazyload=\"\" \/>\t\t\t<\/div>\r\n\t<div class=\"grve-team-description\">\r\n\t\t\t\t<div class=\"grve-team-identity grve-small-text grve-text-primary-1\">Dancer, circus artist<\/div>\r\n\t\t\t\t<h6 class=\"grve-team-name grve-h6\">Gr\u00e9goire Puren<\/h6>\r\n\t<\/div>\r\n<\/div>\r\n[vc_tta_accordion c_align=&#8221;center&#8221; c_icon=&#8221;&#8221; active_section=&#8221;99&#8243; heading_tag=&#8221;h6&#8243; heading=&#8221;subtitle-text&#8221;][vc_tta_section title=&#8221;+ bio&#8221; tab_id=&#8221;1631175602045-e4b7f616-6db4&#8243;][vc_column_text text_style=&#8221;leader-text&#8221;]Child of an actor, very quickly confronted with the public, he takes a complementary path by entering the Annie Fratellini circus school and the SAMOVAR theater school in Paris. Some of his first projects found their culmination in the street and in companies by applying the knowledge of his various trainings, such as commedia dell&#8217;arte, clowning, acrobatics, Chinese mat, movement theater with Claire Heggen, Amy Atthab, Pina Blankevort, Franck Dinet, Cie Malabar, Cie Rasposo, Cie Les Sangles. From then on, he opened himself to contemporary expression and never stopped exploring the choreographic universe, multiplying workshops and courses with Catherine Dubois, Jordi Vidal, Jackie Taffanel. Since 2010, he has collaborated with Christian and Fran\u00e7ois Ben A\u00efm for the pieces L&#8217;Ogresse des archives et son chien (2011) and La For\u00eat \u00e9bouriff\u00e9e (2013).[\/vc_column_text][\/vc_tta_section][\/vc_tta_accordion][\/vc_column][\/vc_row][vc_row columns_gap=&#8221;60&#8243;][vc_column width=&#8221;1\/4&#8243;]<div class=\"grve-element grve-team grve-layout-3 grve-mouse-move\">\r\n\t<div class=\"grve-team-person\">\r\n\t\t<img loading=\"lazy\" decoding=\"async\" width=\"150\" height=\"150\" src=\"https:\/\/cfbenaim.com\/wp-content\/uploads\/2021\/09\/Anne-Flore-de-Rochambeau-150x150.jpg\" class=\"attachment-thumbnail size-thumbnail\" alt=\"Anne-Flore de Rochambeau\" data-column-space=\"auto\" data-lazyload=\"\" \/>\t\t\t<\/div>\r\n\t<div class=\"grve-team-description\">\r\n\t\t\t\t<div class=\"grve-team-identity grve-small-text grve-text-primary-1\">Dancer<\/div>\r\n\t\t\t\t<h6 class=\"grve-team-name grve-h6\">Anne-Flore de Rochambeau<\/h6>\r\n\t<\/div>\r\n<\/div>\r\n[vc_tta_accordion c_align=&#8221;center&#8221; c_icon=&#8221;&#8221; active_section=&#8221;99&#8243; heading_tag=&#8221;h6&#8243; heading=&#8221;subtitle-text&#8221;][vc_tta_section title=&#8221;+ bio&#8221; tab_id=&#8221;1749132694678-93309497-7ae3&#8243;][vc_column_text text_style=&#8221;leader-text&#8221;]Following her artistic training in Paris, New York and Montreal (UQAM, Bacc Danse 2012), Anne-Flore de Rochambeau is developing her practice as a performer and choreographer in Montreal.\u00a0Her choreographic research is strongly influenced by her Bachelor&#8217;s degree in Applied Mathematics and Social Sciences and focuses on the development of a sensitive gesture that architects space in the image of our social behaviors.\u00a0In 2013, she began the development of a choreographic triptych inspired by fluid dynamics, the different parts of which were presented in several festivals such as Quartiers Danses and Zone Homa (Montreal), Acc\u00e8s Danse (Ch\u00e2teauguay), as well as Dance Matters (Toronto) and Auteurs de Troubles (France). At the same time, she is developing Alt-shift with choreographer Liliane Moussa, a creative laboratory developing in situ and immersive choreographic works, open to unpredictability, artistic collaborations and the exploration of multiple venues. At a time when the performative and provocative spectacle is in effervescence, Anne-Flore inhabits the space of a refined aesthetic where the bodies embody an organic and intuitive language. Exploring the intimate relationship between the individual and his or her environment, she develops a body language that reflects the unconscious mechanisms that characterize our interactions. In 2015, a first meeting took place with Christian &amp; Fran\u00e7ois Ben A\u00efm in Cayenne around the creation of the duet D\u00e9vore-moi, il n&#8217;y a rien \u00e0 craindre, commissioned by Touka Danse &#8211; CDC Guyane.<br \/>\n<span style=\"text-decoration: underline;\"><a href=\"http:\/\/annefloredanse.com\" target=\"_blank\" rel=\"noopener\">annefloredanse.com<\/a><\/span>[\/vc_column_text][\/vc_tta_section][\/vc_tta_accordion][\/vc_column][vc_column width=&#8221;1\/4&#8243;]<div class=\"grve-element grve-team grve-layout-3 grve-mouse-move\">\r\n\t<div class=\"grve-team-person\">\r\n\t\t<img loading=\"lazy\" decoding=\"async\" width=\"150\" height=\"150\" src=\"https:\/\/cfbenaim.com\/wp-content\/uploads\/2025\/04\/2-150x150.png\" class=\"attachment-thumbnail size-thumbnail\" alt=\"\" data-column-space=\"auto\" data-lazyload=\"\" \/>\t\t\t<\/div>\r\n\t<div class=\"grve-team-description\">\r\n\t\t\t\t<div class=\"grve-team-identity grve-small-text grve-text-primary-1\">Dancer, acrobat<\/div>\r\n\t\t\t\t<h6 class=\"grve-team-name grve-h6\">Jules Sadoughi<\/h6>\r\n\t<\/div>\r\n<\/div>\r\n[vc_tta_accordion c_align=&#8221;center&#8221; c_icon=&#8221;&#8221; active_section=&#8221;99&#8243; heading_tag=&#8221;h6&#8243; heading=&#8221;subtitle-text&#8221;][vc_tta_section title=&#8221;+ bio&#8221; tab_id=&#8221;1631175602601-0c81e4b3-bd4d&#8221;][vc_column_text css=&#8221;&#8221; text_style=&#8221;leader-text&#8221;]<\/p>\n<p data-start=\"92\" data-end=\"355\">Alongside his practice of music and circus arts, Jules Sadoughi began his professional career as an actor, working in theatre and film with directors such as Alain Tasma, Beno\u00eet Jacquot, Mona Achache, Romain Cogitore, Nicolas Birkenstock, and Jean-Jacques Annaud.<\/p>\n<p data-start=\"357\" data-end=\"456\">Contemporary dance soon became a central element in his physical exploration and artistic approach.<\/p>\n<p data-start=\"458\" data-end=\"615\">Circus then emerged as the meeting point of all his practices and interests. He trained at ENACR and later at CNAC, specializing in acro-dance and Cyr wheel.<\/p>\n<p data-start=\"617\" data-end=\"791\">In 2018, he joined Compagnie DCA \u2013 Philippe Decoufl\u00e9, followed by Th\u00e9\u00e2tre du Phare with Olivier Letellier in 2019, as well as other companies such as Compagnie H.M.G in 2020.<\/p>\n<p data-start=\"793\" data-end=\"956\">In 2019, he co-founded Compagnie Nawar with Tommy Entresangle, notably creating the piece <em data-start=\"883\" data-end=\"921\">R=OG (Risque = Occurrence x Gravit\u00e9)<\/em> and the acro-dance solo <em data-start=\"946\" data-end=\"955\">Miettes<\/em>.<\/p>\n<p>\u00a0[\/vc_column_text][\/vc_tta_section][\/vc_tta_accordion][\/vc_column][vc_column width=&#8221;1\/4&#8243;]<div class=\"grve-element grve-team grve-layout-3 grve-mouse-move\">\r\n\t<div class=\"grve-team-person\">\r\n\t\t<img loading=\"lazy\" decoding=\"async\" width=\"150\" height=\"150\" src=\"https:\/\/cfbenaim.com\/wp-content\/uploads\/2021\/09\/Pierre-Emmanuel-Sorignet-150x150.jpg\" class=\"attachment-thumbnail size-thumbnail\" alt=\"Pierre-Emmanuel Sorignet\" data-column-space=\"auto\" data-lazyload=\"\" \/>\t\t\t<\/div>\r\n\t<div class=\"grve-team-description\">\r\n\t\t\t\t<div class=\"grve-team-identity grve-small-text grve-text-primary-1\">Dancer<\/div>\r\n\t\t\t\t<h6 class=\"grve-team-name grve-h6\">Pierre-Emmanuel Sorignet<\/h6>\r\n\t<\/div>\r\n<\/div>\r\n[vc_tta_accordion c_align=&#8221;center&#8221; c_icon=&#8221;&#8221; active_section=&#8221;99&#8243; heading_tag=&#8221;h6&#8243; heading=&#8221;subtitle-text&#8221;][vc_tta_section title=&#8221;+ bio&#8221; tab_id=&#8221;1631177058361-a478c6a2-2fc6&#8243;][vc_column_text text_style=&#8221;leader-text&#8221;]Sociologist, dancer and choreographer, Pierre-Emmanuel Sorignet is an associate researcher at the social sciences laboratory of the Ecole Normale Sup\u00e9rieure and a lecturer at the University of Lausanne. His sociological work is essentially focused on the dance profession. He has written several articles on this theme. The synthesis of his work has been published in 2010 in the book Danser, enqu\u00eate dans les coulisses d&#8217;une vocation, published by La D\u00e9couverte. In 1993 he began his career as a performer with Philippe Glass, in a danced opera choreographed by Birgitta Trommler (in Germany) and then with the Silenda company. Between 2006 and 2010 he joined the CCN of Caen Fattoumi-Lamoureux as a performer.<br \/>\nHe collaborates with the company Christian and Fran\u00e7ois Ben A\u00efm for a new role in Un homme en marche (1999), then for the creations of En plein c\u0153ur (2006), L&#8217;Ogresse des archives et son chien (2011) and for several event projects. In 2013, he choreographed Un camion dans la t\u00eate.[\/vc_column_text][\/vc_tta_section][\/vc_tta_accordion][\/vc_column][vc_column width=&#8221;1\/4&#8243; mobile_width=&#8221;1-2&#8243;]<div class=\"grve-element grve-team grve-layout-3 grve-mouse-move\">\r\n\t<div class=\"grve-team-person\">\r\n\t\t<img loading=\"lazy\" decoding=\"async\" width=\"150\" height=\"150\" src=\"https:\/\/cfbenaim.com\/wp-content\/uploads\/2021\/09\/Spartacus-150x150.jpg\" class=\"attachment-thumbnail size-thumbnail\" alt=\"Spartacus\" data-column-space=\"auto\" data-lazyload=\"\" \/>\t\t\t<\/div>\r\n\t<div class=\"grve-team-description\">\r\n\t\t\t\t<div class=\"grve-team-identity grve-small-text grve-text-primary-1\">Extra<\/div>\r\n\t\t\t\t<h6 class=\"grve-team-name grve-h6\">Spartacus<\/h6>\r\n\t<\/div>\r\n<\/div>\r\n[vc_tta_accordion c_align=&#8221;center&#8221; c_icon=&#8221;&#8221; active_section=&#8221;99&#8243; heading_tag=&#8221;h6&#8243; heading=&#8221;subtitle-text&#8221;][vc_tta_section title=&#8221;+ bio&#8221; tab_id=&#8221;1631175603134-026cdef7-ce88&#8243;][vc_column_text text_style=&#8221;leader-text&#8221;]After studying at the Actors Studio in New York, Spartacus worked with some of the greatest actors on stage and in film. He was seen in the films Shining, C\u2019est arriv\u00e9 pr\u00e8s de chez vous and Titanic. It was during the shooting of Black Swan that choreographer Benjamin Millepied spotted him and offered him a role in his next ballet. But, tired of doing entrechats, Spartacus prefers to join Christian and Fran\u00e7ois Ben A\u00efm in 2011, for the creation of L&#8217;Ogresse des archives et son chien. This piece allows him to use his admirable talents for contemporary dance as well as for circus arts. Very attached to human beings, Spartacus is also a friend of technicians, with whom he knows how to work in perfect harmony. Today, he is the director of his own company, Godzilla Entertainment, based in Montreuil (93).[\/vc_column_text][\/vc_tta_section][\/vc_tta_accordion][\/vc_column][\/vc_row][vc_row columns_gap=&#8221;60&#8243;][vc_column width=&#8221;1\/4&#8243;]<div class=\"grve-element grve-team grve-layout-3 grve-mouse-move\">\r\n\t<div class=\"grve-team-person\">\r\n\t\t<img loading=\"lazy\" decoding=\"async\" width=\"150\" height=\"150\" src=\"https:\/\/cfbenaim.com\/wp-content\/uploads\/2021\/09\/Emilio-Urbina-\u2013-danseur-150x150.png\" class=\"attachment-thumbnail size-thumbnail\" alt=\"Emilio Urbina \u2013 danseur\" data-column-space=\"auto\" data-lazyload=\"\" srcset=\"https:\/\/cfbenaim.com\/wp-content\/uploads\/2021\/09\/Emilio-Urbina-\u2013-danseur-150x150.png 150w, https:\/\/cfbenaim.com\/wp-content\/uploads\/2021\/09\/Emilio-Urbina-\u2013-danseur-300x300.png 300w, https:\/\/cfbenaim.com\/wp-content\/uploads\/2021\/09\/Emilio-Urbina-\u2013-danseur.png 400w\" sizes=\"auto, (max-width: 150px) 100vw, 150px\" \/>\t\t\t<\/div>\r\n\t<div class=\"grve-team-description\">\r\n\t\t\t\t<div class=\"grve-team-identity grve-small-text grve-text-primary-1\">Dancer<\/div>\r\n\t\t\t\t<h6 class=\"grve-team-name grve-h6\">Emilio Urbina<\/h6>\r\n\t<\/div>\r\n<\/div>\r\n[vc_tta_accordion c_align=&#8221;center&#8221; c_icon=&#8221;&#8221; active_section=&#8221;99&#8243; heading_tag=&#8221;h6&#8243; heading=&#8221;subtitle-text&#8221;][vc_tta_section title=&#8221;+ bio&#8221; tab_id=&#8221;1749132602428-3cbab774-93f7&#8243;][vc_column_text text_style=&#8221;leader-text&#8221;]Emilio Urbina began his career as a dancer in Madrid with Carmen Werner (Provisional Danza) and participated in the company&#8217;s various creations. He joined the CNDC of Angers (L&#8217;Esquisse) from 1992 to 1994 where he discovered, among others, the work of Simon Mcbuney, Sankai Juku, Jose Limon, Block &amp; Steel, Bernardo Montet, Dominique Bagouet. In parallel to his studies, he joined the Compagnie L&#8217;Esquisse\/Bouvier Obadia where he participated in the creation of several pieces. Later he continued his collaboration with Jo\u00eblle Bouvier as a performer and assistant. He also worked with Bernardo Montet (CCNRB), Blok and Steel, Aurelien Richard (Liminal), Sylvain Groud, Kubila\u00ef Khan Investigation, Eric Oberdorff and Panagiota Kallimani.<br \/>\nHe created three pieces in collaboration with Rafael Pardillo within their company Nod Dance Company and was part of The Plant Collective to create Double Take.<br \/>\nHe is currently working with Fabrice Ramalingom (R.A.M.a.), Lionel Hoche, Christian and Fran\u00e7ois Ben A\u00efm and Catherine Diverr\u00e8s, and he is assistant for the project &#8220;Le c\u0153ur du son&#8221; by Maguelone Vidal. He joined the company for FAC\u00c9TIES, creation 2021.<br \/>\nThroughout his career Emilio Urbina has taught in different structures in several countries of the world.[\/vc_column_text][\/vc_tta_section][\/vc_tta_accordion][\/vc_column][vc_column width=&#8221;1\/4&#8243;]<div class=\"grve-element grve-team grve-layout-3 grve-mouse-move\">\r\n\t<div class=\"grve-team-person\">\r\n\t\t<img loading=\"lazy\" decoding=\"async\" width=\"150\" height=\"150\" src=\"https:\/\/cfbenaim.com\/wp-content\/uploads\/2021\/09\/Gill-Viandier-portrait-150x150.jpg\" class=\"attachment-thumbnail size-thumbnail\" alt=\"Gill Viandier portrait\" data-column-space=\"auto\" data-lazyload=\"\" \/>\t\t\t<\/div>\r\n\t<div class=\"grve-team-description\">\r\n\t\t\t\t<div class=\"grve-team-identity grve-small-text grve-text-primary-1\">Dancer<\/div>\r\n\t\t\t\t<h6 class=\"grve-team-name grve-h6\">Gilles Viandier<\/h6>\r\n\t<\/div>\r\n<\/div>\r\n[vc_tta_accordion c_align=&#8221;center&#8221; c_icon=&#8221;&#8221; active_section=&#8221;99&#8243; heading_tag=&#8221;h6&#8243; heading=&#8221;subtitle-text&#8221;][vc_tta_section title=&#8221;+ bio&#8221; tab_id=&#8221;1749132603060-081eff96-13ad&#8221;][vc_column_text text_style=&#8221;leader-text&#8221;]After graduating as a DPLG architect, Gilles Viandier explored contemporary dance, trained mainly at the CCN of Rennes (Catherine Diverr\u00e8s) and Montpellier (Mathilde Monnier). Since 2000, he has collaborated with the companies of Jackie Taffanel, Mich\u00e8le Murray, Didier Th\u00e9ron, H\u00e9l\u00e8ne Cathala, Emmanuelle Vo-Dinh, Georges Appaix, Christophe Haleb, Philippe M\u00e9nard in France, and Philippe Saire, Perrine Valli, Nicole Seiler in Switzerland, Christoph Winkler, Willi Dorner, William Forsythe in Berlin, Hans Tuerlings in Tilburg and Juan Carlos L\u00e9rida in Barcelona. Also a musician, he participates in lyrical and improvised projects in Denis Tricot&#8217;s wooden organ. Interested in plastic and scenic writing, he creates scenographies and develops since 2008 performative projects in situ based on the apprehension of public spaces, their detour and the role of the public (https:\/\/www.numberproject.net\/). He practices yoga, meditation, massage, bamboo construction and teaches Contact Improvisation. In 2018 he participates as a choreographer with composer Alberto Carretero in the Prototype V program of the Royaumont Foundation. In 2020-21 he is an associate artist at the Mimos festival in P\u00e9rigueux for the study and realization of the urban scenography and presents a new creation Sinople in 2022.<br \/>\nHe collaborates with Christian and Fran\u00e7ois Ben A\u00efm in the pieces L&#8217;Ogresse des archives et son chien (2011) and La For\u00eat \u00e9bouriff\u00e9e (2013).[\/vc_column_text][\/vc_tta_section][\/vc_tta_accordion][\/vc_column][\/vc_row][vc_row padding_top_multiplier=&#8221;2x&#8221; section_id=&#8221;musiciens&#8221; scroll_section_title=&#8221;Collaborations musicales&#8221;][vc_column]<h3 class=\"grve-element grve-title grve-align-inherit grve-h6 grve-with-line grve-bottom-line\"><span>Musical collaborations<\/span><span class=\"grve-title-line grve-bg-black\" style=\"width: 100%;height: 1px;\"><\/span><\/h3>[\/vc_column][\/vc_row][vc_row columns_gap=&#8221;60&#8243;][vc_column width=&#8221;1\/4&#8243; mobile_width=&#8221;1-2&#8243;]<div class=\"grve-element grve-team grve-layout-3 grve-mouse-move\">\r\n\t<div class=\"grve-team-person\">\r\n\t\t<img loading=\"lazy\" decoding=\"async\" width=\"150\" height=\"150\" src=\"https:\/\/cfbenaim.com\/wp-content\/uploads\/2021\/08\/Nicolas-deutsch-2x-150x150.png\" class=\"attachment-thumbnail size-thumbnail\" alt=\"Nicolas-deutsch-2x\" data-column-space=\"auto\" data-lazyload=\"\" srcset=\"https:\/\/cfbenaim.com\/wp-content\/uploads\/2021\/08\/Nicolas-deutsch-2x-150x150.png 150w, https:\/\/cfbenaim.com\/wp-content\/uploads\/2021\/08\/Nicolas-deutsch-2x-300x300.png 300w, https:\/\/cfbenaim.com\/wp-content\/uploads\/2021\/08\/Nicolas-deutsch-2x.png 400w\" sizes=\"auto, (max-width: 150px) 100vw, 150px\" \/>\t\t\t<\/div>\r\n\t<div class=\"grve-team-description\">\r\n\t\t\t\t<div class=\"grve-team-identity grve-small-text grve-text-primary-1\">Composer<\/div>\r\n\t\t\t\t<h6 class=\"grve-team-name grve-h6\">Nicolas Deutsch<\/h6>\r\n\t<\/div>\r\n<\/div>\r\n[vc_tta_accordion c_align=&#8221;center&#8221; c_icon=&#8221;&#8221; active_section=&#8221;99&#8243; heading_tag=&#8221;h6&#8243; heading=&#8221;subtitle-text&#8221;][vc_tta_section title=&#8221;+ bio&#8221; tab_id=&#8221;1631172939443-3f369692-be2a&#8221;][vc_column_text text_style=&#8221;leader-text&#8221;]A graduate of the Lili and Nadia Boulanger Conservatory, he first trained on the double bass. Later, he trained on the piano with Michel Grailler and then with Dave Holland. Multi-instrumentalist renowned both on stage and in the studio, he earned his stripes as a producer with artists such as Jean Guidoni, Julien Baer or Olivier Libaux (Imb\u00e9cile). Nicolas Deutsch composes, produces and arranges for dance, theater and audiovisual, he distils guitars, piano, strings and various effects to serve words, images and bodies. Recently, he has notably created musical compositions for the Compagnie des prairies, Tes jambes nues Autrement in 2020, for the Ragnarok series with Rewind in 2019, for Katherine Blanc&#8217;s exhibition in London in 2019 or for the Compagnie Zahrbat Sillons in 2015\/2016. He also created for Olivia Machon&#8217;s Frankensusie in 2017, composed Cassandre for the series Cassandre on France 3 in 2016, or created the soundtrack for the film THUASNE in 2015. Finally, in 2010 he created for Emmanuelle Laborit the music for H\u00e9ritages and in 2008\/2009 for Philippe D\u00e9coufl\u00e9 the music for Coeurs crois\u00e9s.[\/vc_column_text][\/vc_tta_section][\/vc_tta_accordion][\/vc_column][vc_column width=&#8221;1\/4&#8243; mobile_width=&#8221;1-2&#8243;]<div class=\"grve-element grve-team grve-layout-3 grve-mouse-move\">\r\n\t<div class=\"grve-team-person\">\r\n\t\t<img loading=\"lazy\" decoding=\"async\" width=\"150\" height=\"150\" src=\"https:\/\/cfbenaim.com\/wp-content\/uploads\/2021\/09\/Piers-Faccini-150x150.jpg\" class=\"attachment-thumbnail size-thumbnail\" alt=\"Piers Faccini\" data-column-space=\"auto\" data-lazyload=\"\" \/>\t\t\t<\/div>\r\n\t<div class=\"grve-team-description\">\r\n\t\t\t\t<div class=\"grve-team-identity grve-small-text grve-text-primary-1\">Writer, performer, composer<\/div>\r\n\t\t\t\t<h6 class=\"grve-team-name grve-h6\">Piers Faccini<\/h6>\r\n\t<\/div>\r\n<\/div>\r\n[vc_tta_accordion c_align=&#8221;center&#8221; c_icon=&#8221;&#8221; active_section=&#8221;99&#8243; heading_tag=&#8221;h6&#8243; heading=&#8221;subtitle-text&#8221;][vc_tta_section title=&#8221;+ bio&#8221; tab_id=&#8221;1631172938210-e5546745-e9b6&#8243;][vc_column_text text_style=&#8221;leader-text&#8221;]Piers Faccini is of Italian origin, grew up in England and now lives in France. These different facets are reflected in his music: to accompany his songs, which navigate between folk and blues, he sings in English, French and Italian dialects. His compositions have the air of travelogues, at the same time turned towards oneself and towards the outside world. We find this characteristic in I dreamed an island, an opus published in 2016. Always far from fashion and out of time, Piers Faccini is as comfortable in a Neapolitan lament of the eighteenth century as in a blues of New Orleans or a melancholic folk, collaborating with artists as diverse as Vincent S\u00e9gal, Dawn Landes, Rokia Traor\u00e9, Ben Harper, Ballak\u00e9 Sissoko, Camille or Ibrahim Maalouf. The Italian-British songwriter is above all the citizen of his own imagination. In 2019, Piers Faccini created Arise with Christian and Fran\u00e7ois Ben A\u00efm at the Sainte-Chapelle in Paris. He develops a sober and bewitching music, mixing guitar-voice ballads, piano, organ, strings or wind instruments. Tinged with a radiant tone that nevertheless has its share of shadows, it finds an echo in the sacred, the mansuetude. His voice is his favorite instrument. It accompanies the piece by its color and its simplicity.[\/vc_column_text][\/vc_tta_section][\/vc_tta_accordion][\/vc_column][vc_column width=&#8221;1\/4&#8243; mobile_width=&#8221;1-2&#8243;]<div class=\"grve-element grve-team grve-layout-3 grve-mouse-move\">\r\n\t<div class=\"grve-team-person\">\r\n\t\t<img loading=\"lazy\" decoding=\"async\" width=\"150\" height=\"150\" src=\"https:\/\/cfbenaim.com\/wp-content\/uploads\/2021\/09\/Bruno-Ferrier-150x150.jpg\" class=\"attachment-thumbnail size-thumbnail\" alt=\"Bruno Ferrier\" data-column-space=\"auto\" data-lazyload=\"\" \/>\t\t\t<\/div>\r\n\t<div class=\"grve-team-description\">\r\n\t\t\t\t<div class=\"grve-team-identity grve-small-text grve-text-primary-1\">Musician, singer<\/div>\r\n\t\t\t\t<h6 class=\"grve-team-name grve-h6\">Bruno Ferrier<\/h6>\r\n\t<\/div>\r\n<\/div>\r\n[vc_tta_accordion c_align=&#8221;center&#8221; c_icon=&#8221;&#8221; active_section=&#8221;99&#8243; heading_tag=&#8221;h6&#8243; heading=&#8221;subtitle-text&#8221;][vc_tta_section title=&#8221;+ bio&#8221; tab_id=&#8221;1631172938621-e4370c03-f98f&#8221;][vc_column_text text_style=&#8221;leader-text&#8221;]Percussionist, multi-instrumentalist and singer, Bruno Ferrier began by learning percussion: he learned drums and tablas with the Indian master Rashmi Batt, and African percussion during workshops with Mama Kouyat\u00e9. In 1998, he enters the Pro musica school, for a 2 years training in classical singing, and trains in parallel to jazz singing, during training courses with Michelle Hendricks, Thierry P\u00e9ala or Andr\u00e9 Minvielle. He explored polyphonic singing on his own and continued his training in vocal jazz singing and improvisation at the Institution Art Culture Perception in Paris.\u00a0Following this training, Bruno Ferrier will never cease to open his practice to a variety of universes. Between 1991 and 2008, he collaborates as a singer in the realization of several albums and tours of groups with worldjazz, rock, or oriental formations: he covers jazz standards with the Boogie Night Orchestra accompanied by a double bass player; he is the singer on the album Kalashnik Love of the group Speed Caravan, a formation mixing rock, Arabo-Andalusian music, cha\u00e2bi and electronic music; he collaborates with Pososhok, a group mixing South African sounds with those of the rest of Africa; on the album Ping Kong with the group DuOud, it is accompanied by the oriental lute, the oud, that he launches into amazing vocal improvisations.\u00a0In 2010, he meets Christian and Fran\u00e7ois Ben A\u00efm and collaborates as a singer and percussionist in the piece L&#8217;ogresse des archives et son chien (2011), then La l\u00e9g\u00e8ret\u00e9 des temp\u00eates (2014).[\/vc_column_text][\/vc_tta_section][\/vc_tta_accordion][\/vc_column][vc_column width=&#8221;1\/4&#8243; mobile_width=&#8221;1-2&#8243;]<div class=\"grve-element grve-team grve-layout-3 grve-mouse-move\">\r\n\t<div class=\"grve-team-person\">\r\n\t\t<img loading=\"lazy\" decoding=\"async\" width=\"150\" height=\"150\" src=\"https:\/\/cfbenaim.com\/wp-content\/uploads\/2021\/09\/Lili-Gautier-150x150.jpg\" class=\"attachment-thumbnail size-thumbnail\" alt=\"Lili Gautier\" data-column-space=\"auto\" data-lazyload=\"\" \/>\t\t\t<\/div>\r\n\t<div class=\"grve-team-description\">\r\n\t\t\t\t<div class=\"grve-team-identity grve-small-text grve-text-primary-1\">Cellist<\/div>\r\n\t\t\t\t<h6 class=\"grve-team-name grve-h6\">Lili Gautier<\/h6>\r\n\t<\/div>\r\n<\/div>\r\n[vc_tta_accordion c_align=&#8221;center&#8221; c_icon=&#8221;&#8221; active_section=&#8221;99&#8243; heading_tag=&#8221;h6&#8243; heading=&#8221;subtitle-text&#8221;][vc_tta_section title=&#8221;+ bio&#8221; tab_id=&#8221;1631172939030-3d9357e7-b705&#8243;][vc_column_text text_style=&#8221;leader-text&#8221;]Lili Gautier began playing the cello in Valence at a very early age and quickly felt the desire to communicate through this warm instrument so close to the human voice. After five years of study at the Conservatoire National de Lyon, she continued her training for four years with Lluis Claret, whom she followed at the Scola Musica in Barcelona, and at the CNR in Toulouse between 1994 and 1997. The cello, with all its possibilities, is a tool that allows her to approach a very broad repertoire without restriction. During her career, she has played in several orchestral groups: the National Orchestra of Lyon, the National Orchestra of Capitole in Toulouse, the National Orchestra of Bayonne C\u00f4te Basque and the National Orchestra of Bordeaux Aquitaine. She is also principal cellist since 2007 in the Ensemble Orchestral de Bordeaux. Internationally, she is co-soloist in 2008 and 2009 at the Royal Opera of Stockolm. Holder of a state diploma since 1997, she now divides her time between teaching and performing as a soloist, chamber musician or within orchestral groups. She joined the company of Christian and Fran\u00e7ois Ben A\u00efm in 2014 for their piece La l\u00e9g\u00e8ret\u00e9 des temp\u00eates.[\/vc_column_text][\/vc_tta_section][\/vc_tta_accordion][\/vc_column][\/vc_row][vc_row columns_gap=&#8221;60&#8243;][vc_column width=&#8221;1\/4&#8243; mobile_width=&#8221;1-2&#8243;]<div class=\"grve-element grve-team grve-layout-3 grve-mouse-move\">\r\n\t<div class=\"grve-team-person\">\r\n\t\t<img loading=\"lazy\" decoding=\"async\" width=\"150\" height=\"133\" src=\"https:\/\/cfbenaim.com\/wp-content\/uploads\/2021\/10\/portrait-Thomas-Lavoine-pianiste-150x133.jpg\" class=\"attachment-thumbnail size-thumbnail\" alt=\"portrait-Thomas-Lavoine-pianiste\" data-column-space=\"auto\" data-lazyload=\"\" \/>\t\t\t<\/div>\r\n\t<div class=\"grve-team-description\">\r\n\t\t\t\t<div class=\"grve-team-identity grve-small-text grve-text-primary-1\">Choir master, pianist<\/div>\r\n\t\t\t\t<h6 class=\"grve-team-name grve-h6\">Thomas Lavoine<\/h6>\r\n\t<\/div>\r\n<\/div>\r\n[vc_tta_accordion c_align=&#8221;center&#8221; c_icon=&#8221;&#8221; active_section=&#8221;99&#8243; heading_tag=&#8221;h6&#8243; heading=&#8221;subtitle-text&#8221;][vc_tta_section title=&#8221;+ bio&#8221; tab_id=&#8221;1632747417916-144083f1-0465&#8243;][vc_column_text text_style=&#8221;leader-text&#8221;]Trained at the Conservatoire National Sup\u00e9rieur de Musique et de Danse, Thomas Lavoine, a French pianist who oscillates between Paris and Berlin, performs, composes and improvises, guided by a desire to share music and an ambition for excellence.<br \/>\nA student of Jean-Fran\u00e7ois Zygel&#8217;s and Thierry Escaich&#8217;s improvisation class, he is experienced in choreographic accompaniment and writing\/composition.<\/p>\n<p>For the company, he played a coordinating role, with musicians (Quatuor Voce) and dancers (Compagnie Ben A\u00efm), for the score\/technicians\/choreography, around the piece <em>Burn rebellious hearts<\/em>, on a music by Ibrahim Maalouf.[\/vc_column_text][\/vc_tta_section][\/vc_tta_accordion][\/vc_column][vc_column width=&#8221;1\/4&#8243; mobile_width=&#8221;1-2&#8243;]<div class=\"grve-element grve-team grve-layout-3 grve-mouse-move\">\r\n\t<div class=\"grve-team-person\">\r\n\t\t<img loading=\"lazy\" decoding=\"async\" width=\"150\" height=\"150\" src=\"https:\/\/cfbenaim.com\/wp-content\/uploads\/2021\/09\/Philippe-Le-Goff-150x150.jpeg\" class=\"attachment-thumbnail size-thumbnail\" alt=\"Philippe Le Goff\" data-column-space=\"auto\" data-lazyload=\"\" \/>\t\t\t<\/div>\r\n\t<div class=\"grve-team-description\">\r\n\t\t\t\t<div class=\"grve-team-identity grve-small-text grve-text-primary-1\">Composer, sound artist<\/div>\r\n\t\t\t\t<h6 class=\"grve-team-name grve-h6\">Philippe Le Goff<\/h6>\r\n\t<\/div>\r\n<\/div>\r\n[vc_tta_accordion c_align=&#8221;center&#8221; c_icon=&#8221;&#8221; active_section=&#8221;99&#8243; heading_tag=&#8221;h6&#8243; heading=&#8221;subtitle-text&#8221;][vc_tta_section title=&#8221;+ bio&#8221; tab_id=&#8221;1631178632292-3947bdea-8f18&#8243;][vc_column_text text_style=&#8221;leader-text&#8221;]General and artistic director of C\u00e9sar\u00e9 &#8211; Centre national de cr\u00e9ation musicale in Reims, Philippe Le Goff is also a teacher at the ESAD in Reims (Ecole Sup\u00e9rieure d&#8217;Art et de Design) and at the INALCO in Paris (Institut National des Langues et Civilisations Orientales). His career as a composer and sound artist is inseparable from his history with the Great North, a land of predilection that he has travelled regularly for over 20 years. His work, for a long time inhabited by the voice and the sound landscape, has been constantly fed by a reflection on orality and language, which raises the permanent question of contextualization and the concern for transmission. Since 2002, he has been developing a cycle entitled &#8220;Nature Blues&#8221;, a look in the mirror of man and nature, which is the result of this approach. In 2012 he composed a musical creation for L&#8217;or\u00e9e des visages, a joint project of Christian and Fran\u00e7ois Ben A\u00efm with the company Pseudonymo.[\/vc_column_text][\/vc_tta_section][\/vc_tta_accordion][\/vc_column][vc_column width=&#8221;1\/4&#8243; mobile_width=&#8221;1-2&#8243;]<div class=\"grve-element grve-team grve-layout-3 grve-mouse-move\">\r\n\t<div class=\"grve-team-person\">\r\n\t\t<img loading=\"lazy\" decoding=\"async\" width=\"150\" height=\"150\" src=\"https:\/\/cfbenaim.com\/wp-content\/uploads\/2021\/09\/Olivier-Lete-150x150.jpg\" class=\"attachment-thumbnail size-thumbnail\" alt=\"Olivier L\u00e9t\u00e9\" data-column-space=\"auto\" data-lazyload=\"\" \/>\t\t\t<\/div>\r\n\t<div class=\"grve-team-description\">\r\n\t\t\t\t<div class=\"grve-team-identity grve-small-text grve-text-primary-1\">Bass player<\/div>\r\n\t\t\t\t<h6 class=\"grve-team-name grve-h6\">Olivier L\u00e9t\u00e9<\/h6>\r\n\t<\/div>\r\n<\/div>\r\n[vc_tta_accordion c_align=&#8221;center&#8221; c_icon=&#8221;&#8221; active_section=&#8221;99&#8243; heading_tag=&#8221;h6&#8243; heading=&#8221;subtitle-text&#8221;][vc_tta_section title=&#8221;+ bio&#8221; tab_id=&#8221;1631178632995-0d7e37c6-510a&#8221;][vc_column_text text_style=&#8221;leader-text&#8221;]Olivier L\u00e9t\u00e9 started playing electric bass at the age of 16 and then began studying classical double bass at the N\u00eemes Conservatory, where he obtained a vermeil medal in 2001. The following year, at the age of 23, he was hired by Claude Barth\u00e9l\u00e9my to play in the National Jazz Orchestra. He gradually made the artistic choice to devote himself exclusively to the electric bass.\u00a0His first experience as a leader and composer was the creation in 2003 of 500mg. In 2005, Maxime Delpierre invited him to join the Slang Collective. \u2028The same year, he creates with Philippe Lemoine and Eric Groleau their trio Le Maigre Feu de la Nonne en Hiver and records the eponymous album. The group&#8217;s music continues today with M\u00e9lodramatic French Songs, an instrumental program reappropriating French songs.\u00a0In 2007, Olivier L\u00e9t\u00e9 worked with Emmanuelle Laborit and the Hall de la Chanson to compose the music for L&#8217;inou\u00efe Music Hall with Christian L\u00e9t\u00e9 and Claude Barth\u00e9l\u00e9my.\u00a0He is interested in the interaction between text and music, which he shares with Dominique Pifar\u00e9ly, and collaborates on several projects: Apr\u00e8s la R\u00e9volution (2008), then Indiens Nouveaux (2009).\u00a0Between 2009 and 2012, he is the bassist of Louis Sclavis in Lost on the Way and also plays with Michel Godard in A Trace of Grace. Since 2012, he participates in La face Cach\u00e9e de la Lune, a show by Thierry Balasse that reproduces the mythical album of Pink Floyd, The Dark Side of the Moon.\u00a0Olivier L\u00e9t\u00e9 performs solo in his project TUNING. He is also the accomplice of many artists such as: Vincent Courtois, Emmanuel Scarpa, Philippe Lemoine, Olivier Beno\u00eet, Christian L\u00e9t\u00e9, Jean Luc Landsweerdt, Antoine Berjeaut, Thomas De Pourquery, Antonin Leymarie, Julien Padovani, Didier Ashour&#8230;[\/vc_column_text][\/vc_tta_section][\/vc_tta_accordion][\/vc_column][vc_column width=&#8221;1\/4&#8243; mobile_width=&#8221;1-2&#8243;]<div class=\"grve-element grve-team grve-layout-3 grve-mouse-move\">\r\n\t<div class=\"grve-team-person\">\r\n\t\t<img loading=\"lazy\" decoding=\"async\" width=\"150\" height=\"150\" src=\"https:\/\/cfbenaim.com\/wp-content\/uploads\/2021\/09\/Ibrahim-Maalouf-150x150.jpg\" class=\"attachment-thumbnail size-thumbnail\" alt=\"Ibrahim Maalouf\" data-column-space=\"auto\" data-lazyload=\"\" srcset=\"https:\/\/cfbenaim.com\/wp-content\/uploads\/2021\/09\/Ibrahim-Maalouf-150x150.jpg 150w, https:\/\/cfbenaim.com\/wp-content\/uploads\/2021\/09\/Ibrahim-Maalouf-300x300.jpg 300w, https:\/\/cfbenaim.com\/wp-content\/uploads\/2021\/09\/Ibrahim-Maalouf.jpg 320w\" sizes=\"auto, (max-width: 150px) 100vw, 150px\" \/>\t\t\t<\/div>\r\n\t<div class=\"grve-team-description\">\r\n\t\t\t\t<div class=\"grve-team-identity grve-small-text grve-text-primary-1\">Composer Performer<\/div>\r\n\t\t\t\t<h6 class=\"grve-team-name grve-h6\">Ibrahim Maalouf<\/h6>\r\n\t<\/div>\r\n<\/div>\r\n[vc_tta_accordion c_align=&#8221;center&#8221; c_icon=&#8221;&#8221; active_section=&#8221;99&#8243; heading_tag=&#8221;h6&#8243; heading=&#8221;subtitle-text&#8221;][vc_tta_section title=&#8221;+ bio&#8221; tab_id=&#8221;1631178633632-fd117377-8821&#8243;][vc_column_text text_style=&#8221;leader-text&#8221;]In 2014, Ibrahim Maalouf received for his album &#8220;Illusions&#8221; a Victoire de la musique in the category Best World Music Album and the Sacem Grand Prix in the jazz category. This is the first time in 29 years that the Victoires de la Musique awards a project that is solely instrumental and is a revelation for the general public who only knew Ibrahim through his collaborations (Amadou and Mariam, Vincent Delerm, Sting, Matthieu Ch\u00e9did, Salif Keita, Lhasa de Sela) to name a few. The year 2014 was a year of awards in many ways. Beyond the Victoire de la musique, the Ministry of Culture and Communication named Ibrahim Maalouf Chevalier de l&#8217;ordre des arts et des lettres. At the end of 2014, Ibrahim Maalouf was awarded the Grand Prix Sacem in the Grand Prix du Jazz category.\u00a0And, in November 2014, Ibrahim Maalouf had the honor of chairing the committee of experts for the 1st edition of the Culture for Peace Prize, set up by The Fondation Chirac and the Culture &amp; Diversity Foundation.\u00a0The same year, he finally realized two dreams: to compose for the cinema with the soundtrack of Yves Saint-Laurent directed by Jalil Lespert, and that of La Cr\u00e8me de la Cr\u00e8me directed by Kim Chapiron, but also to compose and produce the albums of other artists, Funambule for Grand Corps Malade and Something came with the sun for Isabel S\u00f6rling.\u00a0Ibrahim has performed at a sold-out Olympia and at all the major jazz festivals, while topping the jazz album sales charts in France. In 2017, through his alliance of opposing energies, his music resonates with Christian and Fran\u00e7ois Ben A\u00efm&#8217;s questioning of insubordination in Br\u00fblent, nos c\u0153urs insoumis. Ibrahim Maalouf&#8217;s compositions proceed by strata of different time lines, like strata of dreams, memories, and atmospheres that slip from one thread to another. The music thus oscillates between multiple energies and colors. Like the dance of the Ben A\u00efm brothers, it seeks to suggest, to disturb rather than to expose in a univocal way.[\/vc_column_text][\/vc_tta_section][\/vc_tta_accordion][\/vc_column][\/vc_row][vc_row columns_gap=&#8221;60&#8243;][vc_column width=&#8221;1\/4&#8243; mobile_width=&#8221;1-2&#8243;]<div class=\"grve-element grve-team grve-layout-3 grve-mouse-move\">\r\n\t<div class=\"grve-team-person\">\r\n\t\t<img loading=\"lazy\" decoding=\"async\" width=\"150\" height=\"150\" src=\"https:\/\/cfbenaim.com\/wp-content\/uploads\/2021\/09\/Portrait-JMM-\u00a9-Cecil-Mathieu-150x150.jpg\" class=\"attachment-thumbnail size-thumbnail\" alt=\"\" data-column-space=\"auto\" data-lazyload=\"\" \/>\t\t\t<\/div>\r\n\t<div class=\"grve-team-description\">\r\n\t\t\t\t<div class=\"grve-team-identity grve-small-text grve-text-primary-1\">Pianist, composer, explorer of musical worlds<\/div>\r\n\t\t\t\t<h6 class=\"grve-team-name grve-h6\">Jean-Marie Machado<\/h6>\r\n\t<\/div>\r\n<\/div>\r\n[vc_tta_accordion c_align=&#8221;center&#8221; c_icon=&#8221;&#8221; active_section=&#8221;99&#8243; heading_tag=&#8221;h6&#8243; heading=&#8221;subtitle-text&#8221;][vc_tta_section title=&#8221;+ bio&#8221; tab_id=&#8221;1631178634317-ad034d04-1ef1&#8243;][vc_column_text text_style=&#8221;leader-text&#8221;]A classically trained musician, inhabited by the spirit of improvisation and creation, avid for encounters, Jean-Marie Machado has shown a marked taste for unusual orchestral formations.\u00a0He has developed an original writing style, sometimes erudite but always guided by a concern for lyricism. He likes to define himself as a composer of today, concerned with diverse horizons, openness and exchange.<\/p>\n<p>In his various projects, one can feel the multiplicity of his cultural heritage: born in Morocco, of an Italian and Spanish mother and a Portuguese father, he studied the piano with the great concert artist Catherine Collard. He then discovered jazz and improvisation and played alongside the greatest European and American jazzmen (Dave Liebman, Andy Sheppard, Paolo Fresu) and shared traditional and world music with the great Brazilian percussionist, Nana Vasconcelos.<\/p>\n<p>Jean-Marie Machado founded the Danzas Orchestra in 2007, which has been presenting different programs for several years, to date 5: L&#8217;Amour Sorcier, Pictures for Orchestra, La F\u00eate \u00e0 Boby, Lagrima Latina, Fiesta nocturna. At the same time, he plays in duo with the accordionist Didier Ithursarry (Palmar\u00e8s live du Bureau Export 2017-2018), he creates a percussion orchestra (Impulse Songs), a piece for symphonic orchestra L&#8217;esprit de l&#8217;eau (creation with the ONDIF in September 2017 at the Centre des Bords de Marne) and a solo piano project with a sound sculpture created by Alain Fran\u00e7ais (Immersons). Composer associated with the CdbM, he met Christian and Fran\u00e7ois Ben A\u00efm, the starting point of the performative adventure Vibrations.[\/vc_column_text][\/vc_tta_section][\/vc_tta_accordion][\/vc_column][vc_column width=&#8221;1\/4&#8243; mobile_width=&#8221;1-2&#8243;]<div class=\"grve-element grve-team grve-layout-3 grve-mouse-move\">\r\n\t<div class=\"grve-team-person\">\r\n\t\t<img loading=\"lazy\" decoding=\"async\" width=\"150\" height=\"150\" src=\"https:\/\/cfbenaim.com\/wp-content\/uploads\/2021\/09\/Christophe-Marguet-photo-de-Jerome-Prebois-150x150.jpg\" class=\"attachment-thumbnail size-thumbnail\" alt=\"\" data-column-space=\"auto\" data-lazyload=\"\" srcset=\"https:\/\/cfbenaim.com\/wp-content\/uploads\/2021\/09\/Christophe-Marguet-photo-de-Jerome-Prebois-150x150.jpg 150w, https:\/\/cfbenaim.com\/wp-content\/uploads\/2021\/09\/Christophe-Marguet-photo-de-Jerome-Prebois-560x560.jpg 560w\" sizes=\"auto, (max-width: 150px) 100vw, 150px\" \/>\t\t\t<\/div>\r\n\t<div class=\"grve-team-description\">\r\n\t\t\t\t<div class=\"grve-team-identity grve-small-text grve-text-primary-1\">Drummer, performer, composer<\/div>\r\n\t\t\t\t<h6 class=\"grve-team-name grve-h6\">Christophe Marguet<\/h6>\r\n\t<\/div>\r\n<\/div>\r\n[vc_tta_accordion c_align=&#8221;center&#8221; c_icon=&#8221;&#8221; active_section=&#8221;99&#8243; heading_tag=&#8221;h6&#8243; heading=&#8221;subtitle-text&#8221;][vc_tta_section title=&#8221;+ bio&#8221; tab_id=&#8221;1704811932838-ac774c7a-5e87&#8243;][vc_column_text text_style=&#8221;leader-text&#8221;]Born in 1965, he studied with Jacques Bonnardel, Michel Sardaby, Keith Copeland, and attended workshops with Kenny Barron, David Liebman, Richie Beirach, John Abercrombie and many others. He then played with many musicians including Barney Wilen, Joe Lovano, Henri Texier, Joachim K\u00fchn, Kenny Wheeler, Michel Portal, G\u00e9raldine Laurent, Andy Sheppard, Louis Sclavis, Steve Swallow, Enrico Rava. In 1993, he founded his own trio with S\u00e9bastien Texier and Olivier Sens. He has performed at most of the major jazz festivals in France and Europe and has played in many countries abroad. He also participated in the recording of film music for Bertrand Tavernier. A drummer marked by the jazz tradition while having wanted and succeeded in freeing himself from it, Christophe Marguet has made a rare and coherent journey as a musician, managing to evolve seamlessly from his initial interest in bebop to improvised music. Recognized as a colorist drummer, he has asserted himself as a clear-sighted composer and leader, attentive to space and silence, participating in a new generation of French jazzmen who are questioning the virtues of improvisation and the relationship it can have with writing.[\/vc_column_text][\/vc_tta_section][\/vc_tta_accordion][\/vc_column][vc_column width=&#8221;1\/4&#8243; mobile_width=&#8221;1-2&#8243;]<div class=\"grve-element grve-team grve-layout-3 grve-mouse-move\">\r\n\t<div class=\"grve-team-person\">\r\n\t\t<img loading=\"lazy\" decoding=\"async\" width=\"150\" height=\"150\" src=\"https:\/\/cfbenaim.com\/wp-content\/uploads\/2024\/01\/Patrick-de-Oliveira-150x150.jpeg\" class=\"attachment-thumbnail size-thumbnail\" alt=\"\" data-column-space=\"auto\" data-lazyload=\"\" srcset=\"https:\/\/cfbenaim.com\/wp-content\/uploads\/2024\/01\/Patrick-de-Oliveira-150x150.jpeg 150w, https:\/\/cfbenaim.com\/wp-content\/uploads\/2024\/01\/Patrick-de-Oliveira-560x560.jpeg 560w, https:\/\/cfbenaim.com\/wp-content\/uploads\/2024\/01\/Patrick-de-Oliveira-673x675.jpeg 673w\" sizes=\"auto, (max-width: 150px) 100vw, 150px\" \/>\t\t\t<\/div>\r\n\t<div class=\"grve-team-description\">\r\n\t\t\t\t<div class=\"grve-team-identity grve-small-text grve-text-primary-1\">Composer<\/div>\r\n\t\t\t\t<h6 class=\"grve-team-name grve-h6\">Patrick de Oliveira<\/h6>\r\n\t<\/div>\r\n<\/div>\r\n[vc_tta_accordion c_align=&#8221;center&#8221; c_icon=&#8221;&#8221; active_section=&#8221;99&#8243; heading_tag=&#8221;h6&#8243; heading=&#8221;subtitle-text&#8221;][vc_tta_section title=&#8221;+ bio&#8221; tab_id=&#8221;1632747418802-0a2dd47a-4182&#8243;][vc_column_text text_style=&#8221;leader-text&#8221;]<\/p>\n<p class=\"normal\">Self-taught author, composer, performer and sound engineer for live performance, Patrick De Oliveira has been developing dreamlike, poetic compositions for several years. His music is a blend of electronic, acoustic and organic sounds, at the service of the body and words. For him, every body in movement or in everyday life, every vocal range contains a musicality, an emotion that he likes to translate into his compositions. He composes and imagines his musical works using a variety of electronic and acoustic instruments, as well as microphonic recordings and the manipulation of concrete sounds on different media. In his creations, he likes to bring different worlds together to create a singular musical syncretism evocative of contemporary society.<\/p>\n<p class=\"normal\">For theater, he has composed for several plays by Arnaud Meunier, Riad Gahmi, Matthieu Cruciani, Elsa Imbert, Pauline Laidet, Parelle Gervasoni&#8230; Alongside actors such as Rachida Brakni, Philippe Torreton, \u00c9ric Cantona, Anne Brochet, Vincent Garanger and others&#8230;<\/p>\n<p class=\"normal\">For dance, he collaborates with Souhail Marchiche and Mehdi Meghari&#8217;s Cie Dyptik, Mellina Boubetra&#8217;s Cie Etra, Jann Gallois&#8217; Cie Burn out, Fabrice Lambert&#8217;s Harmaat Experience&#8230;<\/p>\n<p class=\"normal\">He also composes music for advertising videos (Nike, Isko, Marithe et Fran\u00e7ois Girbaud, H\u00f4tel Flanelles Paris, M\u00e9tier London&#8230;).<\/p>\n<p class=\"normal\">Patrick de Oliveira also decided to move into writing and directing choreographic and theatrical works, co-founding the Cie Sans Lettres (<em>Le dernier qui s&#8217;en souvienne<\/em>; <em>Cette(7)voi(es)x<\/em>; <em>Et le mur fut ma porte<\/em>;<em> L&#8217;Embellie<\/em>).<\/p>\n<p>[\/vc_column_text][\/vc_tta_section][\/vc_tta_accordion][\/vc_column][vc_column width=&#8221;1\/4&#8243; mobile_width=&#8221;1-2&#8243;]<div class=\"grve-element grve-team grve-layout-3 grve-mouse-move\">\r\n\t<div class=\"grve-team-person\">\r\n\t\t<img loading=\"lazy\" decoding=\"async\" width=\"150\" height=\"150\" src=\"https:\/\/cfbenaim.com\/wp-content\/uploads\/2021\/09\/Jean-Baptiste-Sabiani-150x150.jpg\" class=\"attachment-thumbnail size-thumbnail\" alt=\"Jean-Baptiste Sabiani\" data-column-space=\"auto\" data-lazyload=\"\" \/>\t\t\t<\/div>\r\n\t<div class=\"grve-team-description\">\r\n\t\t\t\t<div class=\"grve-team-identity grve-small-text grve-text-primary-1\">Composer<\/div>\r\n\t\t\t\t<h6 class=\"grve-team-name grve-h6\">Jean-Baptiste Sabiani<\/h6>\r\n\t<\/div>\r\n<\/div>\r\n[vc_tta_accordion c_align=&#8221;center&#8221; c_icon=&#8221;&#8221; active_section=&#8221;99&#8243; heading_tag=&#8221;h6&#8243; heading=&#8221;subtitle-text&#8221;][vc_tta_section title=&#8221;+ bio&#8221; tab_id=&#8221;1631179641212-7fba476e-9f3f&#8221;][vc_column_text text_style=&#8221;leader-text&#8221;]After training at the CIM (Centre d&#8217;Information Musicale), a jazz and contemporary music school, Jean-Baptiste Sabiani studied for five years at the American School of Modern Music in Paris, from 1990 to 1995, specializing in piano. During his career, he has produced compositions, arrangements and recordings in the fields of jazz, theater and cinema.\u00a0Until 1998, he practiced composition and arrangement in jazz while devoting himself to the accompaniment of artists of the new French song (Mathieu Boogaerts, Dani, Alain Chamfort&#8230;). In 1998, he trained in composition and classical orchestration.\u00a0In 2009 he collaborates with the choreographer Julie Trouverie for the musical creations of her pieces Mysterious skin and Au loup ! A tale of young girls in mist. It was during this first entry into choreographic creation that he met Christian and Fran\u00e7ois Ben A\u00efm, and composed the music for their piece R\u00e9sistance au droit (2010). Thereafter, he composed and\/or arranged the musical creations of the pieces Valse en trois temps (2010), L&#8217;ogresse des archives et son chien (2011), La for\u00eat \u00e9bouriff\u00e9e (2013), Karma (2013).\u00a0In 2014, for La l\u00e9g\u00e8ret\u00e9 des temp\u00eates, the choreographers commissioned him to create the music before the rehearsals. This approach gives him the opportunity to let his imagination run wild and to fully grasp the theme.\u00a0In the theater, he composed, recorded and arranged the show Ad\u00e8le a ses raisons and Dis leur que la v\u00e9rit\u00e9 est belle by Jacques Hadjaj.\u00a0In the cinematographic field, he composed, recorded and arranged the film La Troisi\u00e8me partie du monde by Eric Forestier (2009, fiction), Les Bonobos by Alain Tixier (2010, fiction), La R\u00e9v\u00e9lation des pyramides by Patrice Pouillard (2011, fiction), and composed the additional music for the film Zim &amp; code by Pierre Jolivet (2005, fiction), as well as the musical creations for several short films.[\/vc_column_text][\/vc_tta_section][\/vc_tta_accordion][\/vc_column][\/vc_row][vc_row columns_gap=&#8221;60&#8243;][vc_column width=&#8221;1\/4&#8243; mobile_width=&#8221;1-2&#8243;]<div class=\"grve-element grve-team grve-layout-3 grve-mouse-move\">\r\n\t<div class=\"grve-team-person\">\r\n\t\t<img loading=\"lazy\" decoding=\"async\" width=\"150\" height=\"150\" src=\"https:\/\/cfbenaim.com\/wp-content\/uploads\/2021\/09\/Emmanuel-Scarpa-150x150.jpg\" class=\"attachment-thumbnail size-thumbnail\" alt=\"Emmanuel Scarpa\" data-column-space=\"auto\" data-lazyload=\"\" \/>\t\t\t<\/div>\r\n\t<div class=\"grve-team-description\">\r\n\t\t\t\t<div class=\"grve-team-identity grve-small-text grve-text-primary-1\">Drummer<\/div>\r\n\t\t\t\t<h6 class=\"grve-team-name grve-h6\">Emmanuel Scarpa<\/h6>\r\n\t<\/div>\r\n<\/div>\r\n[vc_tta_accordion c_align=&#8221;center&#8221; c_icon=&#8221;&#8221; active_section=&#8221;99&#8243; heading_tag=&#8221;h6&#8243; heading=&#8221;subtitle-text&#8221;][vc_tta_section title=&#8221;+ bio&#8221; tab_id=&#8221;1631179642043-e8b191c4-0a3e&#8221;][vc_column_text text_style=&#8221;leader-text&#8221;]Emmanuel Scarpa, drummer and composer, started playing drums in a punk-rock band as a self-taught musician. His career is marked by classical writing studies (gold medals in harmony, counterpoint and fugue), completed by an assiduous practice of improvisation in the most varied contexts, which pushes him to multiply musical and interdisciplinary meetings. Drums, composition and improvisation have become inseparable practices that for twenty years have helped him to realize his own projects such as Umlaut, Les M\u00e9tamorphoses, Umlaut Double Trio, Dual Ritual and Invisible Worlds. Solicited by Fran\u00e7ois Raulin, Marc Ducret and Ellery Eskelin, Emmanuel Scarpa currently plays with the groups Marteau Matraque, SkullTone, Radiation 10, L&#8217;Ensemble Op.Cit, La Forge and 21. Some of his compositions have been commissioned by institutions or ensembles such as the Quatuor B\u00e9la, Radio France, L&#8217;Ensemble Op.Cit and the French Ministry of Culture.[\/vc_column_text][\/vc_tta_section][\/vc_tta_accordion][\/vc_column][vc_column width=&#8221;1\/4&#8243; mobile_width=&#8221;1-2&#8243;]<div class=\"grve-element grve-team grve-layout-3 grve-mouse-move\">\r\n\t<div class=\"grve-team-person\">\r\n\t\t<img loading=\"lazy\" decoding=\"async\" width=\"150\" height=\"150\" src=\"https:\/\/cfbenaim.com\/wp-content\/uploads\/2021\/09\/Malik-Soares-150x150.jpg\" class=\"attachment-thumbnail size-thumbnail\" alt=\"Malik Soar\u00e8s\" data-column-space=\"auto\" data-lazyload=\"\" \/>\t\t\t<\/div>\r\n\t<div class=\"grve-team-description\">\r\n\t\t\t\t<div class=\"grve-team-identity grve-small-text grve-text-primary-1\">Musician, singer<\/div>\r\n\t\t\t\t<h6 class=\"grve-team-name grve-h6\">Malik Soar\u00e8s<\/h6>\r\n\t<\/div>\r\n<\/div>\r\n[vc_tta_accordion c_align=&#8221;center&#8221; c_icon=&#8221;&#8221; active_section=&#8221;99&#8243; heading_tag=&#8221;h6&#8243; heading=&#8221;subtitle-text&#8221;][vc_tta_section title=&#8221;+ bio&#8221; tab_id=&#8221;1631179642886-882599bd-b301&#8243;][vc_column_text text_style=&#8221;leader-text&#8221;]Composer, performer, Malik Soar\u00e8s started music as a self-taught. He entered the world of theater and dance in 2003, with the author and director Lilian Lloyd. He works with the choreographer Hamid Ben Mahi in various events and continues with the theater companies Solentiname and L&#8217;oeil brun. In 2007, he begins his collaboration with the choreographers Christian and Fran\u00e7ois Ben A\u00efm for the show You&#8217;re a bird now! and participates since then in various events of the company.\u00a0In 2011, he created his first musical creation Ce(ux) que nous sommes&#8230;, bringing together different artistic disciplines around the issues of exclusion and becoming. He is preparing for the 2013-2014 season his first album, with his band Red Castle.[\/vc_column_text][\/vc_tta_section][\/vc_tta_accordion][\/vc_column][vc_column width=&#8221;1\/4&#8243; mobile_width=&#8221;1-2&#8243;]<div class=\"grve-element grve-team grve-layout-3 grve-mouse-move\">\r\n\t<div class=\"grve-team-person\">\r\n\t\t<img loading=\"lazy\" decoding=\"async\" width=\"150\" height=\"150\" src=\"https:\/\/cfbenaim.com\/wp-content\/uploads\/2021\/09\/Mathilde-Sternat-150x150.jpg\" class=\"attachment-thumbnail size-thumbnail\" alt=\"Mathilde Sternat\" data-column-space=\"auto\" data-lazyload=\"\" \/>\t\t\t<\/div>\r\n\t<div class=\"grve-team-description\">\r\n\t\t\t\t<div class=\"grve-team-identity grve-small-text grve-text-primary-1\">Cellist<\/div>\r\n\t\t\t\t<h6 class=\"grve-team-name grve-h6\">Mathilde Sternat<\/h6>\r\n\t<\/div>\r\n<\/div>\r\n[vc_tta_accordion c_align=&#8221;center&#8221; c_icon=&#8221;&#8221; active_section=&#8221;99&#8243; heading_tag=&#8221;h6&#8243; heading=&#8221;subtitle-text&#8221;][vc_tta_section title=&#8221;+ bio&#8221; tab_id=&#8221;1631179643717-264e2b32-36b0&#8243;][vc_column_text text_style=&#8221;leader-text&#8221;]First Prize in cello and chamber music at the CNSMDP, Mathilde Sternat completed her studies with a post-graduate course in chamber music. Invited as a solo cellist to the Montpellier Symphony Orchestra and the Concerts Pasdeloup, she also participated in numerous concerts with the Salzburg Chamber Orchestra. As an eclectic musician, she also accompanies variety artists on stage (Bruel, Elodie Fr\u00e9g\u00e9, Nolwen Leroy, Voulzy&#8230;) and participates in the recording of their albums. In 2004, Mathilde Sternat founded with Anne Gravoin the Travelling Quartet in which the four classically trained musicians revisit the Beatles&#8217; repertoire. She joined Christian and Fran\u00e7ois Ben A\u00efm in 2010 for the play L&#8217;Ogresse des archives et son chien (2011) and recently for their 2014 creation La l\u00e9g\u00e8ret\u00e9 des temp\u00eates.[\/vc_column_text][\/vc_tta_section][\/vc_tta_accordion][\/vc_column][vc_column width=&#8221;1\/4&#8243; mobile_width=&#8221;1-2&#8243;]<div class=\"grve-element grve-team grve-layout-3 grve-mouse-move\">\r\n\t<div class=\"grve-team-person\">\r\n\t\t<img loading=\"lazy\" decoding=\"async\" width=\"150\" height=\"150\" src=\"https:\/\/cfbenaim.com\/wp-content\/uploads\/2021\/09\/photo-RBK-Geoffroy-Tamisier-4-150x150.webp\" class=\"attachment-thumbnail size-thumbnail\" alt=\"goeffroy-tamisier-tromp\u00e9tiste\" data-column-space=\"auto\" data-lazyload=\"\" srcset=\"https:\/\/cfbenaim.com\/wp-content\/uploads\/2021\/09\/photo-RBK-Geoffroy-Tamisier-4-150x150.webp 150w, https:\/\/cfbenaim.com\/wp-content\/uploads\/2021\/09\/photo-RBK-Geoffroy-Tamisier-4-560x560.webp 560w\" sizes=\"auto, (max-width: 150px) 100vw, 150px\" \/>\t\t\t<\/div>\r\n\t<div class=\"grve-team-description\">\r\n\t\t\t\t<div class=\"grve-team-identity grve-small-text grve-text-primary-1\">Trumpeter, arranger, composer<\/div>\r\n\t\t\t\t<h6 class=\"grve-team-name grve-h6\">Geoffroy Tamisier<\/h6>\r\n\t<\/div>\r\n<\/div>\r\n[vc_tta_accordion c_align=&#8221;center&#8221; c_icon=&#8221;&#8221; active_section=&#8221;99&#8243; heading_tag=&#8221;h6&#8243; heading=&#8221;subtitle-text&#8221;][vc_tta_section title=&#8221;+ bio&#8221; tab_id=&#8221;1632410230206-9058a591-ffc7&#8243;][vc_column_text text_style=&#8221;leader-text&#8221;]Geoffroy Tamisier is one of the most talented trumpet players in France, with a sound and phrasing worthy of the greatest. He was born in Nantes, France in 1973. After his studies at the Conservatoire de Nantes (cornet, trumpet, musical training, chamber music, as well as the writing diploma), he entered the Conservatoire National Sup\u00e9rieur de Musique et Danse de Paris, and received in 1997 a unanimous First Prize in the jazz class of Fran\u00e7ois Jeanneau. That same year, at the Concours National de Jazz de La D\u00e9fense, he won the composition prize for his work with the Jazzophone Quartet. He founded his own group the following year, OLH Acoustic, which won the La D\u00e9fense Competition and the Tremplin Jazz d&#8217;Avignon, and which recorded Une vie sans lune (2000) and G Meets K &#8211; with Kenny Wheeler &#8211; (2002) for the Yolk label. Trumpeter but also composer and arranger, Geoffroy Tamisier collaborates for over 15 years with Mukta (albums Jade, Dancing on one&#8217;s hands, Indian Sitar and World Jazz on WEA). He was part of Claude Barth\u00e9l\u00e9my&#8217;s National Jazz Orchestra from 2002 to 2004. He then founded his trio with Alexis Th\u00e9rain (guitar) and Fr\u00e9d\u00e9ric Chiffoleau (double bass). They recorded Au bonheur des anges (2005) for Yolk. Since then, he plays and records with &#8220;Jazzarium&#8221; by Guillaume Saint James; &#8220;Diagonal&#8221; by Jean-Christophe Cholet; &#8220;Le Gros Cube&#8221; by Alban Darche; Chel; &#8220;Bivouac 4 \u00e9toiles&#8221;; the &#8220;Brass Dance Orchestra&#8221; (with Fran\u00e7ois Thuillier, Jean-Louis Pommier and Didier Ithursarry); with Jacques Pellen, Didier Squiban, Baptiste Trotignon, Gueorgui Kornazov and Manu Codjia&#8230; In 2014, he founds his new band : &#8220;Lagrimas Azules&#8221; with Laurent Jaulin (flamenco guitar), Didier Ithursarry (accordion) and Rachel Guaiguant (dance and palmas). At the same time, he carries out numerous commissions for orchestras (the &#8220;Orchestre des Equipages de la Flotte&#8221; of Brest, the harmonies of Laval, Meslay du maine, Bonchamps, Evron, Orthez, the Philar of Nantes, the Symphony Orchestra of Brittany, etc. )[\/vc_column_text][\/vc_tta_section][\/vc_tta_accordion][\/vc_column][\/vc_row][vc_row padding_top_multiplier=&#8221;2x&#8221; section_id=&#8221;collabs&#8221; scroll_section_title=&#8221;Collaborations artistiques&#8221;][vc_column]<h3 class=\"grve-element grve-title grve-align-inherit grve-h6 grve-with-line grve-bottom-line\"><span>Artistic collaborations<\/span><span class=\"grve-title-line grve-bg-black\" style=\"width: 100%;height: 1px;\"><\/span><\/h3>[\/vc_column][\/vc_row][vc_row columns_gap=&#8221;60&#8243;][vc_column width=&#8221;1\/4&#8243; mobile_width=&#8221;1-2&#8243;]<div class=\"grve-element grve-team grve-layout-3 grve-mouse-move\">\r\n\t<div class=\"grve-team-person\">\r\n\t\t<img loading=\"lazy\" decoding=\"async\" width=\"150\" height=\"150\" src=\"https:\/\/cfbenaim.com\/wp-content\/uploads\/2021\/09\/camille-aoit-allouache-page-equipe-150x150.jpg\" class=\"attachment-thumbnail size-thumbnail\" alt=\"camille-aoit-allouache-page-equipe.jpg\" data-column-space=\"auto\" data-lazyload=\"\" srcset=\"https:\/\/cfbenaim.com\/wp-content\/uploads\/2021\/09\/camille-aoit-allouache-page-equipe-150x150.jpg 150w, https:\/\/cfbenaim.com\/wp-content\/uploads\/2021\/09\/camille-aoit-allouache-page-equipe-300x300.jpg 300w, https:\/\/cfbenaim.com\/wp-content\/uploads\/2021\/09\/camille-aoit-allouache-page-equipe.jpg 399w\" sizes=\"auto, (max-width: 150px) 100vw, 150px\" \/>\t\t\t<\/div>\r\n\t<div class=\"grve-team-description\">\r\n\t\t\t\t<div class=\"grve-team-identity grve-small-text grve-text-primary-1\">Costume designer<\/div>\r\n\t\t\t\t<h6 class=\"grve-team-name grve-h6\">Camille Ait Allouache<\/h6>\r\n\t<\/div>\r\n<\/div>\r\n[vc_tta_accordion c_align=&#8221;center&#8221; c_icon=&#8221;&#8221; active_section=&#8221;99&#8243; heading_tag=&#8221;h6&#8243; heading=&#8221;subtitle-text&#8221;][vc_tta_section title=&#8221;+ bio&#8221; tab_id=&#8221;1631172974337-4b6aecab-62c2&#8243;][vc_column_text text_style=&#8221;leader-text&#8221;]Biography in progress.[\/vc_column_text][\/vc_tta_section][\/vc_tta_accordion][\/vc_column][vc_column width=&#8221;1\/4&#8243; mobile_width=&#8221;1-2&#8243;]<div class=\"grve-element grve-team grve-layout-3 grve-mouse-move\">\r\n\t<div class=\"grve-team-person\">\r\n\t\t<img loading=\"lazy\" decoding=\"async\" width=\"150\" height=\"150\" src=\"https:\/\/cfbenaim.com\/wp-content\/uploads\/2021\/09\/clemence-beauxis-page-equipe-150x150.jpg\" class=\"attachment-thumbnail size-thumbnail\" alt=\"clemence-beauxis-page-equipe.jpg\" data-column-space=\"auto\" data-lazyload=\"\" \/>\t\t\t<\/div>\r\n\t<div class=\"grve-team-description\">\r\n\t\t\t\t<div class=\"grve-team-identity grve-small-text grve-text-primary-1\">Actress<\/div>\r\n\t\t\t\t<h6 class=\"grve-team-name grve-h6\">Cl\u00e9mence Beauxis<\/h6>\r\n\t<\/div>\r\n<\/div>\r\n[vc_tta_accordion c_align=&#8221;center&#8221; c_icon=&#8221;&#8221; active_section=&#8221;99&#8243; heading_tag=&#8221;h6&#8243; heading=&#8221;subtitle-text&#8221;][vc_tta_section title=&#8221;+ bio&#8221; tab_id=&#8221;1631172974700-a5051ce7-e0a6&#8243;][vc_column_text text_style=&#8221;leader-text&#8221;]Cl\u00e9mence Beauxis explores and deepens since her childhood various forms of artistic and physical disciplines. From playing the piano to dancing through acrobatics, she devoted herself to the fixed trapeze with Florence Delahaye for several years. At the age of 14, during a training course with the Compagnie des Milles Fontaines directed by Emmanuel Demarcy-Mota, she confirmed that she wanted to become an actress.<\/p>\n<p>In parallel with her theater option and her studies in literature at the Lyc\u00e9e F\u00e9nelon as well as in Modern Literature at the university, she played in various pieces within an amateur company.<\/p>\n<p>Trained at the Conservatoire Hector Berlioz in Paris Xe and at the Studio 34, she likes to discover different approaches to the stage and pursues her training with directors such as Sylvain Creuzevault and Lionel Gonzalez (Compagnie du D&#8217;ores et d\u00e9j\u00e0) or Julie B\u00e9r\u00e8s (Compagnie des Cambrioleurs).<\/p>\n<p>Always in search of physical experiences, she meets the dancer C\u00e9dric Andrieux during a performance around the krump restituted for the opening of the <em>Ardanth\u00e9<\/em> Festival at the Theatre of Vanves. From this meeting comes a beautiful collaboration with the director Jeanne Champagne, for the creation of <em>La Chambre, la nuit, le jour<\/em> at the Th\u00e9\u00e2tre National de Ch\u00e2teauroux, a triptych performed alongside actors Marie Matheron and Philippe Duclos. At the same time, she developed her work as an interpreter for the cinema and television and also lent her voice to various projects.<\/p>\n<p>She meets the Christian &amp; Fran\u00e7ois Ben A\u00efm Company for performances-readings around the creation <a href=\"https:\/\/cfbenaim.com\/en\/portfolio-spectacles\/logresse-des-archives-et-son-chien\/\"><em>The Ogress of the Archives and her dog<\/em><\/a> and participates in the short film <a href=\"https:\/\/www.numeridanse.tv\/videotheque-danse\/i-remember-saying-goodbye?s\"><em>I remember saying goodbye<\/em><\/a>, directed by Tommy Pascal after the show <a href=\"https:\/\/cfbenaim.com\/en\/portfolio-spectacles\/arise\/\"><em>Arise<\/em><\/a>.[\/vc_column_text][\/vc_tta_section][\/vc_tta_accordion][\/vc_column][vc_column width=&#8221;1\/4&#8243; mobile_width=&#8221;1-2&#8243;]<div class=\"grve-element grve-team grve-layout-3 grve-mouse-move\">\r\n\t<div class=\"grve-team-person\">\r\n\t\t<img loading=\"lazy\" decoding=\"async\" width=\"150\" height=\"150\" src=\"https:\/\/cfbenaim.com\/wp-content\/uploads\/2021\/09\/Patrick-berger-page-equipe-150x150.webp\" class=\"attachment-thumbnail size-thumbnail\" alt=\"Patrick-berger-page-equipe.webp\" data-column-space=\"auto\" data-lazyload=\"\" \/>\t\t\t<\/div>\r\n\t<div class=\"grve-team-description\">\r\n\t\t\t\t<div class=\"grve-team-identity grve-small-text grve-text-primary-1\">Photographer<\/div>\r\n\t\t\t\t<h6 class=\"grve-team-name grve-h6\">Patrick Berger<\/h6>\r\n\t<\/div>\r\n<\/div>\r\n[vc_tta_accordion c_align=&#8221;center&#8221; c_icon=&#8221;&#8221; active_section=&#8221;99&#8243; heading_tag=&#8221;h6&#8243; heading=&#8221;subtitle-text&#8221;][vc_tta_section title=&#8221;+ bio&#8221; tab_id=&#8221;1631172975491-78d5714e-c8c0&#8243;][vc_column_text text_style=&#8221;leader-text&#8221;]Biography in progress.[\/vc_column_text][\/vc_tta_section][\/vc_tta_accordion][\/vc_column][vc_column width=&#8221;1\/4&#8243; mobile_width=&#8221;1-2&#8243;]<div class=\"grve-element grve-team grve-layout-3 grve-mouse-move\">\r\n\t<div class=\"grve-team-person\">\r\n\t\t<img loading=\"lazy\" decoding=\"async\" width=\"150\" height=\"150\" src=\"https:\/\/cfbenaim.com\/wp-content\/uploads\/2021\/09\/Dulcie-Best-150x150.jpg\" class=\"attachment-thumbnail size-thumbnail\" alt=\"Dulcie Best\" data-column-space=\"auto\" data-lazyload=\"\" \/>\t\t\t<\/div>\r\n\t<div class=\"grve-team-description\">\r\n\t\t\t\t<div class=\"grve-team-identity grve-small-text grve-text-primary-1\">Costume designer<\/div>\r\n\t\t\t\t<h6 class=\"grve-team-name grve-h6\">Dulcie Best<\/h6>\r\n\t<\/div>\r\n<\/div>\r\n[vc_tta_accordion c_align=&#8221;center&#8221; c_icon=&#8221;&#8221; active_section=&#8221;99&#8243; heading_tag=&#8221;h6&#8243; heading=&#8221;subtitle-text&#8221;][vc_tta_section title=&#8221;+ bio&#8221; tab_id=&#8221;1632749012459-67048fa7-1e49&#8243;][vc_column_text text_style=&#8221;leader-text&#8221;]Trained at the Welsh College of Music and Drama, Dulcie Best has been working as a costume designer and visual artist since 1990. She designs costumes for international events such as the opening ceremonies of the Euro 2008 and the 2004 Paralympic Games in Athens. In parallel to these major events, she maintains her creative passion by working for the performing arts. Since her meeting in 2006 with Christian and Fran\u00e7ois Ben A\u00efm, during a choreographed event for 35 artists, she designs and creates the costumes for their plays Louves (2008), L&#8217;ogresse des archives et son chien (2011), La For\u00eat \u00e9bouriff\u00e9e (2013) and La l\u00e9g\u00e8ret\u00e9 des temp\u00eates (2014).\u00a0<a href=\"https:\/\/www.dulciebest.com\" target=\"_blank\" rel=\"noopener\"><span style=\"text-decoration: underline;\">dulciebest.com<\/span><\/a>[\/vc_column_text][\/vc_tta_section][\/vc_tta_accordion][\/vc_column][\/vc_row][vc_row columns_gap=&#8221;60&#8243;][vc_column width=&#8221;1\/4&#8243; mobile_width=&#8221;1-2&#8243;]<div class=\"grve-element grve-team grve-layout-3 grve-mouse-move\">\r\n\t<div class=\"grve-team-person\">\r\n\t\t<img loading=\"lazy\" decoding=\"async\" width=\"150\" height=\"150\" src=\"https:\/\/cfbenaim.com\/wp-content\/uploads\/2021\/09\/Shaula-Cambazzu-150x150.jpg\" class=\"attachment-thumbnail size-thumbnail\" alt=\"Shaula Cambazzu\" data-column-space=\"auto\" data-lazyload=\"\" srcset=\"https:\/\/cfbenaim.com\/wp-content\/uploads\/2021\/09\/Shaula-Cambazzu-150x150.jpg 150w, https:\/\/cfbenaim.com\/wp-content\/uploads\/2021\/09\/Shaula-Cambazzu.jpg 209w\" sizes=\"auto, (max-width: 150px) 100vw, 150px\" \/>\t\t\t<\/div>\r\n\t<div class=\"grve-team-description\">\r\n\t\t\t\t<div class=\"grve-team-identity grve-small-text grve-text-primary-1\">Dancer-choreographer<\/div>\r\n\t\t\t\t<h6 class=\"grve-team-name grve-h6\">Shaula Cambazzu<\/h6>\r\n\t<\/div>\r\n<\/div>\r\n[vc_tta_accordion c_align=&#8221;center&#8221; c_icon=&#8221;&#8221; active_section=&#8221;99&#8243; heading_tag=&#8221;h6&#8243; heading=&#8221;subtitle-text&#8221;][vc_tta_section title=&#8221;+ bio&#8221; tab_id=&#8221;1632749013362-9b36efae-6c80&#8243;][vc_column_text text_style=&#8221;leader-text&#8221;]Contemporary dancer, choreographer, performer, contemporary dance teacher, assistant director, Shaula Cambazzu trained in Italy in classical, modern and contemporary dance and theater. In 1993, she joined the Charleroi\/Danses company of Fr\u00e9d\u00e9ric Flamand with whom she danced until 1998 and then joined the Thorde Thierry Smits company until 2003. Since then, she has created her own choreographies with the Cie Ars Extremis in Brussels and the Cie Artistique Th\u00e9\u00e2tre in Paris, and participates in various artistic projects in collaboration with several choreographers, directors and musicians in Belgium, France and Quebec (Ciro Carcatella, Karine Ledoyen, Patricia Hontoir, Jan Fabre, Filip Szatarski, Jan Rzewski&#8230;) Since 2007, she has also been involved with a very young audience, notably in collaboration with the Th\u00e9\u00e2tre de la Guimbarde and in the creation of shows and workshops designed and created specifically for the very young.\u00a0In 2012, she joined Christian and Fran\u00e7ois Ben A\u00efm&#8217;s company to lead choreographic creation workshops around their creations.[\/vc_column_text][\/vc_tta_section][\/vc_tta_accordion][\/vc_column][vc_column width=&#8221;1\/4&#8243; mobile_width=&#8221;1-2&#8243;]<div class=\"grve-element grve-team grve-layout-3 grve-mouse-move\">\r\n\t<div class=\"grve-team-person\">\r\n\t\t<img loading=\"lazy\" decoding=\"async\" width=\"150\" height=\"150\" src=\"https:\/\/cfbenaim.com\/wp-content\/uploads\/2021\/09\/Corinne-Chachay-150x150.jpeg\" class=\"attachment-thumbnail size-thumbnail\" alt=\"Corinne Chachay\" data-column-space=\"auto\" data-lazyload=\"\" srcset=\"https:\/\/cfbenaim.com\/wp-content\/uploads\/2021\/09\/Corinne-Chachay-150x150.jpeg 150w, https:\/\/cfbenaim.com\/wp-content\/uploads\/2021\/09\/Corinne-Chachay.jpeg 209w\" sizes=\"auto, (max-width: 150px) 100vw, 150px\" \/>\t\t\t<\/div>\r\n\t<div class=\"grve-team-description\">\r\n\t\t\t\t<div class=\"grve-team-identity grve-small-text grve-text-primary-1\">Dancer-choreographer<\/div>\r\n\t\t\t\t<h6 class=\"grve-team-name grve-h6\">Corinne Chachay<\/h6>\r\n\t<\/div>\r\n<\/div>\r\n[vc_tta_accordion c_align=&#8221;center&#8221; c_icon=&#8221;&#8221; active_section=&#8221;99&#8243; heading_tag=&#8221;h6&#8243; heading=&#8221;subtitle-text&#8221;][vc_tta_section title=&#8221;+ bio&#8221; tab_id=&#8221;1632749014563-b19fb54e-6e50&#8243;][vc_column_text text_style=&#8221;leader-text&#8221;]Trained in contemporary dance in Switzerland and then in Paris, Corinne Chachay began her career in live performance at the age of 20. She danced in the opening and closing show of the Albertville Olympic Games, Cie Ph. D\u00e9coufl\u00e9 and danced in creations by Cie Bill T. Jones, Cie P. Pauwels, Cie Ch. G\u00e9rard, Cie A. Dreyfus. As she meets new people, she is initiated to other body practices such as improvisation and instantaneous composition with J. Hamilton, acrobatic dance with the Cie les Passagers, and clowning (M. Dallaire and F. Pillon), which leads her to eclectic shows: Op\u00e9ra Rock Starmania, Op\u00e9ra Tannha\u00fcser directed by O. Py, Notre Dame de Paris by L. Plamendon and R. Cocciante, D\u00e9liriumdu Cirque du Soleil. She is a choreographer for singers, actors, dancers and circus artists on the Dol&#8217;Trio project at the Th\u00e9\u00e2tre du Ch\u00e2telet, Le tour du monde en 80 jours by Cie Le CREA, La boutique de l&#8217;Orf\u00e8vre by Cie Alliance, Le jeu qui nait by Cie Extensy. Holder of the State Diploma and the Certificate of Aptitude of Contemporary Dance Teacher, she develops a pedagogy that adapts to different audiences. She has also trained in perceptive pedagogy, a practice developed by Danis Bois which awakens body awareness in movement, and which is the basis of her personalized approach. In 1998 she performed in the piece L&#8217;enfant du miroir by Christian and Fran\u00e7ois Ben A\u00efm, and since 2012 she has been leading choreographic creation workshops around the company&#8217;s performances.[\/vc_column_text][\/vc_tta_section][\/vc_tta_accordion][\/vc_column][vc_column width=&#8221;1\/4&#8243; mobile_width=&#8221;1-2&#8243;]<div class=\"grve-element grve-team grve-layout-3 grve-mouse-move\">\r\n\t<div class=\"grve-team-person\">\r\n\t\t<img loading=\"lazy\" decoding=\"async\" width=\"150\" height=\"150\" src=\"https:\/\/cfbenaim.com\/wp-content\/uploads\/2021\/09\/Camille-Duchemin-150x150.png\" class=\"attachment-thumbnail size-thumbnail\" alt=\"Camille Duchemin\" data-column-space=\"auto\" data-lazyload=\"\" srcset=\"https:\/\/cfbenaim.com\/wp-content\/uploads\/2021\/09\/Camille-Duchemin-150x150.png 150w, https:\/\/cfbenaim.com\/wp-content\/uploads\/2021\/09\/Camille-Duchemin-300x300.png 300w, https:\/\/cfbenaim.com\/wp-content\/uploads\/2021\/09\/Camille-Duchemin.png 400w\" sizes=\"auto, (max-width: 150px) 100vw, 150px\" \/>\t\t\t<\/div>\r\n\t<div class=\"grve-team-description\">\r\n\t\t\t\t<div class=\"grve-team-identity grve-small-text grve-text-primary-1\">Scenographer<\/div>\r\n\t\t\t\t<h6 class=\"grve-team-name grve-h6\">Camille Duchemin<\/h6>\r\n\t<\/div>\r\n<\/div>\r\n[vc_tta_accordion c_align=&#8221;center&#8221; c_icon=&#8221;&#8221; active_section=&#8221;99&#8243; heading_tag=&#8221;h6&#8243; heading=&#8221;subtitle-text&#8221;][vc_tta_section title=&#8221;+ bio&#8221; tab_id=&#8221;1631172975065-6b8b30e3-b1b2&#8243;][vc_column_text css=&#8221;&#8221; text_style=&#8221;leader-text&#8221;]Camille Duchemin graduated in Scenography from the Ecole Nationale Sup\u00e9rieur des Arts D\u00e9coratifs de Paris in 1999, and spent a year as an auditor at the Conservatoire National d\u2019Art Dramatique de Paris, studying acting with Jacques Lassale in 1999-2000.<br \/>\nSince 1999, she has been creating set designs for theater, dance, opera and music. Camille continues to add to her artistic and scenic vision by designing the lighting for numerous shows and plays.<br \/>\nSince 2009, she has also worked as an exhibition set designer (Radio France, Grotte Chauvet, Cin\u00e9math\u00e8que Fran\u00e7aise, BNF, Grand Palais).<br \/>\nSince 2016, she has accompanied the Stage direction section of the Conservatoire National Sup\u00e9rieur d\u2019Art Dramatique de Paris every year for a \u201cScenic writing and set design\u201d session.<br \/>\nShe has worked with Emmanuel Noblet, C\u00f4me de Bellescize, Julie M\u00e9nard, Anne Barbot, Juliette Armanet, Christine and the Queens, Kader Atou, Fouad Boussouf, Christian and Fran\u00e7ois Ben A\u00efm, Hamid Ben Mahi, Arnaud Meunier, Le Birgit Ensemble, Erwan Daouphars, Solenn Denis and Alexandra Cismondi.<br \/>\nIn 2023-2024, she is working with Pauline Susini, Anne Barbot, Fabien Gorgeart, Pascal Neyron, Doroth\u00e9e Munyaneza, Guillaume Marquet and Luc Cerruti on their next creation.[\/vc_column_text][\/vc_tta_section][\/vc_tta_accordion][\/vc_column][vc_column width=&#8221;1\/4&#8243; mobile_width=&#8221;1-2&#8243;]<div class=\"grve-element grve-team grve-layout-3 grve-mouse-move\">\r\n\t<div class=\"grve-team-person\">\r\n\t\t<img loading=\"lazy\" decoding=\"async\" width=\"150\" height=\"150\" src=\"https:\/\/cfbenaim.com\/wp-content\/uploads\/2021\/09\/1517398177041-150x150.jpg\" class=\"attachment-thumbnail size-thumbnail\" alt=\"jessica-fouche-collaborateur\" data-column-space=\"auto\" data-lazyload=\"\" srcset=\"https:\/\/cfbenaim.com\/wp-content\/uploads\/2021\/09\/1517398177041-150x150.jpg 150w, https:\/\/cfbenaim.com\/wp-content\/uploads\/2021\/09\/1517398177041.jpg 300w\" sizes=\"auto, (max-width: 150px) 100vw, 150px\" \/>\t\t\t<\/div>\r\n\t<div class=\"grve-team-description\">\r\n\t\t\t\t<div class=\"grve-team-identity grve-small-text grve-text-primary-1\">Choreographic assistant<\/div>\r\n\t\t\t\t<h6 class=\"grve-team-name grve-h6\">Jessica Fouch\u00e9<\/h6>\r\n\t<\/div>\r\n<\/div>\r\n[vc_tta_accordion c_align=&#8221;center&#8221; c_icon=&#8221;&#8221; active_section=&#8221;99&#8243; heading_tag=&#8221;h6&#8243; heading=&#8221;subtitle-text&#8221;][vc_tta_section title=&#8221;+ bio&#8221; tab_id=&#8221;1632388072653-2df2930b-7a1f&#8221;][vc_column_text text_style=&#8221;leader-text&#8221;]&gt; Artistic accompaniment and collaboration<br \/>\n&gt; Outside view, dramaturgy, rehearsal<br \/>\n&gt; Artistic and\/or general coordination &#8211; team of 5 to 300 people<br \/>\n&gt; Artistic-Production-Technical interface<br \/>\n&gt; Logistics of creation and touring &#8211; in connection with or in place of the production manager<br \/>\n&gt; Relations with professionals, institutions and press<\/p>\n<p>DANCE<\/p>\n<p>&gt; Cie CFB 451 &#8211; Christian and Fran\u00e7ois Ben A\u00efm \/ 2014-2021<br \/>\n&gt; Cie Rualit\u00e9 \/ Op\u00e9ra de Paris &#8211; Bintou Demb\u00e9l\u00e9 (M.e.s Cl\u00e9ment Cogitore) : Op\u00e9ra-Ballet Les Indes Galantes \/ 2018-2019<br \/>\n&gt; Ad\u00e9quate Company &#8211; Lucie Augeai &amp; David Gernez \/ 2013-2019<br \/>\n&gt; Cie DCA &#8211; Philippe Decoufl\u00e9 \/ 2008-2010<br \/>\n&gt; Crazy Horse (Paris) &#8211; D\u00e9sirs &#8211; Ph. Decoufl\u00e9 \/ 2009 (permanent show)<br \/>\n&gt; Cie Mille Plateaux Associ\u00e9s &#8211; Geisha Fontaine and Pierre Cottreau \/ 2008<\/p>\n<p>DANCE-THEATRE<br \/>\n&gt; Toujours Apr\u00e8s Minuit &#8211; Brigitte Seth, Roser Montll\u00f3 Guberna \/ 2013-2021<\/p>\n<p>EVENT-BASED FORMS<br \/>\n&gt; Cube &#8211; Futuroscope (permanent show) \/ 2015<br \/>\n&gt; Chicos Mambos Company &#8211; Philippe Lafeuille \/ 2016-2019<\/p>\n<p>LARGE FORMATS (music, dance, circus, theater, digital art)<br \/>\n&gt; Festival Villes et Musiques du Monde (93) : Commissions Grands Formats Opera \/ 2012-2014<br \/>\n&gt; Cercle Ald\u00e9baran &#8211; Laurent Gachet: Commissions for large format creations in situ (industrial wastelands, glass towers) and ambulatory performances for industrial groups and public communities \/ 2011-2020<\/p>\n<p>CIRCUS<br \/>\n&gt; Karacena, Biennale of Circus Arts (Sal\u00e9, Morocco) &#8211; Laurent Gachet \/ 2010<br \/>\n4 creations &#8211; 10,000 spectators<br \/>\n300 people: 100 professionals, 50 circus apprentices, 100 amateurs, 50 volunteers<br \/>\n&gt; Acad\u00e9mie Fratellini &#8211; D\u00e9dale &#8211; Laurent Gachet \/ 2007<\/p>\n<p>MUSICAL THEATER<br \/>\n&gt; Etincelles Company &#8211; Vanessa Sanchez \/ 2012-2021 (choreographer)<br \/>\n&gt; Cie Rassegna &#8211; Bruno Allary &#8211; Contretemps (literary concert) \/ 2018<br \/>\n&gt; LLO Productions &#8211; Production company \/ 2005-2019[\/vc_column_text][\/vc_tta_section][\/vc_tta_accordion][\/vc_column][\/vc_row][vc_row columns_gap=&#8221;60&#8243;][vc_column width=&#8221;1\/4&#8243; mobile_width=&#8221;1-2&#8243;]<div class=\"grve-element grve-team grve-layout-3 grve-mouse-move\">\r\n\t<div class=\"grve-team-person\">\r\n\t\t<img loading=\"lazy\" decoding=\"async\" width=\"150\" height=\"150\" src=\"https:\/\/cfbenaim.com\/wp-content\/uploads\/2021\/09\/Pierre-Galais-150x150.jpg\" class=\"attachment-thumbnail size-thumbnail\" alt=\"Pierre Galais\" data-column-space=\"auto\" data-lazyload=\"\" \/>\t\t\t<\/div>\r\n\t<div class=\"grve-team-description\">\r\n\t\t\t\t<div class=\"grve-team-identity grve-small-text grve-text-primary-1\">Lighting Manager<\/div>\r\n\t\t\t\t<h6 class=\"grve-team-name grve-h6\">Pierre Galais<\/h6>\r\n\t<\/div>\r\n<\/div>\r\n[vc_tta_accordion c_align=&#8221;center&#8221; c_icon=&#8221;&#8221; active_section=&#8221;99&#8243; heading_tag=&#8221;h6&#8243; heading=&#8221;subtitle-text&#8221;][vc_tta_section title=&#8221;+ bio&#8221; tab_id=&#8221;1631180775796-aebc53af-9f75&#8243;][vc_column_text text_style=&#8221;leader-text&#8221;]Trained at the CFPTS (Bagnolet) in lighting management, after a diploma of theatrical studies at Paris 3-Censier, Pierre Galais collaborates 10 years with Serge de Laubier, electro-acoustician of the Studios Puce Muse (technical direction and lighting creation). Since then, he has created lighting and\/or video for several companies: in music with Juliet et Moi, Pense-Bete and in several operettas; in dance with the companies Retouramont (general management and lighting and video creation), Antoine Le M\u00e9nestrel, Merlin Nyakam and Isabelle Magnin; in theater with Josanne Rousseau, Odile Roire and Jade Duviquet. He is also in charge of the general management, lights and\/or sound for several companies. Since 2012, he collaborates with Christian and Fran\u00e7ois Ben A\u00efm&#8217;s company for the general management (in rotation) of Valse en trois temps (2010).[\/vc_column_text][\/vc_tta_section][\/vc_tta_accordion][\/vc_column][vc_column width=&#8221;1\/4&#8243; mobile_width=&#8221;1-2&#8243;]<div class=\"grve-element grve-team grve-layout-3 grve-mouse-move\">\r\n\t<div class=\"grve-team-person\">\r\n\t\t<img loading=\"lazy\" decoding=\"async\" width=\"150\" height=\"150\" src=\"https:\/\/cfbenaim.com\/wp-content\/uploads\/2021\/08\/Maud-Heintz-2x-150x150.png\" class=\"attachment-thumbnail size-thumbnail\" alt=\"Maud Heintz-2x\" data-column-space=\"auto\" data-lazyload=\"\" srcset=\"https:\/\/cfbenaim.com\/wp-content\/uploads\/2021\/08\/Maud-Heintz-2x-150x150.png 150w, https:\/\/cfbenaim.com\/wp-content\/uploads\/2021\/08\/Maud-Heintz-2x-300x300.png 300w, https:\/\/cfbenaim.com\/wp-content\/uploads\/2021\/08\/Maud-Heintz-2x.png 400w\" sizes=\"auto, (max-width: 150px) 100vw, 150px\" \/>\t\t\t<\/div>\r\n\t<div class=\"grve-team-description\">\r\n\t\t\t\t<div class=\"grve-team-identity grve-small-text grve-text-primary-1\">Costume designer<\/div>\r\n\t\t\t\t<h6 class=\"grve-team-name grve-h6\">Maud Heintz<\/h6>\r\n\t<\/div>\r\n<\/div>\r\n[vc_tta_accordion c_align=&#8221;center&#8221; c_icon=&#8221;&#8221; active_section=&#8221;99&#8243; heading_tag=&#8221;h6&#8243; heading=&#8221;subtitle-text&#8221;][vc_tta_section title=&#8221;+ bio&#8221; tab_id=&#8221;1632408669760-f748dddd-47e5&#8243;][vc_column_text text_style=&#8221;leader-text&#8221;]For the past fifteen years, Maud Heintz has alternated between creation, clothing and apparel in order to play with the diversity of her activity. A M\u00e9tiers d&#8217;Arts graduate specializing in historical and contemporary made-to-measure costumes, she has worked for the dancers of the Paris Conservatory, the Paco Decin\u00e0 company, Juliette Deschamps&#8217; company, the Royal Opera of Versailles, the Th\u00e9\u00e2tre du Ch\u00e2telet, the Cabaret Bobin&#8217;O, the Opera Comique, and the Cirque Invisible. Her meeting with the Thierr\u00e9e family was a determining factor in her approach to creation; from this collaboration with Victoria Chaplin, a true artistic revelation was born. In addition, Maud Heintz works occasionally on film shoots, notably for the movies Taken, Sherlock Holmes II, Jappeloup, A cause des filles, The 355&#8230; but also in museography with La Cin\u00e9math\u00e8que Fran\u00e7aise, Jean Baptiste Thi\u00e9rr\u00e9e, Carmen Lucini, and the Chanel heritage department. The plurality of her sources of inspiration is a fundamental stake in order to offer some signs, some guidelines, some material to dream about.[\/vc_column_text][\/vc_tta_section][\/vc_tta_accordion][\/vc_column][vc_column width=&#8221;1\/4&#8243; mobile_width=&#8221;1-2&#8243;]<div class=\"grve-element grve-team grve-layout-3 grve-mouse-move\">\r\n\t<div class=\"grve-team-person\">\r\n\t\t<img loading=\"lazy\" decoding=\"async\" width=\"150\" height=\"150\" src=\"https:\/\/cfbenaim.com\/wp-content\/uploads\/2021\/11\/photo-Stephane-Holveque-150x150.jpeg\" class=\"attachment-thumbnail size-thumbnail\" alt=\"photo-Stephane-Holveque.jpeg\" data-column-space=\"auto\" data-lazyload=\"\" \/>\t\t\t<\/div>\r\n\t<div class=\"grve-team-description\">\r\n\t\t\t\t<div class=\"grve-team-identity grve-small-text grve-text-primary-1\">General and Stage Manager<\/div>\r\n\t\t\t\t<h6 class=\"grve-team-name grve-h6\">St\u00e9phane Holv\u00eaque<\/h6>\r\n\t<\/div>\r\n<\/div>\r\n[vc_tta_accordion c_align=&#8221;center&#8221; c_icon=&#8221;&#8221; active_section=&#8221;99&#8243; heading_tag=&#8221;h6&#8243; heading=&#8221;subtitle-text&#8221;][vc_tta_section title=&#8221;+ bio&#8221; tab_id=&#8221;1631180776598-b3fd4a89-c011&#8243;][vc_column_text text_style=&#8221;leader-text&#8221;]Graduated from the &#8220;CFPTS of Bagnolet&#8221; in 2011 and training as a stage manager for live performances, St\u00e9phane made his debut with the Th\u00e9\u00e2tre du rivage company of Pascale-Danielle Lacombe, with the shows <em>Mongol<\/em> and <em>Comme du sable<\/em>, for which he was in charge of stage management.<\/p>\n<p>At the Th\u00e9\u00e2tre de la cit\u00e9 internationale, he met the set designer Nadia Lauro, who introduced him to the world of contemporary dance, touring with <em>Baron Samedi<\/em> by Allain Buffard, and <em>Adieu et merci<\/em> by Latifa La\u00e2bissi. Since 2013 he has been working on the creations of ARCAL (national company of lyrical creation), of which he has been the technical director since 2018.<\/p>\n<p>He collaborates with the company Christian &amp; Fran\u00e7ois Ben A\u00efm since 2019, ensuring the general management of <a href=\"https:\/\/cfbenaim.com\/en\/portfolio-spectacles\/burn-rebellious-hearts\/\"><em>Burn, rebellious hearts<\/em><\/a>, of <a href=\"https:\/\/cfbenaim.com\/en\/portfolio-spectacles\/logresse-des-archives-et-son-chien\/\"><em>The Ogress of the Archives and her dog<\/em><\/a>, as well as <a href=\"https:\/\/cfbenaim.com\/en\/portfolio-spectacles\/jests\/\"><em>JESTS<\/em><\/a>.[\/vc_column_text][\/vc_tta_section][\/vc_tta_accordion][\/vc_column][vc_column width=&#8221;1\/4&#8243; mobile_width=&#8221;1-2&#8243;]<div class=\"grve-element grve-team grve-layout-3 grve-mouse-move\">\r\n\t<div class=\"grve-team-person\">\r\n\t\t<img loading=\"lazy\" decoding=\"async\" width=\"150\" height=\"150\" src=\"https:\/\/cfbenaim.com\/wp-content\/uploads\/2021\/11\/Photo-Bryan-Jean-Baptiste-150x150.jpg\" class=\"attachment-thumbnail size-thumbnail\" alt=\"Photo-Bryan-Jean-Baptiste.jpg\" data-column-space=\"auto\" data-lazyload=\"\" \/>\t\t\t<\/div>\r\n\t<div class=\"grve-team-description\">\r\n\t\t\t\t<div class=\"grve-team-identity grve-small-text grve-text-primary-1\">Lighting Manager<\/div>\r\n\t\t\t\t<h6 class=\"grve-team-name grve-h6\">Bryan Jean-Baptiste<\/h6>\r\n\t<\/div>\r\n<\/div>\r\n[vc_tta_accordion c_align=&#8221;center&#8221; c_icon=&#8221;&#8221; active_section=&#8221;99&#8243; heading_tag=&#8221;h6&#8243; heading=&#8221;subtitle-text&#8221;][vc_tta_section title=&#8221;+ bio&#8221; tab_id=&#8221;1632749896119-1bc0ceb9-8956&#8243;][vc_column_text text_style=&#8221;leader-text&#8221;]Bryan is a Lighting Manager since 2011 for the Caf\u00e9 de la danse in Bastille and for the espace 1789 in Saint-Ouen.<\/p>\n<p>He has worked with several theater companies, during concerts as well as one man shows and dance performances.<\/p>\n<p>Bryan joined the company in 2019, notably for the tours of the piece <a href=\"https:\/\/cfbenaim.com\/en\/portfolio-spectacles\/mirages-boreal-souls\/\"><em>Mirages \u2013 boreal souls<\/em><\/a>.[\/vc_column_text][\/vc_tta_section][\/vc_tta_accordion][\/vc_column][\/vc_row][vc_row columns_gap=&#8221;60&#8243;][vc_column width=&#8221;1\/4&#8243; mobile_width=&#8221;1-2&#8243;]<div class=\"grve-element grve-team grve-layout-3 grve-mouse-move\">\r\n\t<div class=\"grve-team-person\">\r\n\t\t<img loading=\"lazy\" decoding=\"async\" width=\"150\" height=\"150\" src=\"https:\/\/cfbenaim.com\/wp-content\/uploads\/2021\/09\/Jean-marc-lanoe-regisseur-general-150x150.jpg\" class=\"attachment-thumbnail size-thumbnail\" alt=\"Jean-marc-lanoe-regisseur-general.jpg\" data-column-space=\"auto\" data-lazyload=\"\" srcset=\"https:\/\/cfbenaim.com\/wp-content\/uploads\/2021\/09\/Jean-marc-lanoe-regisseur-general-150x150.jpg 150w, https:\/\/cfbenaim.com\/wp-content\/uploads\/2021\/09\/Jean-marc-lanoe-regisseur-general-300x300.jpg 300w, https:\/\/cfbenaim.com\/wp-content\/uploads\/2021\/09\/Jean-marc-lanoe-regisseur-general.jpg 332w\" sizes=\"auto, (max-width: 150px) 100vw, 150px\" \/>\t\t\t<\/div>\r\n\t<div class=\"grve-team-description\">\r\n\t\t\t\t<div class=\"grve-team-identity grve-small-text grve-text-primary-1\">General Stage Manager<\/div>\r\n\t\t\t\t<h6 class=\"grve-team-name grve-h6\">Jean-Marc Lano\u00eb<\/h6>\r\n\t<\/div>\r\n<\/div>\r\n[vc_tta_accordion c_align=&#8221;center&#8221; c_icon=&#8221;&#8221; active_section=&#8221;99&#8243; heading_tag=&#8221;h6&#8243; heading=&#8221;subtitle-text&#8221;][vc_tta_section title=&#8221;+ bio&#8221; tab_id=&#8221;1632749989596-63c8d5ee-a17f&#8221;][vc_column_text text_style=&#8221;leader-text&#8221;]Jean-Marc has been working for several years with the company Adrien M &amp; Claire B on installations at the crossroads of digital and live arts.<\/p>\n<p>He is also partly in charge of the general management of live shows at the Centre Pompidou, whose programming focuses on contemporary dance.<\/p>\n<p>He has worked in various other places such as the Th\u00e9\u00e2tre National de Chaillot, the Th\u00e9\u00e2tre de Ch\u00e2tillon or the Centre Culturel Fran\u00e7ais de Ouagadougou.<\/p>\n<p>Jean-Marc joined the company in 2018, notably for the tour of the show <a href=\"https:\/\/cfbenaim.com\/en\/portfolio-spectacles\/mirages-boreal-souls\/\"><em>Mirages \u2013 boreal souls<\/em><\/a>.[\/vc_column_text][\/vc_tta_section][\/vc_tta_accordion][\/vc_column][vc_column width=&#8221;1\/4&#8243; mobile_width=&#8221;1-2&#8243;]<div class=\"grve-element grve-team grve-layout-3 grve-mouse-move\">\r\n\t<div class=\"grve-team-person\">\r\n\t\t<img loading=\"lazy\" decoding=\"async\" width=\"150\" height=\"150\" src=\"https:\/\/cfbenaim.com\/wp-content\/uploads\/2021\/09\/Laval-portrait_ecume-des-jours-2-150x150.jpg\" class=\"attachment-thumbnail size-thumbnail\" alt=\"\" data-column-space=\"auto\" data-lazyload=\"\" srcset=\"https:\/\/cfbenaim.com\/wp-content\/uploads\/2021\/09\/Laval-portrait_ecume-des-jours-2-150x150.jpg 150w, https:\/\/cfbenaim.com\/wp-content\/uploads\/2021\/09\/Laval-portrait_ecume-des-jours-2-560x560.jpg 560w\" sizes=\"auto, (max-width: 150px) 100vw, 150px\" \/>\t\t\t<\/div>\r\n\t<div class=\"grve-team-description\">\r\n\t\t\t\t<div class=\"grve-team-identity grve-small-text grve-text-primary-1\">Costume designer, artist<\/div>\r\n\t\t\t\t<h6 class=\"grve-team-name grve-h6\">Anne Laval<\/h6>\r\n\t<\/div>\r\n<\/div>\r\n[vc_tta_accordion c_align=&#8221;center&#8221; c_icon=&#8221;&#8221; active_section=&#8221;99&#8243; heading_tag=&#8221;h6&#8243; heading=&#8221;subtitle-text&#8221;][vc_tta_section title=&#8221;+ bio&#8221; tab_id=&#8221;1632750226422-69ef2e60-e17a&#8221;][vc_column_text text_style=&#8221;leader-text&#8221;]Born in 1975, she graduated from the Duperr\u00e9 School and then worked as a costume designer for several years. At the age of thirty, she decided to develop her work as a visual artist, bringing together her knowledge to express herself mainly through sculpture.<\/p>\n<p>Since then, she has been experimenting and developing a work of sculpture, drawing, engraving and video, her creations forming a consistent artistic approach.[\/vc_column_text][\/vc_tta_section][\/vc_tta_accordion][\/vc_column][vc_column width=&#8221;1\/4&#8243; mobile_width=&#8221;1-2&#8243;]<div class=\"grve-element grve-team grve-layout-3 grve-mouse-move\">\r\n\t<div class=\"grve-team-person\">\r\n\t\t<img loading=\"lazy\" decoding=\"async\" width=\"150\" height=\"150\" src=\"https:\/\/cfbenaim.com\/wp-content\/uploads\/2021\/09\/Herve-Le-Dorlot-150x150.jpg\" class=\"attachment-thumbnail size-thumbnail\" alt=\"Herv\u00e9 Le Dorlot\" data-column-space=\"auto\" data-lazyload=\"\" srcset=\"https:\/\/cfbenaim.com\/wp-content\/uploads\/2021\/09\/Herve-Le-Dorlot-150x150.jpg 150w, https:\/\/cfbenaim.com\/wp-content\/uploads\/2021\/09\/Herve-Le-Dorlot.jpg 268w\" sizes=\"auto, (max-width: 150px) 100vw, 150px\" \/>\t\t\t<\/div>\r\n\t<div class=\"grve-team-description\">\r\n\t\t\t\t<div class=\"grve-team-identity grve-small-text grve-text-primary-1\">Sound Manager<\/div>\r\n\t\t\t\t<h6 class=\"grve-team-name grve-h6\">Herv\u00e9 Le Dorlot<\/h6>\r\n\t<\/div>\r\n<\/div>\r\n[vc_tta_accordion c_align=&#8221;center&#8221; c_icon=&#8221;&#8221; active_section=&#8221;99&#8243; heading_tag=&#8221;h6&#8243; heading=&#8221;subtitle-text&#8221;][vc_tta_section title=&#8221;+ bio&#8221; tab_id=&#8221;1632408670648-65553f2f-c8b9&#8243;][vc_column_text text_style=&#8221;leader-text&#8221;]Herv\u00e9 Le Dorlot is originally from Vannes in the Morbihan. He splits his activity between music, sound and general management.\u00a0He was a guitarist in various rock bands (including Dominic Sonic from Rennes), then composer and arranger with Bertrand Betsch. Currently on tour with the project [e.pok] of the singer Ignatus.\u00a0He designs the sound ambiance of dance and theater pieces (in 2017, Berlin 33 by Ren\u00e9 Loyon) and composes music for the image (in 2017, L&#8217;Exil\u00e9 du Temps by Isabelle Putod).\u00a0He has composed music for concerts and events in various cultural venues in Paris (Mus\u00e9e d&#8217;Orsay, Mus\u00e9e du Quai Branly, Centre G. Pompidou Center, the National Library of France).\u00a0He is also general manager (Mus\u00e9e d&#8217;Orsay, Th\u00e9\u00e2tre de Ch\u00e2tillon, Ircam, Les Rencontres Internationales de l&#8217;Aria en Corse).[\/vc_column_text][\/vc_tta_section][\/vc_tta_accordion][\/vc_column][vc_column width=&#8221;1\/4&#8243; mobile_width=&#8221;1-2&#8243;]<div class=\"grve-element grve-team grve-layout-3 grve-mouse-move\">\r\n\t<div class=\"grve-team-person\">\r\n\t\t<img loading=\"lazy\" decoding=\"async\" width=\"150\" height=\"150\" src=\"https:\/\/cfbenaim.com\/wp-content\/uploads\/2021\/09\/guillaume-marmin-1-sur-5-1-150x150.jpg\" class=\"attachment-thumbnail size-thumbnail\" alt=\"\" data-column-space=\"auto\" data-lazyload=\"\" srcset=\"https:\/\/cfbenaim.com\/wp-content\/uploads\/2021\/09\/guillaume-marmin-1-sur-5-1-150x150.jpg 150w, https:\/\/cfbenaim.com\/wp-content\/uploads\/2021\/09\/guillaume-marmin-1-sur-5-1-300x300.jpg 300w, https:\/\/cfbenaim.com\/wp-content\/uploads\/2021\/09\/guillaume-marmin-1-sur-5-1.jpg 465w\" sizes=\"auto, (max-width: 150px) 100vw, 150px\" \/>\t\t\t<\/div>\r\n\t<div class=\"grve-team-description\">\r\n\t\t\t\t<div class=\"grve-team-identity grve-small-text grve-text-primary-1\">Videographer, visual artist<\/div>\r\n\t\t\t\t<h6 class=\"grve-team-name grve-h6\">Guillaume Marmin<\/h6>\r\n\t<\/div>\r\n<\/div>\r\n[vc_tta_accordion c_align=&#8221;center&#8221; c_icon=&#8221;&#8221; active_section=&#8221;99&#8243; heading_tag=&#8221;h6&#8243; heading=&#8221;subtitle-text&#8221;][vc_tta_section title=&#8221;+ bio&#8221; tab_id=&#8221;1632408671581-e8dfa56c-176a&#8221;][vc_column_text text_style=&#8221;leader-text&#8221;]Trained at the University of Lyon II and at ARFIS, Guillaume Marmin designs audiovisual devices. His work is part of a renewal of visual creation by freeing himself from the classical forms of narration and traditional scenic supports. Influenced by experimental directors such as Len Lye or Stan Brakhage, Guillaume Marmin is looking for a common language between images and sounds, a synesthetic alphabet made of rhythms, contrasts and pure figures in motion. In order to offer new supports to this new language, Guillaume Marmin tries to forget the screen to experiment on all types of surfaces: mapping on 3D sculptures and buildings, projection on photographs and silkscreens, moving bodies or smoke&#8230; His immersive works and his installations in public spaces are the opportunity to collaborate with architects, scenographers, musicians and lighting technicians.<br \/>\nBy coordinating the play of light that evokes radiation and magnetism, with discrete noises and signals (clicks, cracks, clacks, vibrations), he creates a universe where abstract purity is associated with a geometry that generates images that are both complex and fundamental. His works give substance to the intangible, making us fleetingly touch the beauty of the invisible and the mathematical foundation of reality.<\/p>\n<p>Despite the use of tools that appear to be technologically advanced and the intervention of digital media, his work reveals a desire not to evacuate the real. Whether it is about the earth (Around the Island), climatic phenomena (Apr\u00e8s-nous le d\u00e9luge), architecture (Raster), or the history of physics and its paradigms (Tim\u00e9e), Guillaume Marmin illustrates the ambivalence maintained by our era in its relationship between nature and technology. Around the Island, Tim\u00e9e, Raster&#8230; so many pieces that avoid the pitfall of an art entirely turned towards the &#8220;digital&#8221; and the virtual. As refined as it is, Guillaume Marmin&#8217;s work does not exclude a certain form of transcendental mysticism (Hara). A preoccupation that we find in his way of evoking the beauty of the imperceptible, that of physics and the transposition of digital sounds and flows into a new world of images and narratives.[\/vc_column_text][\/vc_tta_section][\/vc_tta_accordion][\/vc_column][\/vc_row][vc_row columns_gap=&#8221;60&#8243;][vc_column width=&#8221;1\/4&#8243; mobile_width=&#8221;1-2&#8243;]<div class=\"grve-element grve-team grve-layout-3 grve-mouse-move\">\r\n\t<div class=\"grve-team-person\">\r\n\t\t<img loading=\"lazy\" decoding=\"async\" width=\"150\" height=\"150\" src=\"https:\/\/cfbenaim.com\/wp-content\/uploads\/2021\/09\/Laurent-Patissier-150x150.jpg\" class=\"attachment-thumbnail size-thumbnail\" alt=\"Laurent Patissier\" data-column-space=\"auto\" data-lazyload=\"\" \/>\t\t\t<\/div>\r\n\t<div class=\"grve-team-description\">\r\n\t\t\t\t<div class=\"grve-team-identity grve-small-text grve-text-primary-1\">Lighting designer<\/div>\r\n\t\t\t\t<h6 class=\"grve-team-name grve-h6\">Laurent Patissier<\/h6>\r\n\t<\/div>\r\n<\/div>\r\n[vc_tta_accordion c_align=&#8221;center&#8221; c_icon=&#8221;&#8221; active_section=&#8221;99&#8243; heading_tag=&#8221;h6&#8243; heading=&#8221;subtitle-text&#8221;][vc_tta_section title=&#8221;+ bio&#8221; tab_id=&#8221;1632750947903-60936efa-a066&#8243;][vc_column_text text_style=&#8221;leader-text&#8221;]Laurent Patissier has dedicated himself for 23 years to the design of lighting for live performances. He lights plays, dance, puppets, concerts and exhibitions. He met Christian and Fran\u00e7ois in 1998, for a first collaboration on their play L&#8217;homme rapaill\u00e9. From 2004 and his work on the piece Carcasses, an eye for two, he creates the lights of the company&#8217;s pieces.\u00a0For choreography, Laurent Patissier has recently designed the lights for the pieces Rock&#8217;n Roll Suicide #2 and Bosso Fataka by Andr\u00e9a Sitter, Divin@m\u00e9dia.com and Carne Argentina by Santiago Codon-Gras, and L&#8217;Avide by Marie Cassat.\u00a0For the theater, he created the lighting for the plays This is the Hand by Christophe Cagnolari and Assoiff\u00e9s by Brice Coupey. For music, he has lit the concerts of the Quatuor Voce. He also lit two editions of the Sid\u00e9ration festival for the Centre National des Etudes Spatiales, the sculpture Fracas by Emmanuelle Ducros for the Nuits Blanches, and the exhibition L&#8217;Abbaye Fleurie by R\u00e9gis Perray at the Abbaye de Maubuisson.\u00a0Laurent Patissier has also collaborated with Ana Ventura, Franck II Louise, Luc Laporte, Sandrine Roche, David Colas, Etienne Pommeret, Val\u00e9rie Grail, La Danse du Chien, Tumulus, Roland Fichet, Merlin Nyakam, Ma Fu Liang, Agn\u00e8s Sighicelli, Fran\u00e7ois Boursier, Vincent Dussart, J\u00e9r\u00f4me Pisani and Nathalie Rafal, Morisse et Cie, Denis Guivar&#8217;ch. and Christine Julien, My Chau N&#8217;Guyen and Elizabeth Algisi.[\/vc_column_text][\/vc_tta_section][\/vc_tta_accordion][\/vc_column][vc_column width=&#8221;1\/4&#8243; mobile_width=&#8221;1-2&#8243;]<div class=\"grve-element grve-team grve-layout-3 grve-mouse-move\">\r\n\t<div class=\"grve-team-person\">\r\n\t\t<img loading=\"lazy\" decoding=\"async\" width=\"150\" height=\"150\" src=\"https:\/\/cfbenaim.com\/wp-content\/uploads\/2021\/09\/Patrice-Pepin-150x150.jpg\" class=\"attachment-thumbnail size-thumbnail\" alt=\"Patrice P\u00e9pin\" data-column-space=\"auto\" data-lazyload=\"\" \/>\t\t\t<\/div>\r\n\t<div class=\"grve-team-description\">\r\n\t\t\t\t<div class=\"grve-team-identity grve-small-text grve-text-primary-1\">Lighting manager<\/div>\r\n\t\t\t\t<h6 class=\"grve-team-name grve-h6\">Patrice P\u00e9pin<\/h6>\r\n\t<\/div>\r\n<\/div>\r\n[vc_tta_accordion c_align=&#8221;center&#8221; c_icon=&#8221;&#8221; active_section=&#8221;99&#8243; heading_tag=&#8221;h6&#8243; heading=&#8221;subtitle-text&#8221;][vc_tta_section title=&#8221;+ bio&#8221; tab_id=&#8221;1631182056991-4c6a3f03-f480&#8243;][vc_column_text text_style=&#8221;leader-text&#8221;]After obtaining a Certificate of Technical Assistant for Sound and Light, then training as a general stage manager at the CFPTS, Patrice P\u00e9pin works with several companies. He joined Christian and Fran\u00e7ois Ben A\u00efm&#8217;s company in 2013 to manage the lighting for La for\u00eat \u00e9bouriff\u00e9e (2013).[\/vc_column_text][\/vc_tta_section][\/vc_tta_accordion][\/vc_column][vc_column width=&#8221;1\/4&#8243; mobile_width=&#8221;1-2&#8243;]<div class=\"grve-element grve-team grve-layout-3 grve-mouse-move\">\r\n\t<div class=\"grve-team-person\">\r\n\t\t<img loading=\"lazy\" decoding=\"async\" width=\"150\" height=\"129\" src=\"https:\/\/cfbenaim.com\/wp-content\/uploads\/2021\/09\/guillaume-poix-page-equipe-1-150x129.jpg\" class=\"attachment-thumbnail size-thumbnail\" alt=\"guillaume-poix-page-equipe-1.jpg\" data-column-space=\"auto\" data-lazyload=\"\" \/>\t\t\t<\/div>\r\n\t<div class=\"grve-team-description\">\r\n\t\t\t\t<div class=\"grve-team-identity grve-small-text grve-text-primary-1\">Playwright, author<\/div>\r\n\t\t\t\t<h6 class=\"grve-team-name grve-h6\">Guillaume Poix<\/h6>\r\n\t<\/div>\r\n<\/div>\r\n[vc_tta_accordion c_align=&#8221;center&#8221; c_icon=&#8221;&#8221; active_section=&#8221;99&#8243; heading_tag=&#8221;h6&#8243; heading=&#8221;subtitle-text&#8221;][vc_tta_section title=&#8221;+ bio&#8221; tab_id=&#8221;1632750582031-ac6507a3-c23a&#8221;][vc_column_text text_style=&#8221;leader-text&#8221;]Guillaume Poix is an actor, director and playwright. He graduated from Ensatt in dramatic writing.<br \/>\nactor, director and playwright. Trained at the Cours Florent, he acted in <em>Seul le feu<\/em> by Christophe Pellet (2013) and <em>Un beau dimanche<\/em> by Nicole Garcia (2013). He continues his collaboration with the French actress and director by reading alongside her, and with In\u00e8s Grunenwald and Pierre Rochefort,<em> 14<\/em> by Jean Echenoz at the Th\u00e9\u00e2tre du Rond-Point in October 2014. He regularly participates in readings organized by the Marathon des mots in Toulouse. He lent his voice to Cl\u00e9mentine Deroudille&#8217;s radio documentary devoted to Robert Doisneau for France Culture in July 2014. In 2013, he was dramaturge and assistant director to Val\u00e9rie N\u00e8gre for Donizetti&#8217;s <em>La Favorite<\/em> at the Th\u00e9\u00e2tre des Champs-\u00c9lys\u00e9es. He also assisted Claire Simon on film for <em>Les bureaux de Dieu<\/em> (2007).<br \/>\nWith the sound designer Guillaume Vesin, he founded the Compagnie Premi\u00e8res Fontes. Their first creation, <em>Le Groenland<\/em> by Pauline Sales, was performed at the Th\u00e9\u00e2tre des Clochards C\u00e9lestes in Lyon in April 2014. Their second show, <em>Festival<\/em>, was created in Lyon in May 2015 at the Th\u00e9\u00e2tre Le Fou.<br \/>\nHe has completed a thesis in theater studies under the direction of Christian Biet, at the University of Paris Ouest &#8211; Nanterre. His research work focuses on the representation of mourning in post-1945 theater. He has published two articles devoted to the theatrical work of Jean-Claude Grumberg in the magazine <em>Europe<\/em> (October 2011) and <em>Th\u00e9\u00e2tre aujourd&#8217;hui<\/em> (June 2012).<br \/>\nFor the Librio collection, he is designing new pedagogical and dramaturgical dossiers for the 2015 reissue of Moli\u00e8re&#8217;s works.<br \/>\nHe is the author of several plays: <em>Les Pr\u00e9somptions<\/em>, selected in March 2013 at the Mousson d&#8217;hiver, <em>Virgile n&#8217;a pas les \u00e9paules<\/em>, read by the Atelier volant at the Th\u00e9\u00e2tre national de Toulouse in June 2013, <em>Wave<\/em>, commissioned by the French Institute of Cotonou (Benin) and performed there in March 2015. <em>Straight<\/em>, finally, winner of the Journ\u00e9es de Lyon des Auteurs de Th\u00e9\u00e2tre 2014, of the CNT creation grant in November 2014, finalist of the Sony Labou Tansy 2016 prize and selected at the Festival Regards Crois\u00e9s 2015.<br \/>\nHe was an associate playwright at Th\u00e9\u00e2tre Poche\/Geneva (director Mathieu Bertholet) for the 2015-2016 season.[\/vc_column_text][\/vc_tta_section][\/vc_tta_accordion][\/vc_column][vc_column width=&#8221;1\/4&#8243; mobile_width=&#8221;1-2&#8243;]<div class=\"grve-element grve-team grve-layout-3 grve-mouse-move\">\r\n\t<div class=\"grve-team-person\">\r\n\t\t<img loading=\"lazy\" decoding=\"async\" width=\"150\" height=\"150\" src=\"https:\/\/cfbenaim.com\/wp-content\/uploads\/2021\/09\/Veronique-Sternberg-150x150.jpg\" class=\"attachment-thumbnail size-thumbnail\" alt=\"V\u00e9ronique Sternberg\" data-column-space=\"auto\" data-lazyload=\"\" srcset=\"https:\/\/cfbenaim.com\/wp-content\/uploads\/2021\/09\/Veronique-Sternberg-150x150.jpg 150w, https:\/\/cfbenaim.com\/wp-content\/uploads\/2021\/09\/Veronique-Sternberg.jpg 206w\" sizes=\"auto, (max-width: 150px) 100vw, 150px\" \/>\t\t\t<\/div>\r\n\t<div class=\"grve-team-description\">\r\n\t\t\t\t<div class=\"grve-team-identity grve-small-text grve-text-primary-1\">Dramaturgic collaborator<\/div>\r\n\t\t\t\t<h6 class=\"grve-team-name grve-h6\">V\u00e9ronique Sternberg<\/h6>\r\n\t<\/div>\r\n<\/div>\r\n[vc_tta_accordion c_align=&#8221;center&#8221; c_icon=&#8221;&#8221; active_section=&#8221;99&#8243; heading_tag=&#8221;h6&#8243; heading=&#8221;subtitle-text&#8221;][vc_tta_section title=&#8221;+ bio&#8221; tab_id=&#8221;1631182057854-8d00f060-20e8&#8243;][vc_column_text text_style=&#8221;leader-text&#8221;]V\u00e9ronique Sternberg is a teacher-researcher specializing in theater and the poetics of genres. She has been a university lecturer for over fifteen years. Her publications include <em>Po\u00e9tique de la com\u00e9die<\/em> (Sedes, 2000), <em>Le Comique<\/em> (GF-Flammarion, 2003), and <em>Le Th\u00e9\u00e2tre de Paul Scarron<\/em> (Champion, 2009).\u00a0Eager to confront literary criticism with the realities of the stage, she quickly became interested in promoting dialogue between researchers, students, the general public, and performance professionals. She then left the university and founded Paroles en Sc\u00e8ne in 2013, a cultural mediation structure aiming to develop links between the artistic world and all the audiences of a territory. She is also a consultant in audience development (CDBM, sc\u00e8ne conventionn\u00e9e du Perreux) and lecturer.\u00a0Today, it is the dialogue with artists that gives meaning to this double career. Through exchanges and collaborations with Christian Schiaretti, Virginie Merlin, Oskaras Korsunovas, Vincent Ecrepont, V\u00e9ronique Sternberg tries to put her knowledge of texts and dramatic aesthetics at the service of creation. More recently, thanks to the meeting of choreographers (Nadine Beaulieu, Elodie Escarmelle, Christian and Fran\u00e7ois Ben A\u00efm), she discovered the richness of the dramaturgical collaboration on pieces of dance.[\/vc_column_text][\/vc_tta_section][\/vc_tta_accordion][\/vc_column][\/vc_row][vc_row columns_gap=&#8221;60&#8243;][vc_column width=&#8221;1\/4&#8243; mobile_width=&#8221;1-2&#8243;]<div class=\"grve-element grve-team grve-layout-3 grve-mouse-move\">\r\n\t<div class=\"grve-team-person\">\r\n\t\t<img loading=\"lazy\" decoding=\"async\" width=\"150\" height=\"150\" src=\"https:\/\/cfbenaim.com\/wp-content\/uploads\/2021\/09\/Pierre-Antoine-Thierry-150x150.jpg\" class=\"attachment-thumbnail size-thumbnail\" alt=\"Pierre-Antoine Thierry\" data-column-space=\"auto\" data-lazyload=\"\" \/>\t\t\t<\/div>\r\n\t<div class=\"grve-team-description\">\r\n\t\t\t\t<div class=\"grve-team-identity grve-small-text grve-text-primary-1\">Scenographer, graphic designer<\/div>\r\n\t\t\t\t<h6 class=\"grve-team-name grve-h6\">Pierre-Antoine Thierry<\/h6>\r\n\t<\/div>\r\n<\/div>\r\n[vc_tta_accordion c_align=&#8221;center&#8221; c_icon=&#8221;&#8221; active_section=&#8221;99&#8243; heading_tag=&#8221;h6&#8243; heading=&#8221;subtitle-text&#8221;][vc_tta_section title=&#8221;+ bio&#8221; tab_id=&#8221;1631182058845-5f56eae9-0b53&#8243;][vc_column_text text_style=&#8221;leader-text&#8221;]Pierre-Antoine Thierry (Titwane) is an illustrator and graphic designer. As an illustrator, he works for publishing, both for young people and adults, for the press and for television. He is notably the author of Enqu\u00eates g\u00e9n\u00e9rales, an immersion in the heart of the brigade de r\u00e9pression du banditisme with Raynal Pellicer, published by Editions de la Martini\u00e8re. He also produces numerous sketchbooks. As a graphic designer, he works mainly in the cultural field, for theaters, companies, record companies but also for local communities. He teaches sketching at the Brassart school in Tours. In addition to a large number of communication supports, he realized, for the company of Christian and Fran\u00e7ois Ben A\u00efm, the scenographies of the plays Ne vous fiez pas au titre, il peut encore changer (2003), Carcasses, un \u0153il pour deux (2004), En plein c\u0153ur (2006), You&#8217;re a bird, now ! (2007), Amor fati fati amor (2008) and R\u00e9sistance au droit (2010).<br \/>\n<a href=\"https:\/\/titwane.fr\" target=\"_blank\" rel=\"noopener\"><span style=\"text-decoration: underline;\">titwane.fr<\/span><\/a>[\/vc_column_text][\/vc_tta_section][\/vc_tta_accordion][\/vc_column][vc_column width=&#8221;1\/4&#8243; mobile_width=&#8221;1-2&#8243;]<div class=\"grve-element grve-team grve-layout-3 grve-mouse-move\">\r\n\t<div class=\"grve-team-person\">\r\n\t\t<img loading=\"lazy\" decoding=\"async\" width=\"150\" height=\"150\" src=\"https:\/\/cfbenaim.com\/wp-content\/uploads\/2021\/09\/Melusine-Thiry-150x150.jpg\" class=\"attachment-thumbnail size-thumbnail\" alt=\"M\u00e9lusine Thiry\" data-column-space=\"auto\" data-lazyload=\"\" \/>\t\t\t<\/div>\r\n\t<div class=\"grve-team-description\">\r\n\t\t\t\t<div class=\"grve-team-identity grve-small-text grve-text-primary-1\">Videographer, illustrator<\/div>\r\n\t\t\t\t<h6 class=\"grve-team-name grve-h6\">M\u00e9lusine Thiry<\/h6>\r\n\t<\/div>\r\n<\/div>\r\n[vc_tta_accordion c_align=&#8221;center&#8221; c_icon=&#8221;&#8221; active_section=&#8221;99&#8243; heading_tag=&#8221;h6&#8243; heading=&#8221;subtitle-text&#8221;][vc_tta_section title=&#8221;+ bio&#8221; tab_id=&#8221;1725637970517-711badad-51ac&#8221;][vc_column_text text_style=&#8221;leader-text&#8221;]Trained in audiovisual, M\u00e9lusine Thiry works in the performing arts as a lighting designer and video artist. She focuses her graphic explorations on the work of shadows, materials and colors. Drawing on her experience of video applied to the world of puppets, dance or music, she collaborates in the creation of visual universes and luminous sets for shows for children or adults. Winner of the Figures Futur 2006 competition, she excels in the art of cut paper. In 2010, Jean-Charles Trebbi devoted a note to her in his superb book L&#8217;art de la d\u00e9coupe (Alternatives 2010).\u00a0Author of a verbal and graphic poem (as one critic wrote), M\u00e9lusine is inspired, in her illustration, by the very small and the infinite to create a mysterious and wonderful universe, expressing the pleasures and difficulties of growing up. The images she creates bring a new brightness to the world of childhood. Since 2007, she has collaborated with the Ben A\u00efm brothers&#8217; company on various creations (You&#8217;re a bird, now!, R\u00e9sistance au droit, L&#8217;Ogresse des archives et son chien, La for\u00eat \u00e9bouriff\u00e9e).[\/vc_column_text][\/vc_tta_section][\/vc_tta_accordion][\/vc_column][vc_column width=&#8221;1\/4&#8243; mobile_width=&#8221;1-2&#8243;]<div class=\"grve-element grve-team grve-layout-3 grve-mouse-move\">\r\n\t<div class=\"grve-team-person\">\r\n\t\t<img loading=\"lazy\" decoding=\"async\" width=\"150\" height=\"150\" src=\"https:\/\/cfbenaim.com\/wp-content\/uploads\/2024\/09\/MOSSI-150x150.png\" class=\"attachment-thumbnail size-thumbnail\" alt=\"\" data-column-space=\"auto\" data-lazyload=\"\" srcset=\"https:\/\/cfbenaim.com\/wp-content\/uploads\/2024\/09\/MOSSI-150x150.png 150w, https:\/\/cfbenaim.com\/wp-content\/uploads\/2024\/09\/MOSSI-560x560.png 560w\" sizes=\"auto, (max-width: 150px) 100vw, 150px\" \/>\t\t\t<\/div>\r\n\t<div class=\"grve-team-description\">\r\n\t\t\t\t<div class=\"grve-team-identity grve-small-text grve-text-primary-1\">Stylist<\/div>\r\n\t\t\t\t<h6 class=\"grve-team-name grve-h6\">Mossi Traor\u00e9<\/h6>\r\n\t<\/div>\r\n<\/div>\r\n[vc_tta_accordion c_align=&#8221;center&#8221; c_icon=&#8221;&#8221; active_section=&#8221;99&#8243; heading_tag=&#8221;h6&#8243; heading=&#8221;subtitle-text&#8221;][vc_tta_section title=&#8221;+ bio&#8221; tab_id=&#8221;1632410961649-5c0d5f0e-7403&#8243;][vc_column_text css=&#8221;&#8221; text_style=&#8221;leader-text&#8221;]Mossi Traor\u00e9 is an independent designer offering socially committed fashion.<br \/>\nIndeed, through his eponymous label created in 2019, he fights for social integration and access to success for everyone.<\/p>\n<p><strong><em>MOSSI<\/em><\/strong>, a luxury ready-to-wear brand with an ethical and eco-responsible heart, whose mission is to sell a dream accessible to all.<br \/>\nIts spirit is quickly rewarded with the Pierre Berg\u00e9 prize from ANDAM in 2020, and collaborations with La Redoute, Lalique, Courir, Asics and Adidas are born.<br \/>\nArtistic synergies are also emerging with Marie-Agn\u00e8s Gillot, L\u00e9onore Baulac, Simone Pheulpin, Lee Bae and Hassan Massoudy, fusing fashion and art.<\/p>\n<p>Mossi Traor\u00e9 has set up his own school, Les Ateliers Alix, in homage to Madame Gr\u00e8s, who is a huge inspiration to him. The school has been training young enthusiasts from all walks of life in haute-couture techniques for almost a decade.[\/vc_column_text][\/vc_tta_section][\/vc_tta_accordion][\/vc_column][vc_column width=&#8221;1\/4&#8243; mobile_width=&#8221;1-2&#8243;]<div class=\"grve-element grve-team grve-layout-3 grve-mouse-move\">\r\n\t<div class=\"grve-team-person\">\r\n\t\t<img loading=\"lazy\" decoding=\"async\" width=\"150\" height=\"150\" src=\"https:\/\/cfbenaim.com\/wp-content\/uploads\/2021\/11\/photo-Christophe-Velay-150x150.jpg\" class=\"attachment-thumbnail size-thumbnail\" alt=\"photo-Christophe-Velay.jpg\" data-column-space=\"auto\" data-lazyload=\"\" \/>\t\t\t<\/div>\r\n\t<div class=\"grve-team-description\">\r\n\t\t\t\t<div class=\"grve-team-identity grve-small-text grve-text-primary-1\">General and Stage Manager<\/div>\r\n\t\t\t\t<h6 class=\"grve-team-name grve-h6\">Christophe Velay<\/h6>\r\n\t<\/div>\r\n<\/div>\r\n[vc_tta_accordion c_align=&#8221;center&#8221; c_icon=&#8221;&#8221; active_section=&#8221;99&#8243; heading_tag=&#8221;h6&#8243; heading=&#8221;subtitle-text&#8221;][vc_tta_section title=&#8221;+ bio&#8221; tab_id=&#8221;1725637911000-007759fc-9e5b&#8221;][vc_column_text text_style=&#8221;leader-text&#8221;]Trained at the &#8220;CFPTS&#8221; in stage management, Christophe has worked in various fields of machinery: entertainment (circus, theater, dance), events, festivals, audiovisual (clips, advertising, short and feature films).<\/p>\n<p>He has worked for structures such as the Rungis Theater, the Odeon, the Grande Halle de la Villette, the Avignon Theater Festival (8 editions at the Grenier \u00e0 Sel); as well as the Th\u00e9\u00e2tre du Peuple and Le 104 Paris in general management.<\/p>\n<p>He collaborates with artistic companies on creations and tours as stage manager and general manager: T &amp; M &#8211; Antoine Gindt \/ <em>Ring Saga<\/em> (Wagner), Emily Loizeau \/ <em>MONA<\/em> , Catherine BERBESSOU \/ <em>Tu, el cielo y tu<\/em>, Maroussia Diaz Verb\u00e8ke \/ <em>Circus remix<\/em>, CFB451 &#8211; Christian et Fran\u00e7ois Ben A\u00efm \/ <a href=\"https:\/\/cfbenaim.com\/en\/portfolio-spectacles\/mirages-boreal-souls\/\"><em>Mirages \u2013 boreal souls<\/em><\/a>, Robert Wilson \/ <em>Mary Said<\/em>, Camille Boitel \/ Ma A\u00efda, etc.<\/p>\n<p>He is also the Technical Director of the circus collective Sous Le Manteau.[\/vc_column_text][\/vc_tta_section][\/vc_tta_accordion][\/vc_column][\/vc_row][vc_row padding_top_multiplier=&#8221;2x&#8221; section_id=&#8221;administration&#8221; scroll_section_title=&#8221;Administration&#8221;][vc_column]<h3 class=\"grve-element grve-title grve-align-inherit grve-h6 grve-with-line grve-bottom-line\"><span>Staff<\/span><span class=\"grve-title-line grve-bg-black\" style=\"width: 100%;height: 1px;\"><\/span><\/h3>[\/vc_column][\/vc_row][vc_row columns_gap=&#8221;60&#8243;][vc_column width=&#8221;1\/4&#8243; mobile_width=&#8221;1-2&#8243;]<div class=\"grve-element grve-team grve-layout-3 grve-mouse-move\">\r\n\t<div class=\"grve-team-person\">\r\n\t\t<img loading=\"lazy\" decoding=\"async\" width=\"150\" height=\"150\" src=\"https:\/\/cfbenaim.com\/wp-content\/uploads\/2022\/01\/Lola-Modifier-1-150x150.jpg\" class=\"attachment-thumbnail size-thumbnail\" alt=\"\" data-column-space=\"auto\" data-lazyload=\"\" srcset=\"https:\/\/cfbenaim.com\/wp-content\/uploads\/2022\/01\/Lola-Modifier-1-150x150.jpg 150w, https:\/\/cfbenaim.com\/wp-content\/uploads\/2022\/01\/Lola-Modifier-1-300x300.jpg 300w, https:\/\/cfbenaim.com\/wp-content\/uploads\/2022\/01\/Lola-Modifier-1.jpg 500w\" sizes=\"auto, (max-width: 150px) 100vw, 150px\" \/>\t\t\t<\/div>\r\n\t<div class=\"grve-team-description\">\r\n\t\t\t\t<div class=\"grve-team-identity grve-small-text grve-text-primary-1\">Executive Director<\/div>\r\n\t\t\t\t<h6 class=\"grve-team-name grve-h6\">Lola Renoud-Lias<\/h6>\r\n\t<\/div>\r\n<\/div>\r\n[vc_tta_accordion c_align=&#8221;center&#8221; c_icon=&#8221;&#8221; active_section=&#8221;99&#8243; heading_tag=&#8221;h6&#8243; heading=&#8221;subtitle-text&#8221;][vc_tta_section title=&#8221;+ bio&#8221; tab_id=&#8221;1631171128948-95625324-b5b7&#8243;][vc_column_text text_style=&#8221;leader-text&#8221;]Lola Renoud-Lias joined the company in February 2019. After a degree in Communication Sciences with a focus on culture at the University of Avignon, she worked on the development of the company Le Th\u00e9\u00e2tre de la Tortue and then obtained a Master 2 pro Cultural Development and Project Management at the University of Lyon II.<\/p>\n<p>She began her career at the City Hall of the 10th arrondissement of Paris and, always concerned with being close to the artistic, accompanied in parallel various projects such as the creation of the Festival of contemporary dance ZOA. She became Executive Director of the contemporary music ensemble Fa7 (2012-2018), specialized in multidisciplinary shows for very young audiences. She develops long term territorial projects for young children and actively participates in the creation of the Puzzle collective. Still in connection with Fa7, she is in charge of events at the Malakoff Conservatory (2017-2018) in order to &#8220;professionalize&#8221; the numerous shows organized by this educational institution, a real &#8220;cultural factory&#8221;.[\/vc_column_text][\/vc_tta_section][\/vc_tta_accordion][\/vc_column][vc_column width=&#8221;1\/4&#8243; mobile_width=&#8221;1-2&#8243;]<div class=\"grve-element grve-team grve-layout-3 grve-mouse-move\">\r\n\t<div class=\"grve-team-person\">\r\n\t\t<img loading=\"lazy\" decoding=\"async\" width=\"150\" height=\"150\" src=\"https:\/\/cfbenaim.com\/wp-content\/uploads\/2023\/09\/Tifenn-Pavie-1-150x150.jpg\" class=\"attachment-thumbnail size-thumbnail\" alt=\"\" data-column-space=\"auto\" data-lazyload=\"\" srcset=\"https:\/\/cfbenaim.com\/wp-content\/uploads\/2023\/09\/Tifenn-Pavie-1-150x150.jpg 150w, https:\/\/cfbenaim.com\/wp-content\/uploads\/2023\/09\/Tifenn-Pavie-1-560x560.jpg 560w, https:\/\/cfbenaim.com\/wp-content\/uploads\/2023\/09\/Tifenn-Pavie-1-900x900.jpg 900w\" sizes=\"auto, (max-width: 150px) 100vw, 150px\" \/>\t\t\t<\/div>\r\n\t<div class=\"grve-team-description\">\r\n\t\t\t\t<div class=\"grve-team-identity grve-small-text grve-text-primary-1\">Producer &amp; Tour Manager<\/div>\r\n\t\t\t\t<h6 class=\"grve-team-name grve-h6\">Tifenn Pavie<\/h6>\r\n\t<\/div>\r\n<\/div>\r\n[vc_tta_accordion c_align=&#8221;center&#8221; c_icon=&#8221;&#8221; active_section=&#8221;99&#8243; heading_tag=&#8221;h6&#8243; heading=&#8221;subtitle-text&#8221;][vc_tta_section title=&#8221;+ bio&#8221; tab_id=&#8221;1631171129213-1f900fd5-0f6f&#8221;][vc_column_text text_style=&#8221;leader-text&#8221;]Tifenn Pavie joined the company in September 2023, after a year and a half&#8217;s internship and apprenticeship in the Production department of the Centre national de la danse (CN D).<\/p>\n<p>Prior to this, he completed a Bachelor&#8217;s degree in Performing Arts at Universit\u00e9 Lumi\u00e8re Lyon 2, a Master 1 &#8211; Project and cultural institutions management and a Master 2 &#8211; Theatre production professions at Paris 3 &#8211; Sorbonne Nouvelle.<\/p>\n<p>It was his passion for dance that led him to work with the company, and it remains the guiding principle of his career, as he has also been practicing it for the past five years. Tifenn joined the Sylvie Kay company in Lyon and trained in contemporary, jazz and tap dance. Loyal to the company and its dance school, he became the artistic director&#8217;s assistant, assisting her with both the artistic side of her classes and the administrative side of mounting her productions.[\/vc_column_text][\/vc_tta_section][\/vc_tta_accordion][\/vc_column][vc_column width=&#8221;1\/4&#8243; mobile_width=&#8221;1-2&#8243;]<div class=\"grve-element grve-team grve-layout-3 grve-mouse-move\">\r\n\t<div class=\"grve-team-person\">\r\n\t\t<img loading=\"lazy\" decoding=\"async\" width=\"150\" height=\"150\" src=\"https:\/\/cfbenaim.com\/wp-content\/uploads\/2024\/01\/Ines-Mouzarine-150x150.jpg\" class=\"attachment-thumbnail size-thumbnail\" alt=\"\" data-column-space=\"auto\" data-lazyload=\"\" srcset=\"https:\/\/cfbenaim.com\/wp-content\/uploads\/2024\/01\/Ines-Mouzarine-150x150.jpg 150w, https:\/\/cfbenaim.com\/wp-content\/uploads\/2024\/01\/Ines-Mouzarine-300x300.jpg 300w, https:\/\/cfbenaim.com\/wp-content\/uploads\/2024\/01\/Ines-Mouzarine.jpg 500w\" sizes=\"auto, (max-width: 150px) 100vw, 150px\" \/>\t\t\t<\/div>\r\n\t<div class=\"grve-team-description\">\r\n\t\t\t\t<div class=\"grve-team-identity grve-small-text grve-text-primary-1\">Communication &amp; International Distribution Manager<\/div>\r\n\t\t\t\t<h6 class=\"grve-team-name grve-h6\">In\u00e8s Mouzarine<\/h6>\r\n\t<\/div>\r\n<\/div>\r\n[vc_tta_accordion c_align=&#8221;center&#8221; c_icon=&#8221;&#8221; active_section=&#8221;99&#8243; heading_tag=&#8221;h6&#8243; heading=&#8221;subtitle-text&#8221;][vc_tta_section title=&#8221;+ bio&#8221; tab_id=&#8221;1707142268868-9cac35a7-b12f&#8221;][vc_column_text text_style=&#8221;leader-text&#8221;]In\u00e8s holds a Bachelor&#8217;s degree in Art History and Archaeology from the Institut Catholique de Paris. She continued her professional training with a Master&#8217;s degree in Cultural Engineering and Administration.<\/p>\n<p>In Paris and Marseille, she worked in communications and public relations for a number of performing arts festivals, including the Festival de Marseille, Actoral and the Villes des Musiques du Monde festival.<\/p>\n<p>Passionate about dance and the performing and graphic arts, she joined the company in January 2024.[\/vc_column_text][\/vc_tta_section][\/vc_tta_accordion][\/vc_column][vc_column width=&#8221;1\/4&#8243;]<div class=\"grve-element grve-team grve-layout-3 grve-mouse-move\">\r\n\t<div class=\"grve-team-person\">\r\n\t\t<img loading=\"lazy\" decoding=\"async\" width=\"150\" height=\"150\" src=\"https:\/\/cfbenaim.com\/wp-content\/uploads\/2024\/02\/1676584031439-150x150.jpg\" class=\"attachment-thumbnail size-thumbnail\" alt=\"\" data-column-space=\"auto\" data-lazyload=\"\" srcset=\"https:\/\/cfbenaim.com\/wp-content\/uploads\/2024\/02\/1676584031439-150x150.jpg 150w, https:\/\/cfbenaim.com\/wp-content\/uploads\/2024\/02\/1676584031439-300x300.jpg 300w, https:\/\/cfbenaim.com\/wp-content\/uploads\/2024\/02\/1676584031439-768x768.jpg 768w, https:\/\/cfbenaim.com\/wp-content\/uploads\/2024\/02\/1676584031439-560x560.jpg 560w, https:\/\/cfbenaim.com\/wp-content\/uploads\/2024\/02\/1676584031439.jpg 800w\" sizes=\"auto, (max-width: 150px) 100vw, 150px\" \/>\t\t\t<\/div>\r\n\t<div class=\"grve-team-description\">\r\n\t\t\t\t<div class=\"grve-team-identity grve-small-text grve-text-primary-1\">Producer &amp; Tour Manager<\/div>\r\n\t\t\t\t<h6 class=\"grve-team-name grve-h6\">Anne-Laure Fleischel<\/h6>\r\n\t<\/div>\r\n<\/div>\r\n[vc_tta_accordion c_align=&#8221;center&#8221; c_icon=&#8221;&#8221; active_section=&#8221;99&#8243; heading_tag=&#8221;h6&#8243; heading=&#8221;subtitle-text&#8221;][vc_tta_section title=&#8221;+ bio&#8221; tab_id=&#8221;1631171129483-2bd738ed-f564&#8243;][vc_column_text text_style=&#8221;leader-text&#8221;]Bio coming soon[\/vc_column_text][\/vc_tta_section][\/vc_tta_accordion][\/vc_column][\/vc_row][vc_row columns_gap=&#8221;60&#8243;][vc_column width=&#8221;1\/3&#8243; mobile_width=&#8221;1-2&#8243;]<div class=\"grve-element grve-team grve-layout-3 grve-mouse-move\">\r\n\t<div class=\"grve-team-person\">\r\n\t\t<img loading=\"lazy\" decoding=\"async\" width=\"150\" height=\"150\" src=\"https:\/\/cfbenaim.com\/wp-content\/uploads\/2021\/09\/Olivier-Saksik-150x150.jpg\" class=\"attachment-thumbnail size-thumbnail\" alt=\"Olivier Saksik\" data-column-space=\"auto\" data-lazyload=\"\" srcset=\"https:\/\/cfbenaim.com\/wp-content\/uploads\/2021\/09\/Olivier-Saksik-150x150.jpg 150w, https:\/\/cfbenaim.com\/wp-content\/uploads\/2021\/09\/Olivier-Saksik.jpg 200w\" sizes=\"auto, (max-width: 150px) 100vw, 150px\" \/>\t\t\t<\/div>\r\n\t<div class=\"grve-team-description\">\r\n\t\t\t\t<div class=\"grve-team-identity grve-small-text grve-text-primary-1\">ELEKTRONLIBRE - Press Officer<\/div>\r\n\t\t\t\t<h6 class=\"grve-team-name grve-h6\">Olivier Saksik<\/h6>\r\n\t<\/div>\r\n<\/div>\r\n[vc_tta_accordion c_align=&#8221;center&#8221; c_icon=&#8221;&#8221; active_section=&#8221;99&#8243; heading_tag=&#8221;h6&#8243; heading=&#8221;subtitle-text&#8221;][vc_tta_section title=&#8221;+ bio&#8221; tab_id=&#8221;1631171129781-e52987a6-2b7a&#8221;][vc_column_text text_style=&#8221;leader-text&#8221;]In parallel to his in Theatre Studies at Paris 3 &#8211; Sorbonne Nouvelle in 1997, Olivier had a decisive encounter with Agn\u00e8s C\u00e9l\u00e9rier and J\u00e9r\u00f4me Thomas at the Th\u00e9\u00e2tre 71 during the 2nd Festival &#8220;Dans la Jongle des Villes&#8221;. From 1998 to 2001, he was in charge of public relations at the Th\u00e9\u00e2tre Paris-Villette to develop a proximity work. In 2000, he discovers and begins to accompany the first puppet shows of the Tro-h\u00e9ol Company. Thus began a rich history with journalists, structures and companies. With twenty years of experience since the creation of ELEKTRONLIBRE, Olivier Saksik accompanies artists, companies, festivals, structures and institutions that oscillate between circus, puppetry, dance, theater, music, visual arts, filmic performance etc. For many seasons, a balance, a mutual trust and a singular dialogue with these different interlocutors has been established and continues.[\/vc_column_text][\/vc_tta_section][\/vc_tta_accordion][\/vc_column][vc_column width=&#8221;1\/3&#8243; mobile_width=&#8221;1-2&#8243;]<div class=\"grve-element grve-team grve-layout-3 grve-mouse-move\">\r\n\t<div class=\"grve-team-person\">\r\n\t\t<img loading=\"lazy\" decoding=\"async\" width=\"150\" height=\"150\" src=\"https:\/\/cfbenaim.com\/wp-content\/uploads\/2023\/04\/Sophie-Alabi-150x150.jpg\" class=\"attachment-thumbnail size-thumbnail\" alt=\"\" data-column-space=\"auto\" data-lazyload=\"\" \/>\t\t\t<\/div>\r\n\t<div class=\"grve-team-description\">\r\n\t\t\t\t<div class=\"grve-team-identity grve-small-text grve-text-primary-1\">ELEKTRONLIBRE - Press relations<\/div>\r\n\t\t\t\t<h6 class=\"grve-team-name grve-h6\">Sophie Alavi<\/h6>\r\n\t<\/div>\r\n<\/div>\r\n[vc_tta_accordion c_align=&#8221;center&#8221; c_icon=&#8221;&#8221; active_section=&#8221;99&#8243; heading_tag=&#8221;h6&#8243; heading=&#8221;subtitle-text&#8221;][vc_tta_section title=&#8221;+ bio&#8221; tab_id=&#8221;1632476518935-3064e63b-6c51&#8243;][vc_column_text text_style=&#8221;leader-text&#8221;]After studying literature and political science, Sophie began her professional career as a journalist for the international news channel France 24, before moving on to radio, at France Culture, where she became a specialized contributor for programs. A fan of fruitful detours, she returned to university to study creative writing at Paris-8 and thus renewed her interest in writing, live performance and cultural institutions. After a stint in the press relations department of the CENTQUATRE-PARIS, she now works with Olivier Saksik and his joyful team of free electrons as press relations manager.[\/vc_column_text][\/vc_tta_section][\/vc_tta_accordion][\/vc_column][vc_column width=&#8221;1\/3&#8243; mobile_width=&#8221;1-2&#8243;]<div class=\"grve-element grve-team grve-layout-3 grve-mouse-move\">\r\n\t<div class=\"grve-team-person\">\r\n\t\t<img loading=\"lazy\" decoding=\"async\" width=\"150\" height=\"150\" src=\"https:\/\/cfbenaim.com\/wp-content\/uploads\/2023\/01\/DESROUSSEAUX-Mathilde-mathilde.com_.desrousseaux@gmail.com-_M2P9008-Modifier-150x150.jpeg\" class=\"attachment-thumbnail size-thumbnail\" alt=\"\" data-column-space=\"auto\" data-lazyload=\"\" srcset=\"https:\/\/cfbenaim.com\/wp-content\/uploads\/2023\/01\/DESROUSSEAUX-Mathilde-mathilde.com_.desrousseaux@gmail.com-_M2P9008-Modifier-150x150.jpeg 150w, https:\/\/cfbenaim.com\/wp-content\/uploads\/2023\/01\/DESROUSSEAUX-Mathilde-mathilde.com_.desrousseaux@gmail.com-_M2P9008-Modifier.jpeg 240w\" sizes=\"auto, (max-width: 150px) 100vw, 150px\" \/>\t\t\t<\/div>\r\n\t<div class=\"grve-team-description\">\r\n\t\t\t\t<div class=\"grve-team-identity grve-small-text grve-text-primary-1\">ELEKTRONLIBRE - Communication officer<\/div>\r\n\t\t\t\t<h6 class=\"grve-team-name grve-h6\">Mathilde Desrousseaux<\/h6>\r\n\t<\/div>\r\n<\/div>\r\n[vc_tta_accordion c_align=&#8221;center&#8221; c_icon=&#8221;&#8221; active_section=&#8221;99&#8243; heading_tag=&#8221;h6&#8243; heading=&#8221;subtitle-text&#8221;][vc_tta_section title=&#8221;+ bio&#8221; tab_id=&#8221;1632476519960-8d3fbdcd-59a8&#8243;][vc_column_text text_style=&#8221;leader-text&#8221;]After studying cultural communication, Mathilde was in charge of communication at the Th\u00e9\u00e2tre Louis Aragon (TLA) in Tremblay-en-France for more than seven years. At the same time, she worked as a freelance consultant for artists in the design of their digital strategy. Self-taught, she continued her training by deepening her knowledge in community management. She also studied art history and developed a creative photography project. In 2022, she joined the Elektronlibre team as a communication officer, working with Cindel, Olivier and Sophie.[\/vc_column_text][\/vc_tta_section][\/vc_tta_accordion][\/vc_column][\/vc_row][vc_row padding_top_multiplier=&#8221;2x&#8221; section_id=&#8221;bureau&#8221; scroll_section_title=&#8221;Bureau&#8221;][vc_column]<h3 class=\"grve-element grve-title grve-align-inherit grve-h6 grve-with-line grve-bottom-line\"><span>Board<\/span><span class=\"grve-title-line grve-bg-black\" style=\"width: 100%;height: 1px;\"><\/span><\/h3>[\/vc_column][\/vc_row][vc_row columns_gap=&#8221;60&#8243;][vc_column width=&#8221;1\/3&#8243; mobile_width=&#8221;1-2&#8243;]<div class=\"grve-element grve-team grve-layout-3 grve-mouse-move\">\r\n\t<div class=\"grve-team-person\">\r\n\t\t<img loading=\"lazy\" decoding=\"async\" width=\"150\" height=\"150\" src=\"https:\/\/cfbenaim.com\/wp-content\/uploads\/2021\/12\/Gerard-Bono-portrait-150x150.jpg\" class=\"attachment-thumbnail size-thumbnail\" alt=\"G\u00e9rard Bono-portrait\" data-column-space=\"auto\" data-lazyload=\"\" srcset=\"https:\/\/cfbenaim.com\/wp-content\/uploads\/2021\/12\/Gerard-Bono-portrait-150x150.jpg 150w, https:\/\/cfbenaim.com\/wp-content\/uploads\/2021\/12\/Gerard-Bono-portrait-300x298.jpg 300w, https:\/\/cfbenaim.com\/wp-content\/uploads\/2021\/12\/Gerard-Bono-portrait.jpg 487w\" sizes=\"auto, (max-width: 150px) 100vw, 150px\" \/>\t\t\t<\/div>\r\n\t<div class=\"grve-team-description\">\r\n\t\t\t\t<div class=\"grve-team-identity grve-small-text grve-text-primary-1\">President<\/div>\r\n\t\t\t\t<h6 class=\"grve-team-name grve-h6\">G\u00e9rard Bono<\/h6>\r\n\t<\/div>\r\n<\/div>\r\n[vc_tta_accordion c_align=&#8221;center&#8221; c_icon=&#8221;&#8221; active_section=&#8221;99&#8243; heading_tag=&#8221;h6&#8243; heading=&#8221;subtitle-text&#8221;][vc_tta_section title=&#8221;+ bio&#8221; tab_id=&#8221;1632477040619-f0903c6f-00b5&#8243;][vc_column_text text_style=&#8221;leader-text&#8221;]Currently, G\u00e9rard Bono presides over the action of the structure <em>La P\u00e9pini\u00e8re Rouge, Entreprise d&#8217;Accompagnement d&#8217;Artistes<\/em> created in 2021. He has directed the Sc\u00e8ne Nationale d&#8217;Aubusson (2002-2020), the Sc\u00e8ne conventionn\u00e9e Le D\u00f4me Th\u00e9\u00e2tre d&#8217;Albertville (1992-2002) and the Th\u00e9\u00e2tre de Ch\u00e2tellerault (1986-1992).<\/p>\n<p>During these directing experiences, he has associated many artists with his projects, including Dominique Boivin, Pascale Houbin, Josette Ba\u00efz, Nathalie Pernette, Denis Plassard, Seydou Boro and Jean Claude Gallota for contemporary dance, and Wajdi Mouawad, Jacques Vincey and Rodolphe Dana for theater.<\/p>\n<p>He explains that he likes to &#8220;<em>converse with trees and artists<\/em>&#8220;, always taking part in projects with a benevolent yet critical eye towards contemporary dance, theater and circus artists of today. He is particularly interested in trees, forests and nature that &#8220;<em>we must also protect, including when we are an artist aware of climate issues&#8221;<\/em>. With some artists, he is developing a reflection on the construction of &#8220;zero carbon&#8221; shows.[\/vc_column_text][\/vc_tta_section][\/vc_tta_accordion][\/vc_column][vc_column width=&#8221;1\/3&#8243; mobile_width=&#8221;1-2&#8243;]<div class=\"grve-element grve-team grve-layout-3 grve-mouse-move\">\r\n\t<div class=\"grve-team-person\">\r\n\t\t<img loading=\"lazy\" decoding=\"async\" width=\"150\" height=\"150\" src=\"https:\/\/cfbenaim.com\/wp-content\/uploads\/2021\/11\/Ariane-Lipp-150x150.jpg\" class=\"attachment-thumbnail size-thumbnail\" alt=\"Ariane-Lipp.jpg\" data-column-space=\"auto\" data-lazyload=\"\" \/>\t\t\t<\/div>\r\n\t<div class=\"grve-team-description\">\r\n\t\t\t\t<div class=\"grve-team-identity grve-small-text grve-text-primary-1\">Vice President and Treasurer<\/div>\r\n\t\t\t\t<h6 class=\"grve-team-name grve-h6\">Ariane Lipp<\/h6>\r\n\t<\/div>\r\n<\/div>\r\n[vc_tta_accordion c_align=&#8221;center&#8221; c_icon=&#8221;&#8221; active_section=&#8221;99&#8243; heading_tag=&#8221;h6&#8243; heading=&#8221;subtitle-text&#8221;][vc_tta_section title=&#8221;+ bio&#8221; tab_id=&#8221;1632477175696-1b5e6ccc-7955&#8243;][vc_column_text text_style=&#8221;leader-text&#8221;]Ariane Lipp is living an exciting story alongside the choreographers as she was first an Executive Director of the company for nearly 7 years, from 2003 to 2009, and has been a member of the Board of Directors since 2014.<\/p>\n<p>The adventure continues: she becomes vice-president and treasurer within the new governance (2021) in order to &#8220;<em>dig and question the artistic furrow that Christian and Fran\u00e7ois Ben A\u00efm trace with strength and commitment<\/em>.&#8221;<\/p>\n<p>Ariane Lipp is currently the Assistant Director of the Th\u00e9\u00e2tre de la Manufacture &#8211; CDN de Nancy.[\/vc_column_text][\/vc_tta_section][\/vc_tta_accordion][\/vc_column][vc_column width=&#8221;1\/3&#8243; mobile_width=&#8221;1-2&#8243;]<div class=\"grve-element grve-team grve-layout-3 grve-mouse-move\">\r\n\t<div class=\"grve-team-person\">\r\n\t\t<img loading=\"lazy\" decoding=\"async\" width=\"150\" height=\"150\" src=\"https:\/\/cfbenaim.com\/wp-content\/uploads\/2023\/04\/brigitte-livenais-150x150.jpg\" class=\"attachment-thumbnail size-thumbnail\" alt=\"\" data-column-space=\"auto\" data-lazyload=\"\" srcset=\"https:\/\/cfbenaim.com\/wp-content\/uploads\/2023\/04\/brigitte-livenais-150x150.jpg 150w, https:\/\/cfbenaim.com\/wp-content\/uploads\/2023\/04\/brigitte-livenais-560x560.jpg 560w, https:\/\/cfbenaim.com\/wp-content\/uploads\/2023\/04\/brigitte-livenais-900x900.jpg 900w\" sizes=\"auto, (max-width: 150px) 100vw, 150px\" \/>\t\t\t<\/div>\r\n\t<div class=\"grve-team-description\">\r\n\t\t\t\t<div class=\"grve-team-identity grve-small-text grve-text-primary-1\">Secretary<\/div>\r\n\t\t\t\t<h6 class=\"grve-team-name grve-h6\">Brigitte Livenais<\/h6>\r\n\t<\/div>\r\n<\/div>\r\n[vc_tta_accordion c_align=&#8221;center&#8221; c_icon=&#8221;&#8221; active_section=&#8221;99&#8243; heading_tag=&#8221;h6&#8243; heading=&#8221;subtitle-text&#8221;][vc_tta_section title=&#8221;+ bio&#8221; tab_id=&#8221;1632477042288-25f301a8-2807&#8243;][vc_column_text text_style=&#8221;leader-text&#8221;]Brigitte Livenais, in parallel to her university studies (Master&#8217;s degree in modern literature), trained in dance, especially with Jacques Patarozzi, Ingrid Metzig, Fran\u00e7ois Verret, Hans Zullig&#8230;and for a year in New York with Merce Cunningham and Eric Hawkins.<br \/>\nDances in pieces by Odile Duboc, Sidonie Rochon, Xavier Timmel, Olivier Bodin, and and started a choreographic research work within her own company.<br \/>\nAssistant director at the CNDC High School from 2002 to 2005, she ensures the pedagogical and artistic follow-up of the students in close collaboration with the guest choreographers.<br \/>\nFrom 2009 to 2019, she was in charge of the direction of the THV, theater of the H\u00f4tel de Ville of Saint Barth\u00e9l\u00e9my d&#8217;Anjou, within a multidisciplinary programming, she develops a work of a singular work of support to the dance.<br \/>\nSince 2020, she has accompanied several dance and theater companies.<\/p>\n<p>[\/vc_column_text][\/vc_tta_section][\/vc_tta_accordion][\/vc_column][\/vc_row][vc_row columns_gap=&#8221;60&#8243;][vc_column width=&#8221;1\/3&#8243; mobile_width=&#8221;1-2&#8243;]<div class=\"grve-element grve-team grve-layout-3 grve-mouse-move\">\r\n\t<div class=\"grve-team-person\">\r\n\t\t<img loading=\"lazy\" decoding=\"async\" width=\"150\" height=\"150\" src=\"https:\/\/cfbenaim.com\/wp-content\/uploads\/2021\/09\/avatar-equipe-150x150.jpg\" class=\"attachment-thumbnail size-thumbnail\" alt=\"avatar-equipe.jpg\" data-column-space=\"auto\" data-lazyload=\"\" srcset=\"https:\/\/cfbenaim.com\/wp-content\/uploads\/2021\/09\/avatar-equipe-150x150.jpg 150w, https:\/\/cfbenaim.com\/wp-content\/uploads\/2021\/09\/avatar-equipe.jpg 300w\" sizes=\"auto, (max-width: 150px) 100vw, 150px\" \/>\t\t\t<\/div>\r\n\t<div class=\"grve-team-description\">\r\n\t\t\t\t<div class=\"grve-team-identity grve-small-text grve-text-primary-1\">Member of the Board<\/div>\r\n\t\t\t\t<h6 class=\"grve-team-name grve-h6\">Paul Morizeau<\/h6>\r\n\t<\/div>\r\n<\/div>\r\n[vc_tta_accordion c_align=&#8221;center&#8221; c_icon=&#8221;&#8221; active_section=&#8221;99&#8243; heading_tag=&#8221;h6&#8243; heading=&#8221;subtitle-text&#8221;][vc_tta_section title=&#8221;+ bio&#8221; tab_id=&#8221;1632477176543-1844df88-2861&#8243;][vc_column_text text_style=&#8221;leader-text&#8221;]Biography coming soon.[\/vc_column_text][\/vc_tta_section][\/vc_tta_accordion][\/vc_column][vc_column width=&#8221;1\/3&#8243; mobile_width=&#8221;1-2&#8243;]<div class=\"grve-element grve-team grve-layout-3 grve-mouse-move\">\r\n\t<div class=\"grve-team-person\">\r\n\t\t<img loading=\"lazy\" decoding=\"async\" width=\"150\" height=\"150\" src=\"https:\/\/cfbenaim.com\/wp-content\/uploads\/2021\/09\/avatar-equipe-150x150.jpg\" class=\"attachment-thumbnail size-thumbnail\" alt=\"avatar-equipe.jpg\" data-column-space=\"auto\" data-lazyload=\"\" srcset=\"https:\/\/cfbenaim.com\/wp-content\/uploads\/2021\/09\/avatar-equipe-150x150.jpg 150w, https:\/\/cfbenaim.com\/wp-content\/uploads\/2021\/09\/avatar-equipe.jpg 300w\" sizes=\"auto, (max-width: 150px) 100vw, 150px\" \/>\t\t\t<\/div>\r\n\t<div class=\"grve-team-description\">\r\n\t\t\t\t<div class=\"grve-team-identity grve-small-text grve-text-primary-1\">Member of the Board<\/div>\r\n\t\t\t\t<h6 class=\"grve-team-name grve-h6\">Fran\u00e7ois Tresse<\/h6>\r\n\t<\/div>\r\n<\/div>\r\n[vc_tta_accordion c_align=&#8221;center&#8221; c_icon=&#8221;&#8221; active_section=&#8221;99&#8243; heading_tag=&#8221;h6&#8243; heading=&#8221;subtitle-text&#8221;][vc_tta_section title=&#8221;+ bio&#8221; tab_id=&#8221;1632732986904-a5c82d3a-cdd0&#8243;][vc_column_text text_style=&#8221;leader-text&#8221;]Biography coming soon.[\/vc_column_text][\/vc_tta_section][\/vc_tta_accordion][\/vc_column][vc_column width=&#8221;1\/3&#8243; mobile_width=&#8221;1-2&#8243;]<div class=\"grve-element grve-team grve-layout-3 grve-mouse-move\">\r\n\t<div class=\"grve-team-person\">\r\n\t\t<img loading=\"lazy\" decoding=\"async\" width=\"150\" height=\"150\" src=\"https:\/\/cfbenaim.com\/wp-content\/uploads\/2021\/09\/avatar-equipe-150x150.jpg\" class=\"attachment-thumbnail size-thumbnail\" alt=\"avatar-equipe.jpg\" data-column-space=\"auto\" data-lazyload=\"\" srcset=\"https:\/\/cfbenaim.com\/wp-content\/uploads\/2021\/09\/avatar-equipe-150x150.jpg 150w, https:\/\/cfbenaim.com\/wp-content\/uploads\/2021\/09\/avatar-equipe.jpg 300w\" sizes=\"auto, (max-width: 150px) 100vw, 150px\" \/>\t\t\t<\/div>\r\n\t<div class=\"grve-team-description\">\r\n\t\t\t\t<div class=\"grve-team-identity grve-small-text grve-text-primary-1\">Member of the Board<\/div>\r\n\t\t\t\t<h6 class=\"grve-team-name grve-h6\">Julien Bousquet<\/h6>\r\n\t<\/div>\r\n<\/div>\r\n[vc_tta_accordion c_align=&#8221;center&#8221; c_icon=&#8221;&#8221; active_section=&#8221;99&#8243; heading_tag=&#8221;h6&#8243; heading=&#8221;subtitle-text&#8221;][vc_tta_section title=&#8221;+ bio&#8221; tab_id=&#8221;1632477041409-98460054-55e2&#8243;][vc_column_text text_style=&#8221;leader-text&#8221;]Biography coming soon.[\/vc_column_text][\/vc_tta_section][\/vc_tta_accordion][\/vc_column][\/vc_row]<\/p>\n<\/div>","protected":false},"excerpt":{"rendered":"<p>[vc_row padding_top_multiplier=&#8221;2x&#8221; section_id=&#8221;artistes&#8221; scroll_section_title=&#8221;Artistes chor\u00e9graphiques&#8221;][vc_column][\/vc_column][\/vc_row][vc_row columns_gap=&#8221;60&#8243;][vc_column width=&#8221;1\/4&#8243; mobile_width=&#8221;1-2&#8243;][vc_tta_accordion c_align=&#8221;center&#8221; c_icon=&#8221;&#8221; active_section=&#8221;99&#8243; heading_tag=&#8221;h6&#8243; heading=&#8221;subtitle-text&#8221;][vc_tta_section title=&#8221;+ bio&#8221; tab_id=&#8221;1630937539496-706b7907-d7e3&#8243;][vc_column_text text_style=&#8221;leader-text&#8221;] Fabien Almakiewicz studied at the Beaux Arts in Cherbourg and Marseille, from 1997 to 2002, after a training in stained glass in Cahors, then in Nancy at the Centre Europ\u00e9en de Recherches et de Formation aux Arts Verriers [&hellip;]<\/p>\n","protected":false},"author":1,"featured_media":16945,"parent":17258,"menu_order":0,"comment_status":"closed","ping_status":"closed","template":"","meta":{"footnotes":""},"class_list":["post-17282","page","type-page","status-publish","has-post-thumbnail","hentry","grve-entry-item"],"yoast_head":"<!-- This site is optimized with the Yoast SEO plugin v26.9 - https:\/\/yoast.com\/product\/yoast-seo-wordpress\/ -->\n<title>Team and board - Compagnie Christian et Fran\u00e7ois Ben A\u00efm<\/title>\n<meta name=\"robots\" content=\"index, follow, max-snippet:-1, max-image-preview:large, max-video-preview:-1\" \/>\n<link rel=\"canonical\" href=\"https:\/\/cfbenaim.com\/en\/the-company\/team-and-board\/\" \/>\n<meta property=\"og:locale\" content=\"en_US\" \/>\n<meta property=\"og:type\" content=\"article\" \/>\n<meta property=\"og:title\" content=\"Team and board - Compagnie Christian et Fran\u00e7ois Ben A\u00efm\" \/>\n<meta property=\"og:description\" content=\"[vc_row padding_top_multiplier=&#8221;2x&#8221; section_id=&#8221;artistes&#8221; scroll_section_title=&#8221;Artistes chor\u00e9graphiques&#8221;][vc_column][\/vc_column][\/vc_row][vc_row columns_gap=&#8221;60&#8243;][vc_column width=&#8221;1\/4&#8243; mobile_width=&#8221;1-2&#8243;][vc_tta_accordion c_align=&#8221;center&#8221; c_icon=&#8221;&#8221; active_section=&#8221;99&#8243; heading_tag=&#8221;h6&#8243; heading=&#8221;subtitle-text&#8221;][vc_tta_section title=&#8221;+ bio&#8221; tab_id=&#8221;1630937539496-706b7907-d7e3&#8243;][vc_column_text text_style=&#8221;leader-text&#8221;] Fabien Almakiewicz studied at the Beaux Arts in Cherbourg and Marseille, from 1997 to 2002, after a training in stained glass in Cahors, then in Nancy at the Centre Europ\u00e9en de Recherches et de Formation aux Arts Verriers [&hellip;]\" \/>\n<meta property=\"og:url\" content=\"https:\/\/cfbenaim.com\/en\/the-company\/team-and-board\/\" \/>\n<meta property=\"og:site_name\" content=\"Compagnie Christian et Fran\u00e7ois Ben A\u00efm\" \/>\n<meta property=\"article:publisher\" content=\"https:\/\/www.facebook.com\/christianetfrancoisbenaim\" \/>\n<meta property=\"article:modified_time\" content=\"2025-06-05T14:17:37+00:00\" \/>\n<meta property=\"og:image\" content=\"https:\/\/cfbenaim.com\/wp-content\/uploads\/2021\/09\/page-equipe-FACETIES-Christian-Francois-BEN-AIM-Patrick-BERGER-19.jpg\" \/>\n\t<meta property=\"og:image:width\" content=\"1920\" \/>\n\t<meta property=\"og:image:height\" content=\"1358\" \/>\n\t<meta property=\"og:image:type\" content=\"image\/jpeg\" \/>\n<meta name=\"twitter:card\" content=\"summary_large_image\" \/>\n<meta name=\"twitter:label1\" content=\"Est. reading time\" \/>\n\t<meta name=\"twitter:data1\" content=\"100 minutes\" \/>\n<script type=\"application\/ld+json\" class=\"yoast-schema-graph\">{\"@context\":\"https:\/\/schema.org\",\"@graph\":[{\"@type\":\"WebPage\",\"@id\":\"https:\/\/cfbenaim.com\/en\/the-company\/team-and-board\/\",\"url\":\"https:\/\/cfbenaim.com\/en\/the-company\/team-and-board\/\",\"name\":\"Team and board - Compagnie Christian et Fran\u00e7ois Ben A\u00efm\",\"isPartOf\":{\"@id\":\"https:\/\/cfbenaim.com\/#website\"},\"primaryImageOfPage\":{\"@id\":\"https:\/\/cfbenaim.com\/en\/the-company\/team-and-board\/#primaryimage\"},\"image\":{\"@id\":\"https:\/\/cfbenaim.com\/en\/the-company\/team-and-board\/#primaryimage\"},\"thumbnailUrl\":\"https:\/\/cfbenaim.com\/wp-content\/uploads\/2021\/09\/page-equipe-FACETIES-Christian-Francois-BEN-AIM-Patrick-BERGER-19.jpg\",\"datePublished\":\"2021-09-01T13:55:35+00:00\",\"dateModified\":\"2025-06-05T14:17:37+00:00\",\"breadcrumb\":{\"@id\":\"https:\/\/cfbenaim.com\/en\/the-company\/team-and-board\/#breadcrumb\"},\"inLanguage\":\"en-US\",\"potentialAction\":[{\"@type\":\"ReadAction\",\"target\":[\"https:\/\/cfbenaim.com\/en\/the-company\/team-and-board\/\"]}]},{\"@type\":\"ImageObject\",\"inLanguage\":\"en-US\",\"@id\":\"https:\/\/cfbenaim.com\/en\/the-company\/team-and-board\/#primaryimage\",\"url\":\"https:\/\/cfbenaim.com\/wp-content\/uploads\/2021\/09\/page-equipe-FACETIES-Christian-Francois-BEN-AIM-Patrick-BERGER-19.jpg\",\"contentUrl\":\"https:\/\/cfbenaim.com\/wp-content\/uploads\/2021\/09\/page-equipe-FACETIES-Christian-Francois-BEN-AIM-Patrick-BERGER-19.jpg\",\"width\":1920,\"height\":1358,\"caption\":\"FACETIES, Choregraphie Christian et Francois Ben Aim, Collaboration dramaturgique Veronique Sternberg, Assistante choregraphie\u00a0Jessica Fouche, Composition Nicolas Deutsch, Creation lumieres\u00a0Laurent Patissier, Scenographie\u00a0Camille Duchemin, Costumes\u00a0Maud Heintz ; Pre generale, Le Theatre, Macon le 9 janvier 2021.Avec : Christian Ben Aim, Johan Bichot, Chiara Corbetta, Thibaut Eiferman, Marie Levenez, Emilio Urbina(photos by Patrick Berger)\"},{\"@type\":\"BreadcrumbList\",\"@id\":\"https:\/\/cfbenaim.com\/en\/the-company\/team-and-board\/#breadcrumb\",\"itemListElement\":[{\"@type\":\"ListItem\",\"position\":1,\"name\":\"Accueil\",\"item\":\"https:\/\/cfbenaim.com\/en\/\"},{\"@type\":\"ListItem\",\"position\":2,\"name\":\"The company\",\"item\":\"https:\/\/cfbenaim.com\/en\/the-company\/\"},{\"@type\":\"ListItem\",\"position\":3,\"name\":\"Team and board\"}]},{\"@type\":\"WebSite\",\"@id\":\"https:\/\/cfbenaim.com\/#website\",\"url\":\"https:\/\/cfbenaim.com\/\",\"name\":\"Compagnie Christian et Fran\u00e7ois Ben A\u00efm\",\"description\":\"Chor\u00e9graphes\",\"publisher\":{\"@id\":\"https:\/\/cfbenaim.com\/#organization\"},\"potentialAction\":[{\"@type\":\"SearchAction\",\"target\":{\"@type\":\"EntryPoint\",\"urlTemplate\":\"https:\/\/cfbenaim.com\/?s={search_term_string}\"},\"query-input\":{\"@type\":\"PropertyValueSpecification\",\"valueRequired\":true,\"valueName\":\"search_term_string\"}}],\"inLanguage\":\"en-US\"},{\"@type\":\"Organization\",\"@id\":\"https:\/\/cfbenaim.com\/#organization\",\"name\":\"Compagnie Christian et Fran\u00e7ois Ben A\u00efm\",\"url\":\"https:\/\/cfbenaim.com\/\",\"logo\":{\"@type\":\"ImageObject\",\"inLanguage\":\"en-US\",\"@id\":\"https:\/\/cfbenaim.com\/#\/schema\/logo\/image\/\",\"url\":\"https:\/\/cfbenaim.com\/wp-content\/uploads\/2021\/07\/benaim_logo_noir.png\",\"contentUrl\":\"https:\/\/cfbenaim.com\/wp-content\/uploads\/2021\/07\/benaim_logo_noir.png\",\"width\":500,\"height\":413,\"caption\":\"Compagnie Christian et Fran\u00e7ois Ben A\u00efm\"},\"image\":{\"@id\":\"https:\/\/cfbenaim.com\/#\/schema\/logo\/image\/\"},\"sameAs\":[\"https:\/\/www.facebook.com\/christianetfrancoisbenaim\",\"https:\/\/www.instagram.com\/cfbenaim\/\",\"https:\/\/www.linkedin.com\/company\/christian-et-fran\u00e7ois-ben-a\u00efm\/\",\"https:\/\/www.youtube.com\/channel\/UCuWIHFD_xxAfpkyxSC25E6g\"]}]}<\/script>\n<!-- \/ Yoast SEO plugin. -->","yoast_head_json":{"title":"Team and board - Compagnie Christian et Fran\u00e7ois Ben A\u00efm","robots":{"index":"index","follow":"follow","max-snippet":"max-snippet:-1","max-image-preview":"max-image-preview:large","max-video-preview":"max-video-preview:-1"},"canonical":"https:\/\/cfbenaim.com\/en\/the-company\/team-and-board\/","og_locale":"en_US","og_type":"article","og_title":"Team and board - Compagnie Christian et Fran\u00e7ois Ben A\u00efm","og_description":"[vc_row padding_top_multiplier=&#8221;2x&#8221; section_id=&#8221;artistes&#8221; scroll_section_title=&#8221;Artistes chor\u00e9graphiques&#8221;][vc_column][\/vc_column][\/vc_row][vc_row columns_gap=&#8221;60&#8243;][vc_column width=&#8221;1\/4&#8243; mobile_width=&#8221;1-2&#8243;][vc_tta_accordion c_align=&#8221;center&#8221; c_icon=&#8221;&#8221; active_section=&#8221;99&#8243; heading_tag=&#8221;h6&#8243; heading=&#8221;subtitle-text&#8221;][vc_tta_section title=&#8221;+ bio&#8221; tab_id=&#8221;1630937539496-706b7907-d7e3&#8243;][vc_column_text text_style=&#8221;leader-text&#8221;] Fabien Almakiewicz studied at the Beaux Arts in Cherbourg and Marseille, from 1997 to 2002, after a training in stained glass in Cahors, then in Nancy at the Centre Europ\u00e9en de Recherches et de Formation aux Arts Verriers [&hellip;]","og_url":"https:\/\/cfbenaim.com\/en\/the-company\/team-and-board\/","og_site_name":"Compagnie Christian et Fran\u00e7ois Ben A\u00efm","article_publisher":"https:\/\/www.facebook.com\/christianetfrancoisbenaim","article_modified_time":"2025-06-05T14:17:37+00:00","og_image":[{"width":1920,"height":1358,"url":"https:\/\/cfbenaim.com\/wp-content\/uploads\/2021\/09\/page-equipe-FACETIES-Christian-Francois-BEN-AIM-Patrick-BERGER-19.jpg","type":"image\/jpeg"}],"twitter_card":"summary_large_image","twitter_misc":{"Est. reading time":"100 minutes"},"schema":{"@context":"https:\/\/schema.org","@graph":[{"@type":"WebPage","@id":"https:\/\/cfbenaim.com\/en\/the-company\/team-and-board\/","url":"https:\/\/cfbenaim.com\/en\/the-company\/team-and-board\/","name":"Team and board - Compagnie Christian et Fran\u00e7ois Ben A\u00efm","isPartOf":{"@id":"https:\/\/cfbenaim.com\/#website"},"primaryImageOfPage":{"@id":"https:\/\/cfbenaim.com\/en\/the-company\/team-and-board\/#primaryimage"},"image":{"@id":"https:\/\/cfbenaim.com\/en\/the-company\/team-and-board\/#primaryimage"},"thumbnailUrl":"https:\/\/cfbenaim.com\/wp-content\/uploads\/2021\/09\/page-equipe-FACETIES-Christian-Francois-BEN-AIM-Patrick-BERGER-19.jpg","datePublished":"2021-09-01T13:55:35+00:00","dateModified":"2025-06-05T14:17:37+00:00","breadcrumb":{"@id":"https:\/\/cfbenaim.com\/en\/the-company\/team-and-board\/#breadcrumb"},"inLanguage":"en-US","potentialAction":[{"@type":"ReadAction","target":["https:\/\/cfbenaim.com\/en\/the-company\/team-and-board\/"]}]},{"@type":"ImageObject","inLanguage":"en-US","@id":"https:\/\/cfbenaim.com\/en\/the-company\/team-and-board\/#primaryimage","url":"https:\/\/cfbenaim.com\/wp-content\/uploads\/2021\/09\/page-equipe-FACETIES-Christian-Francois-BEN-AIM-Patrick-BERGER-19.jpg","contentUrl":"https:\/\/cfbenaim.com\/wp-content\/uploads\/2021\/09\/page-equipe-FACETIES-Christian-Francois-BEN-AIM-Patrick-BERGER-19.jpg","width":1920,"height":1358,"caption":"FACETIES, Choregraphie Christian et Francois Ben Aim, Collaboration dramaturgique Veronique Sternberg, Assistante choregraphie\u00a0Jessica Fouche, Composition Nicolas Deutsch, Creation lumieres\u00a0Laurent Patissier, Scenographie\u00a0Camille Duchemin, Costumes\u00a0Maud Heintz ; Pre generale, Le Theatre, Macon le 9 janvier 2021.Avec : Christian Ben Aim, Johan Bichot, Chiara Corbetta, Thibaut Eiferman, Marie Levenez, Emilio Urbina(photos by Patrick Berger)"},{"@type":"BreadcrumbList","@id":"https:\/\/cfbenaim.com\/en\/the-company\/team-and-board\/#breadcrumb","itemListElement":[{"@type":"ListItem","position":1,"name":"Accueil","item":"https:\/\/cfbenaim.com\/en\/"},{"@type":"ListItem","position":2,"name":"The company","item":"https:\/\/cfbenaim.com\/en\/the-company\/"},{"@type":"ListItem","position":3,"name":"Team and board"}]},{"@type":"WebSite","@id":"https:\/\/cfbenaim.com\/#website","url":"https:\/\/cfbenaim.com\/","name":"Compagnie Christian et Fran\u00e7ois Ben A\u00efm","description":"Chor\u00e9graphes","publisher":{"@id":"https:\/\/cfbenaim.com\/#organization"},"potentialAction":[{"@type":"SearchAction","target":{"@type":"EntryPoint","urlTemplate":"https:\/\/cfbenaim.com\/?s={search_term_string}"},"query-input":{"@type":"PropertyValueSpecification","valueRequired":true,"valueName":"search_term_string"}}],"inLanguage":"en-US"},{"@type":"Organization","@id":"https:\/\/cfbenaim.com\/#organization","name":"Compagnie Christian et Fran\u00e7ois Ben A\u00efm","url":"https:\/\/cfbenaim.com\/","logo":{"@type":"ImageObject","inLanguage":"en-US","@id":"https:\/\/cfbenaim.com\/#\/schema\/logo\/image\/","url":"https:\/\/cfbenaim.com\/wp-content\/uploads\/2021\/07\/benaim_logo_noir.png","contentUrl":"https:\/\/cfbenaim.com\/wp-content\/uploads\/2021\/07\/benaim_logo_noir.png","width":500,"height":413,"caption":"Compagnie Christian et Fran\u00e7ois Ben A\u00efm"},"image":{"@id":"https:\/\/cfbenaim.com\/#\/schema\/logo\/image\/"},"sameAs":["https:\/\/www.facebook.com\/christianetfrancoisbenaim","https:\/\/www.instagram.com\/cfbenaim\/","https:\/\/www.linkedin.com\/company\/christian-et-fran\u00e7ois-ben-a\u00efm\/","https:\/\/www.youtube.com\/channel\/UCuWIHFD_xxAfpkyxSC25E6g"]}]}},"_links":{"self":[{"href":"https:\/\/cfbenaim.com\/en\/wp-json\/wp\/v2\/pages\/17282","targetHints":{"allow":["GET"]}}],"collection":[{"href":"https:\/\/cfbenaim.com\/en\/wp-json\/wp\/v2\/pages"}],"about":[{"href":"https:\/\/cfbenaim.com\/en\/wp-json\/wp\/v2\/types\/page"}],"author":[{"embeddable":true,"href":"https:\/\/cfbenaim.com\/en\/wp-json\/wp\/v2\/users\/1"}],"replies":[{"embeddable":true,"href":"https:\/\/cfbenaim.com\/en\/wp-json\/wp\/v2\/comments?post=17282"}],"version-history":[{"count":65,"href":"https:\/\/cfbenaim.com\/en\/wp-json\/wp\/v2\/pages\/17282\/revisions"}],"predecessor-version":[{"id":20250,"href":"https:\/\/cfbenaim.com\/en\/wp-json\/wp\/v2\/pages\/17282\/revisions\/20250"}],"up":[{"embeddable":true,"href":"https:\/\/cfbenaim.com\/en\/wp-json\/wp\/v2\/pages\/17258"}],"wp:featuredmedia":[{"embeddable":true,"href":"https:\/\/cfbenaim.com\/en\/wp-json\/wp\/v2\/media\/16945"}],"wp:attachment":[{"href":"https:\/\/cfbenaim.com\/en\/wp-json\/wp\/v2\/media?parent=17282"}],"curies":[{"name":"wp","href":"https:\/\/api.w.org\/{rel}","templated":true}]}}